{"id":623,"date":"2017-10-24T11:30:47","date_gmt":"2017-10-24T09:30:47","guid":{"rendered":"http:\/\/www.pappu.fr\/pappuwp\/?page_id=623"},"modified":"2020-01-23T11:00:42","modified_gmt":"2020-01-23T10:00:42","slug":"actualites","status":"publish","type":"page","link":"https:\/\/www.pappu.fr\/pappuwp\/actualites\/","title":{"rendered":"ACTUALITES"},"content":{"rendered":"<p>[et_pb_section fb_built=\u00a0\u00bb1&Prime; custom_padding_last_edited=\u00a0\u00bbon|desktop\u00a0\u00bb admin_label=\u00a0\u00bbsection\u00a0\u00bb _builder_version=\u00a0\u00bb3.22.3&Prime; background_color=\u00a0\u00bbrgba(255,255,255,0.49)\u00a0\u00bb background_image=\u00a0\u00bbhttp:\/\/www.pappu.fr\/pappuwp\/wp-content\/uploads\/2017\/10\/bg_actualites.jpg\u00a0\u00bb custom_padding=\u00a0\u00bb180px||180px|\u00a0\u00bb custom_padding_tablet=\u00a0\u00bb50px|0|50px|0&Prime; transparent_background=\u00a0\u00bboff\u00a0\u00bb padding_mobile=\u00a0\u00bboff\u00a0\u00bb make_fullwidth=\u00a0\u00bboff\u00a0\u00bb use_custom_width=\u00a0\u00bboff\u00a0\u00bb width_unit=\u00a0\u00bbon\u00a0\u00bb][et_pb_row custom_padding=\u00a0\u00bb0px|0px|0px|0px\u00a0\u00bb padding_mobile=\u00a0\u00bboff\u00a0\u00bb column_padding_mobile=\u00a0\u00bbon\u00a0\u00bb parallax_method_1=\u00a0\u00bboff\u00a0\u00bb admin_label=\u00a0\u00bbrow\u00a0\u00bb _builder_version=\u00a0\u00bb3.22.3&Prime; background_size=\u00a0\u00bbinitial\u00a0\u00bb background_position=\u00a0\u00bbtop_left\u00a0\u00bb background_repeat=\u00a0\u00bbrepeat\u00a0\u00bb make_fullwidth=\u00a0\u00bboff\u00a0\u00bb use_custom_width=\u00a0\u00bboff\u00a0\u00bb width_unit=\u00a0\u00bbon\u00a0\u00bb custom_width_px=\u00a0\u00bb1080px\u00a0\u00bb custom_width_percent=\u00a0\u00bb80%\u00a0\u00bb][et_pb_column type=\u00a0\u00bb4_4&Prime; _builder_version=\u00a0\u00bb3.0.47&Prime;][\/et_pb_column][\/et_pb_row][\/et_pb_section][et_pb_section fb_built=\u00a0\u00bb1&Prime; custom_padding_last_edited=\u00a0\u00bbon|desktop\u00a0\u00bb admin_label=\u00a0\u00bbsection\u00a0\u00bb _builder_version=\u00a0\u00bb3.22.3&Prime; background_color=\u00a0\u00bb#40826d\u00a0\u00bb custom_padding=\u00a0\u00bb20px||20px|\u00a0\u00bb custom_padding_tablet=\u00a0\u00bb50px|0|50px|0&Prime; transparent_background=\u00a0\u00bboff\u00a0\u00bb padding_mobile=\u00a0\u00bboff\u00a0\u00bb make_fullwidth=\u00a0\u00bboff\u00a0\u00bb use_custom_width=\u00a0\u00bboff\u00a0\u00bb width_unit=\u00a0\u00bbon\u00a0\u00bb custom_width_px=\u00a0\u00bb1080px\u00a0\u00bb custom_width_percent=\u00a0\u00bb80%\u00a0\u00bb][et_pb_row custom_padding=\u00a0\u00bb0px|0px|0px|0px\u00a0\u00bb padding_mobile=\u00a0\u00bboff\u00a0\u00bb column_padding_mobile=\u00a0\u00bbon\u00a0\u00bb parallax_method_1=\u00a0\u00bboff\u00a0\u00bb admin_label=\u00a0\u00bbrow\u00a0\u00bb _builder_version=\u00a0\u00bb3.22.3&Prime; background_size=\u00a0\u00bbinitial\u00a0\u00bb background_position=\u00a0\u00bbtop_left\u00a0\u00bb background_repeat=\u00a0\u00bbrepeat\u00a0\u00bb make_fullwidth=\u00a0\u00bboff\u00a0\u00bb use_custom_width=\u00a0\u00bboff\u00a0\u00bb width_unit=\u00a0\u00bbon\u00a0\u00bb custom_width_px=\u00a0\u00bb1080px\u00a0\u00bb custom_width_percent=\u00a0\u00bb80%\u00a0\u00bb][et_pb_column type=\u00a0\u00bb4_4&Prime; _builder_version=\u00a0\u00bb3.0.47&Prime;][et_pb_text _builder_version=\u00a0\u00bb3.0.87&Prime; text_font=\u00a0\u00bbIndie Flower||||\u00a0\u00bb text_font_size=\u00a0\u00bb32&Prime; background_size=\u00a0\u00bbinitial\u00a0\u00bb background_position=\u00a0\u00bbtop_left\u00a0\u00bb background_repeat=\u00a0\u00bbrepeat\u00a0\u00bb text_orientation=\u00a0\u00bbcenter\u00a0\u00bb background_layout=\u00a0\u00bbdark\u00a0\u00bb module_alignment=\u00a0\u00bbcenter\u00a0\u00bb use_border_color=\u00a0\u00bboff\u00a0\u00bb border_color=\u00a0\u00bb#ffffff\u00a0\u00bb border_style=\u00a0\u00bbsolid\u00a0\u00bb]<\/p>\n<p>\nActualit\u00e9s<\/p>\n<p>[\/et_pb_text][\/et_pb_column][\/et_pb_row][\/et_pb_section][et_pb_section fb_built=\u00a0\u00bb1&Prime; custom_padding_last_edited=\u00a0\u00bbon|desktop\u00a0\u00bb admin_label=\u00a0\u00bbsection\u00a0\u00bb _builder_version=\u00a0\u00bb3.22.3&Prime; custom_padding=\u00a0\u00bb0px|0px|0px|0px\u00a0\u00bb custom_padding_tablet=\u00a0\u00bb50px|0|50px|0&Prime; transparent_background=\u00a0\u00bboff\u00a0\u00bb padding_mobile=\u00a0\u00bboff\u00a0\u00bb make_fullwidth=\u00a0\u00bboff\u00a0\u00bb use_custom_width=\u00a0\u00bboff\u00a0\u00bb width_unit=\u00a0\u00bboff\u00a0\u00bb custom_width_px=\u00a0\u00bb1080px\u00a0\u00bb custom_width_percent=\u00a0\u00bb80%\u00a0\u00bb][et_pb_row custom_padding=\u00a0\u00bb25px|0px|18px|0px\u00a0\u00bb padding_mobile=\u00a0\u00bboff\u00a0\u00bb column_padding_mobile=\u00a0\u00bbon\u00a0\u00bb _builder_version=\u00a0\u00bb3.22.3&Prime; background_size=\u00a0\u00bbinitial\u00a0\u00bb background_position=\u00a0\u00bbtop_left\u00a0\u00bb background_repeat=\u00a0\u00bbrepeat\u00a0\u00bb make_fullwidth=\u00a0\u00bboff\u00a0\u00bb use_custom_width=\u00a0\u00bboff\u00a0\u00bb width_unit=\u00a0\u00bboff\u00a0\u00bb custom_width_px=\u00a0\u00bb1080px\u00a0\u00bb custom_width_percent=\u00a0\u00bb80%\u00a0\u00bb][et_pb_column type=\u00a0\u00bb1_4&Prime; _builder_version=\u00a0\u00bb3.0.47&Prime;][et_pb_image src=\u00a0\u00bbhttp:\/\/www.pappu.fr\/pappuwp\/wp-content\/uploads\/2019\/07\/Logo_Web.jpg\u00a0\u00bb url=\u00a0\u00bbhttp:\/\/www.lacimade.org\/\u00a0\u00bb url_new_window=\u00a0\u00bbon\u00a0\u00bb align=\u00a0\u00bbcenter\u00a0\u00bb align_tablet=\u00a0\u00bbcenter\u00a0\u00bb align_last_edited=\u00a0\u00bbon|desktop\u00a0\u00bb _builder_version=\u00a0\u00bb3.24.1&Prime; width=\u00a0\u00bb32%\u00a0\u00bb max_width=\u00a0\u00bb200px\u00a0\u00bb use_border_color=\u00a0\u00bboff\u00a0\u00bb border_color=\u00a0\u00bb#ffffff\u00a0\u00bb border_style=\u00a0\u00bbsolid\u00a0\u00bb animation=\u00a0\u00bboff\u00a0\u00bb sticky=\u00a0\u00bboff\u00a0\u00bb always_center_on_mobile=\u00a0\u00bbon\u00a0\u00bb]<\/p>\n<p>\n&nbsp;<\/p>\n<p>[\/et_pb_image][\/et_pb_column][et_pb_column type=\u00a0\u00bb3_4&Prime; _builder_version=\u00a0\u00bb3.0.47&Prime;][et_pb_toggle title=\u00a0\u00bbLa version full web bient\u00f4t disponible\u00a0\u00bb open_toggle_background_color=\u00a0\u00bbrgba(64,130,109,0.19)\u00a0\u00bb closed_toggle_background_color=\u00a0\u00bbrgba(64,130,109,0.19)\u00a0\u00bb _builder_version=\u00a0\u00bb3.24.1&Prime; title_font=\u00a0\u00bb|on|||\u00a0\u00bb title_font_size=\u00a0\u00bb14&Prime; background_size=\u00a0\u00bbinitial\u00a0\u00bb background_position=\u00a0\u00bbtop_left\u00a0\u00bb background_repeat=\u00a0\u00bbrepeat\u00a0\u00bb use_border_color=\u00a0\u00bboff\u00a0\u00bb border_color=\u00a0\u00bb#ffffff\u00a0\u00bb border_style=\u00a0\u00bbsolid\u00a0\u00bb]<\/p>\n<p>Pour rappel, le gros chantier de cette seconde partie d&rsquo;ann\u00e9e est d&rsquo;adapter le logiciel PAPPU a une utilisation via un navigateur web et ce dans le but d&rsquo;am\u00e9liorer l&rsquo;utilisation, l&rsquo;ergonomie et la prise en main du logiciel. Cela permettra aussi de s\u2019affranchir de la phase d\u2019installation &lsquo;en dure&rsquo; sur l&rsquo;ordinateur permettant ainsi d&rsquo;\u00e9viter tous les probl\u00e8mes inh\u00e9rents \u00e0 l\u2019utilisation d&rsquo;un &lsquo;vieil&rsquo; ordinateur par exemple.<\/p>\n<p>Le travail de ces derniers mois a \u00e9t\u00e9 surtout centr\u00e9 sur des allers retours avec les d\u00e9veloppeurs informatiques pour migrer la solution java sur une application web.<\/p>\n<p>Cette nouvelle version devrait \u00eatre disponible d\u00e9but f\u00e9vrier 2020.<\/p>\n<p>Pour patienter, voici quelques images <a href=\"http:\/\/www.pappu.fr\/pappuwp\/pappu_web_preprod1\/\">ici<\/a> ou encore <a href=\"http:\/\/www.pappu.fr\/pappuwp\/pappu_web_preprod2\/\">ici<\/a>.<\/p>\n<p>[\/et_pb_toggle][\/et_pb_column][\/et_pb_row][et_pb_row custom_padding=\u00a0\u00bb25px|0px|18px|0px\u00a0\u00bb padding_mobile=\u00a0\u00bboff\u00a0\u00bb column_padding_mobile=\u00a0\u00bbon\u00a0\u00bb _builder_version=\u00a0\u00bb3.22.3&Prime; background_size=\u00a0\u00bbinitial\u00a0\u00bb background_position=\u00a0\u00bbtop_left\u00a0\u00bb background_repeat=\u00a0\u00bbrepeat\u00a0\u00bb make_fullwidth=\u00a0\u00bboff\u00a0\u00bb use_custom_width=\u00a0\u00bboff\u00a0\u00bb width_unit=\u00a0\u00bboff\u00a0\u00bb custom_width_px=\u00a0\u00bb1080px\u00a0\u00bb custom_width_percent=\u00a0\u00bb80%\u00a0\u00bb][et_pb_column type=\u00a0\u00bb1_4&Prime; _builder_version=\u00a0\u00bb3.0.47&Prime;][et_pb_image src=\u00a0\u00bbhttp:\/\/www.pappu.fr\/pappuwp\/wp-content\/uploads\/2017\/10\/REGIONS_OCCITANIE.png\u00a0\u00bb url=\u00a0\u00bbhttp:\/\/www.lacimade.org\/\u00a0\u00bb url_new_window=\u00a0\u00bbon\u00a0\u00bb align=\u00a0\u00bbcenter\u00a0\u00bb align_tablet=\u00a0\u00bbcenter\u00a0\u00bb align_last_edited=\u00a0\u00bbon|desktop\u00a0\u00bb _builder_version=\u00a0\u00bb3.24.1&Prime; max_width=\u00a0\u00bb112px\u00a0\u00bb use_border_color=\u00a0\u00bboff\u00a0\u00bb border_color=\u00a0\u00bb#ffffff\u00a0\u00bb border_style=\u00a0\u00bbsolid\u00a0\u00bb animation=\u00a0\u00bboff\u00a0\u00bb sticky=\u00a0\u00bboff\u00a0\u00bb always_center_on_mobile=\u00a0\u00bbon\u00a0\u00bb]<\/p>\n<p>\n&nbsp;<\/p>\n<p>[\/et_pb_image][\/et_pb_column][et_pb_column type=\u00a0\u00bb3_4&Prime; _builder_version=\u00a0\u00bb3.0.47&Prime;][et_pb_toggle title=\u00a0\u00bbFormation \u00e0 Carcassone pour les PAO &#8211; 5 et 6 novembre\u00a0\u00bb open_toggle_background_color=\u00a0\u00bbrgba(64,130,109,0.19)\u00a0\u00bb closed_toggle_background_color=\u00a0\u00bbrgba(64,130,109,0.19)\u00a0\u00bb _builder_version=\u00a0\u00bb3.17.6&Prime; title_font=\u00a0\u00bb|on|||\u00a0\u00bb title_font_size=\u00a0\u00bb14&Prime; background_size=\u00a0\u00bbinitial\u00a0\u00bb background_position=\u00a0\u00bbtop_left\u00a0\u00bb background_repeat=\u00a0\u00bbrepeat\u00a0\u00bb use_border_color=\u00a0\u00bboff\u00a0\u00bb border_color=\u00a0\u00bb#ffffff\u00a0\u00bb border_style=\u00a0\u00bbsolid\u00a0\u00bb]<\/p>\n<p>Suite au &lsquo;r\u00e9agencement&rsquo; du r\u00e9seau des Points d&rsquo;Accueil et d&rsquo;Orientation en R\u00e9gion Occitanie, une nouvelle formation a \u00e9t\u00e9 organis\u00e9e en pr\u00e9sence de la DRDJSCS pour une vingtaine d&rsquo;utilisateur.trices appartenant.es aux structures du COFRIMI,de l&rsquo;INSTEP, d&rsquo;INFORIM, du CREPT, de Portes Ouvertes 65 et de REGAR.<\/p>\n<p>Ce temps a aussi permis de structurer le travail en r\u00e9seau autour du logiciel PAPPU.<\/p>\n<p>Au final, ce sont pas moins de 15 nouvelles permanences qui ont vu le jour en Occitanie : <a href=\"http:\/\/espace.asso.fr\/permanences-daccueil\/\">http:\/\/espace.asso.fr\/permanences-daccueil\/<\/a><\/p>\n<p>[\/et_pb_toggle][\/et_pb_column][\/et_pb_row][et_pb_row custom_padding=\u00a0\u00bb25px|0px|18px|0px\u00a0\u00bb padding_mobile=\u00a0\u00bboff\u00a0\u00bb column_padding_mobile=\u00a0\u00bbon\u00a0\u00bb _builder_version=\u00a0\u00bb3.22.3&Prime; background_size=\u00a0\u00bbinitial\u00a0\u00bb background_position=\u00a0\u00bbtop_left\u00a0\u00bb background_repeat=\u00a0\u00bbrepeat\u00a0\u00bb make_fullwidth=\u00a0\u00bboff\u00a0\u00bb use_custom_width=\u00a0\u00bboff\u00a0\u00bb width_unit=\u00a0\u00bboff\u00a0\u00bb custom_width_px=\u00a0\u00bb1080px\u00a0\u00bb custom_width_percent=\u00a0\u00bb80%\u00a0\u00bb][et_pb_column type=\u00a0\u00bb1_4&Prime; _builder_version=\u00a0\u00bb3.0.47&Prime;][et_pb_image src=\u00a0\u00bbhttp:\/\/www.pappu.fr\/pappuwp\/wp-content\/uploads\/2020\/01\/Logo_CCO.jpg\u00a0\u00bb url=\u00a0\u00bbhttp:\/\/www.lacimade.org\/\u00a0\u00bb url_new_window=\u00a0\u00bbon\u00a0\u00bb align=\u00a0\u00bbcenter\u00a0\u00bb align_tablet=\u00a0\u00bbcenter\u00a0\u00bb align_last_edited=\u00a0\u00bbon|desktop\u00a0\u00bb _builder_version=\u00a0\u00bb3.24.1&Prime; max_width=\u00a0\u00bb112px\u00a0\u00bb use_border_color=\u00a0\u00bboff\u00a0\u00bb border_color=\u00a0\u00bb#ffffff\u00a0\u00bb border_style=\u00a0\u00bbsolid\u00a0\u00bb animation=\u00a0\u00bboff\u00a0\u00bb sticky=\u00a0\u00bboff\u00a0\u00bb always_center_on_mobile=\u00a0\u00bbon\u00a0\u00bb]<\/p>\n<p>\n&nbsp;<\/p>\n<p>[\/et_pb_image][\/et_pb_column][et_pb_column type=\u00a0\u00bb3_4&Prime; _builder_version=\u00a0\u00bb3.0.47&Prime;][et_pb_toggle title=\u00a0\u00bbFormation statistique au CCO \u2013 22 ao\u00fbt\u00a0\u00bb open_toggle_background_color=\u00a0\u00bbrgba(64,130,109,0.19)\u00a0\u00bb closed_toggle_background_color=\u00a0\u00bbrgba(64,130,109,0.19)\u00a0\u00bb _builder_version=\u00a0\u00bb3.17.6&Prime; title_font=\u00a0\u00bb|on|||\u00a0\u00bb title_font_size=\u00a0\u00bb14&Prime; background_size=\u00a0\u00bbinitial\u00a0\u00bb background_position=\u00a0\u00bbtop_left\u00a0\u00bb background_repeat=\u00a0\u00bbrepeat\u00a0\u00bb use_border_color=\u00a0\u00bboff\u00a0\u00bb border_color=\u00a0\u00bb#ffffff\u00a0\u00bb border_style=\u00a0\u00bbsolid\u00a0\u00bb]<\/p>\n<p>Une formation a \u00e9t\u00e9 r\u00e9alis\u00e9e sur la gestion de la partie administrateur de la structure et sur la g\u00e9n\u00e9ration des statistiques pour l&rsquo;\u00e9quipe du <a href=\"http:\/\/www.ccocl13.fr\/\">Centre de Culture Ouvri\u00e8re<\/a> qui font partis du r\u00e9seau des points d&rsquo;appui et d&rsquo;acc\u00e8s aux droits des \u00e9trangers \u00e0 Marseille<\/p>\n<p>[\/et_pb_toggle][\/et_pb_column][\/et_pb_row][et_pb_row custom_padding=\u00a0\u00bb25px|0px|18px|0px\u00a0\u00bb padding_mobile=\u00a0\u00bboff\u00a0\u00bb column_padding_mobile=\u00a0\u00bbon\u00a0\u00bb _builder_version=\u00a0\u00bb3.22.3&Prime; background_size=\u00a0\u00bbinitial\u00a0\u00bb background_position=\u00a0\u00bbtop_left\u00a0\u00bb background_repeat=\u00a0\u00bbrepeat\u00a0\u00bb make_fullwidth=\u00a0\u00bboff\u00a0\u00bb use_custom_width=\u00a0\u00bboff\u00a0\u00bb width_unit=\u00a0\u00bboff\u00a0\u00bb custom_width_px=\u00a0\u00bb1080px\u00a0\u00bb custom_width_percent=\u00a0\u00bb80%\u00a0\u00bb][et_pb_column type=\u00a0\u00bb1_4&Prime; _builder_version=\u00a0\u00bb3.0.47&Prime;][et_pb_image src=\u00a0\u00bbhttp:\/\/www.pappu.fr\/pappuwp\/wp-content\/uploads\/2017\/10\/logo_cimade.jpg\u00a0\u00bb url=\u00a0\u00bbhttp:\/\/www.lacimade.org\/\u00a0\u00bb url_new_window=\u00a0\u00bbon\u00a0\u00bb align=\u00a0\u00bbcenter\u00a0\u00bb align_tablet=\u00a0\u00bbcenter\u00a0\u00bb align_last_edited=\u00a0\u00bbon|desktop\u00a0\u00bb _builder_version=\u00a0\u00bb3.23&Prime; max_width=\u00a0\u00bb200px\u00a0\u00bb use_border_color=\u00a0\u00bboff\u00a0\u00bb border_color=\u00a0\u00bb#ffffff\u00a0\u00bb border_style=\u00a0\u00bbsolid\u00a0\u00bb animation=\u00a0\u00bboff\u00a0\u00bb sticky=\u00a0\u00bboff\u00a0\u00bb always_center_on_mobile=\u00a0\u00bbon\u00a0\u00bb]<\/p>\n<p>\n&nbsp;<\/p>\n<p>[\/et_pb_image][\/et_pb_column][et_pb_column type=\u00a0\u00bb3_4&Prime; _builder_version=\u00a0\u00bb3.0.47&Prime;][et_pb_toggle title=\u00a0\u00bbFormation \u00e0 la Cimade \u00e0 Paris \u2013 4 juillet\u00a0\u00bb open_toggle_background_color=\u00a0\u00bbrgba(64,130,109,0.19)\u00a0\u00bb closed_toggle_background_color=\u00a0\u00bbrgba(64,130,109,0.19)\u00a0\u00bb _builder_version=\u00a0\u00bb3.17.6&Prime; title_font=\u00a0\u00bb|on|||\u00a0\u00bb title_font_size=\u00a0\u00bb14&Prime; background_size=\u00a0\u00bbinitial\u00a0\u00bb background_position=\u00a0\u00bbtop_left\u00a0\u00bb background_repeat=\u00a0\u00bbrepeat\u00a0\u00bb use_border_color=\u00a0\u00bboff\u00a0\u00bb border_color=\u00a0\u00bb#ffffff\u00a0\u00bb border_style=\u00a0\u00bbsolid\u00a0\u00bb]<\/p>\n<p>Deuxi\u00e8me rencontre \u00e0 la Cimade \u00e0 Paris avec certain\u00b7e\u00b7s responsables de groupe locaux r\u00e9gionaux pour une d\u00e9monstration du logiciel PAPPU avant le d\u00e9ploiement dans plusieurs R\u00e9gions cibles.<\/p>\n<p>[\/et_pb_toggle][\/et_pb_column][\/et_pb_row][et_pb_row custom_padding=\u00a0\u00bb25px|0px|18px|0px\u00a0\u00bb padding_mobile=\u00a0\u00bboff\u00a0\u00bb column_padding_mobile=\u00a0\u00bbon\u00a0\u00bb _builder_version=\u00a0\u00bb3.22.3&Prime; background_size=\u00a0\u00bbinitial\u00a0\u00bb background_position=\u00a0\u00bbtop_left\u00a0\u00bb background_repeat=\u00a0\u00bbrepeat\u00a0\u00bb make_fullwidth=\u00a0\u00bboff\u00a0\u00bb use_custom_width=\u00a0\u00bboff\u00a0\u00bb width_unit=\u00a0\u00bboff\u00a0\u00bb custom_width_px=\u00a0\u00bb1080px\u00a0\u00bb custom_width_percent=\u00a0\u00bb80%\u00a0\u00bb][et_pb_column type=\u00a0\u00bb1_4&Prime; _builder_version=\u00a0\u00bb3.0.47&Prime;][et_pb_image src=\u00a0\u00bbhttp:\/\/www.pappu.fr\/pappuwp\/wp-content\/uploads\/2018\/04\/PAPPU_Langue.jpg\u00a0\u00bb url_new_window=\u00a0\u00bbon\u00a0\u00bb align=\u00a0\u00bbcenter\u00a0\u00bb align_tablet=\u00a0\u00bbcenter\u00a0\u00bb align_last_edited=\u00a0\u00bbon|desktop\u00a0\u00bb _builder_version=\u00a0\u00bb3.23&Prime; max_width=\u00a0\u00bb80px\u00a0\u00bb use_border_color=\u00a0\u00bboff\u00a0\u00bb]<\/p>\n<p>\n&nbsp;<\/p>\n<p>[\/et_pb_image][\/et_pb_column][et_pb_column type=\u00a0\u00bb3_4&Prime; _builder_version=\u00a0\u00bb3.0.47&Prime;][et_pb_toggle title=\u00a0\u00bbNouveau tutoriel sur le module d&rsquo;acc\u00e8s \u00e0 la langue &#8211; 19 juin\u00a0\u00bb open_toggle_background_color=\u00a0\u00bbrgba(64,130,109,0.19)\u00a0\u00bb closed_toggle_background_color=\u00a0\u00bbrgba(64,130,109,0.19)\u00a0\u00bb _builder_version=\u00a0\u00bb3.17.6&Prime; title_font=\u00a0\u00bb|on|||\u00a0\u00bb title_font_size=\u00a0\u00bb14&Prime; background_size=\u00a0\u00bbinitial\u00a0\u00bb background_position=\u00a0\u00bbtop_left\u00a0\u00bb background_repeat=\u00a0\u00bbrepeat\u00a0\u00bb use_border_color=\u00a0\u00bboff\u00a0\u00bb border_color=\u00a0\u00bb#ffffff\u00a0\u00bb border_style=\u00a0\u00bbsolid\u00a0\u00bb]<\/p>\n<p>Pour une meilleure prise en main du logiciel et notamment du nouveau module d&rsquo;acc\u00e8s \u00e0 la langue, un tutoriel d&rsquo;utilisation est maintenant disponible sur ce site \u00e0 cette adresse :<\/p>\n<p><a href=\"http:\/\/www.pappu.fr\/pappuwp\/module-langue\/\">http:\/\/www.pappu.fr\/pappuwp\/module-langue\/<\/a><\/p>\n<p>[\/et_pb_toggle][\/et_pb_column][\/et_pb_row][et_pb_row custom_padding=\u00a0\u00bb25px|0px|18px|0px\u00a0\u00bb padding_mobile=\u00a0\u00bboff\u00a0\u00bb column_padding_mobile=\u00a0\u00bbon\u00a0\u00bb _builder_version=\u00a0\u00bb3.22.3&Prime; background_size=\u00a0\u00bbinitial\u00a0\u00bb background_position=\u00a0\u00bbtop_left\u00a0\u00bb background_repeat=\u00a0\u00bbrepeat\u00a0\u00bb make_fullwidth=\u00a0\u00bboff\u00a0\u00bb use_custom_width=\u00a0\u00bboff\u00a0\u00bb width_unit=\u00a0\u00bboff\u00a0\u00bb custom_width_px=\u00a0\u00bb1080px\u00a0\u00bb custom_width_percent=\u00a0\u00bb80%\u00a0\u00bb][et_pb_column type=\u00a0\u00bb1_4&Prime; _builder_version=\u00a0\u00bb3.0.47&Prime;][et_pb_image src=\u00a0\u00bbhttp:\/\/www.pappu.fr\/pappuwp\/wp-content\/uploads\/2019\/07\/Logo_Web.jpg\u00a0\u00bb url=\u00a0\u00bbhttp:\/\/www.lacimade.org\/\u00a0\u00bb url_new_window=\u00a0\u00bbon\u00a0\u00bb align=\u00a0\u00bbcenter\u00a0\u00bb align_tablet=\u00a0\u00bbcenter\u00a0\u00bb align_last_edited=\u00a0\u00bbon|desktop\u00a0\u00bb _builder_version=\u00a0\u00bb3.24.1&Prime; width=\u00a0\u00bb32%\u00a0\u00bb max_width=\u00a0\u00bb200px\u00a0\u00bb use_border_color=\u00a0\u00bboff\u00a0\u00bb border_color=\u00a0\u00bb#ffffff\u00a0\u00bb border_style=\u00a0\u00bbsolid\u00a0\u00bb animation=\u00a0\u00bboff\u00a0\u00bb sticky=\u00a0\u00bboff\u00a0\u00bb always_center_on_mobile=\u00a0\u00bbon\u00a0\u00bb]<\/p>\n<p>\n&nbsp;<\/p>\n<p>[\/et_pb_image][\/et_pb_column][et_pb_column type=\u00a0\u00bb3_4&Prime; _builder_version=\u00a0\u00bb3.0.47&Prime;][et_pb_toggle title=\u00a0\u00bbUne nouvelle version full web en d\u00e9veloppement &#8211; 4 juin\u00a0\u00bb open_toggle_background_color=\u00a0\u00bbrgba(64,130,109,0.19)\u00a0\u00bb closed_toggle_background_color=\u00a0\u00bbrgba(64,130,109,0.19)\u00a0\u00bb _builder_version=\u00a0\u00bb3.24.1&Prime; title_font=\u00a0\u00bb|on|||\u00a0\u00bb title_font_size=\u00a0\u00bb14&Prime; background_size=\u00a0\u00bbinitial\u00a0\u00bb background_position=\u00a0\u00bbtop_left\u00a0\u00bb background_repeat=\u00a0\u00bbrepeat\u00a0\u00bb use_border_color=\u00a0\u00bboff\u00a0\u00bb border_color=\u00a0\u00bb#ffffff\u00a0\u00bb border_style=\u00a0\u00bbsolid\u00a0\u00bb]<\/p>\n<p>La DAAEN a valid\u00e9 notre demande de financement pour le d\u00e9veloppement d&rsquo;une version PAPPU utilisable via navigateur type Op\u00e9ra, Chrome ou Firefox.<\/p>\n<p>Les r\u00e9centes avanc\u00e9es informatiques permettent aujourd&rsquo;hui d&rsquo;utiliser une application web m\u00eame en mode offline avec le m\u00eame concept de synchronisation lors d&rsquo;une connexion internet. Le fait d&rsquo;avoir d\u00e9velopp\u00e9 le logiciel PAPPU sous des formes proches va permettre de migrer d&rsquo;une solution \u00e0 l&rsquo;autre plus facilement.<\/p>\n<p>En terme d&rsquo;utilisation, il est pr\u00e9vu un accompagnement de tous les acteurs d&rsquo;une solution vers l&rsquo;autre. Pour une transition douce, les deux solutions seront propos\u00e9es en parall\u00e8le pendant au moins une ann\u00e9e. Les utilisateurs pourront alors switcher de l&rsquo;application Java \u00e0 l&rsquo;application web le temps de se faire la main et de comprendre les nouveaux m\u00e9canismes d&rsquo;utilisation.<\/p>\n<p>Sortie de la nouvelle version de PAPPU pr\u00e9vue pour la rentr\u00e9e.<\/p>\n<p>[\/et_pb_toggle][\/et_pb_column][\/et_pb_row][et_pb_row custom_padding=\u00a0\u00bb25px|0px|18px|0px\u00a0\u00bb padding_mobile=\u00a0\u00bboff\u00a0\u00bb column_padding_mobile=\u00a0\u00bbon\u00a0\u00bb _builder_version=\u00a0\u00bb3.22.3&Prime; background_size=\u00a0\u00bbinitial\u00a0\u00bb background_position=\u00a0\u00bbtop_left\u00a0\u00bb background_repeat=\u00a0\u00bbrepeat\u00a0\u00bb make_fullwidth=\u00a0\u00bboff\u00a0\u00bb use_custom_width=\u00a0\u00bboff\u00a0\u00bb width_unit=\u00a0\u00bboff\u00a0\u00bb custom_width_px=\u00a0\u00bb1080px\u00a0\u00bb custom_width_percent=\u00a0\u00bb80%\u00a0\u00bb][et_pb_column type=\u00a0\u00bb1_4&Prime; _builder_version=\u00a0\u00bb3.0.47&Prime;][et_pb_image src=\u00a0\u00bbhttp:\/\/www.pappu.fr\/pappuwp\/wp-content\/uploads\/2019\/07\/Logo_RGPD.png\u00a0\u00bb url=\u00a0\u00bbhttp:\/\/www.lacimade.org\/\u00a0\u00bb url_new_window=\u00a0\u00bbon\u00a0\u00bb align=\u00a0\u00bbcenter\u00a0\u00bb align_tablet=\u00a0\u00bbcenter\u00a0\u00bb align_last_edited=\u00a0\u00bbon|desktop\u00a0\u00bb _builder_version=\u00a0\u00bb3.24.1&Prime; width=\u00a0\u00bb35%\u00a0\u00bb max_width=\u00a0\u00bb200px\u00a0\u00bb use_border_color=\u00a0\u00bboff\u00a0\u00bb border_color=\u00a0\u00bb#ffffff\u00a0\u00bb border_style=\u00a0\u00bbsolid\u00a0\u00bb animation=\u00a0\u00bboff\u00a0\u00bb sticky=\u00a0\u00bboff\u00a0\u00bb always_center_on_mobile=\u00a0\u00bbon\u00a0\u00bb]<\/p>\n<p>\n&nbsp;<\/p>\n<p>[\/et_pb_image][\/et_pb_column][et_pb_column type=\u00a0\u00bb3_4&Prime; _builder_version=\u00a0\u00bb3.0.47&Prime;][et_pb_toggle title=\u00a0\u00bbAdapter le logiciel au RGPD &#8211; 7 mai\u00a0\u00bb open_toggle_background_color=\u00a0\u00bbrgba(64,130,109,0.19)\u00a0\u00bb closed_toggle_background_color=\u00a0\u00bbrgba(64,130,109,0.19)\u00a0\u00bb _builder_version=\u00a0\u00bb3.24.1&Prime; title_font=\u00a0\u00bb|on|||\u00a0\u00bb title_font_size=\u00a0\u00bb14&Prime; background_size=\u00a0\u00bbinitial\u00a0\u00bb background_position=\u00a0\u00bbtop_left\u00a0\u00bb background_repeat=\u00a0\u00bbrepeat\u00a0\u00bb use_border_color=\u00a0\u00bboff\u00a0\u00bb border_color=\u00a0\u00bb#ffffff\u00a0\u00bb border_style=\u00a0\u00bbsolid\u00a0\u00bb]<\/p>\n<p>Le RGPD ou R\u00e8glement G\u00e9n\u00e9ral sur la Protection des Donn\u00e9es est le nouveau cadre juridique de l\u2019Union Europ\u00e9enne qui gouverne la collecte et le traitement des donn\u00e9es \u00e0 caract\u00e8re personnel des utilisateurs.<\/p>\n<p>Un simple nom repr\u00e9sentant une donn\u00e9e personnelle, toutes les structures accueillant du public doivent entamer des d\u00e9marches pour se mettre en conformit\u00e9 avec le RGPD. La conformit\u00e9 n\u2019est pas li\u00e9e \u00e0 l\u2019utilisation du logiciel PAPPU mais au fait de saisir des donn\u00e9es personnelles des personnes (qui peuvent \u00eatre saisies sous d\u2019autres formes et\/ou pas d\u2019autres logiciels type Excel, Access, sur une fiche papier etc\u2026).<\/p>\n<p>Un autre point important : c\u2019est \u00e0 chaque structure utilisant PAPPU de se mettre en conformit\u00e9 avec le RGPD et non \u00e0 ESPACE qui ne met \u00e0 disposition que l\u2019outil de saisie des donn\u00e9es.<\/p>\n<p>N\u00e9anmoins, l\u2019association ESPACE doit veiller \u00e0 ce que certains param\u00e8tres soient respect\u00e9s pour que la gestion des donn\u00e9es saisies sous PAPPU respecte les normes europ\u00e9ennes.<\/p>\n<p>La mise en conformit\u00e9 de PAPPU avec le RGPD va certainement n\u00e9cessiter le d\u00e9veloppement d\u2019une fonction offrant la possibilit\u00e9 de supprimer ou d\u2019anonymiser les dossiers des personnes n\u2019\u00e9tant plus revenues (et donc sans suivi) dans la structure depuis plusieurs ann\u00e9e.<\/p>\n<p>Sortie du module RGPD pr\u00e9vu pour la fin d&rsquo;ann\u00e9e 2019.<\/p>\n<p>[\/et_pb_toggle][\/et_pb_column][\/et_pb_row][et_pb_row custom_padding=\u00a0\u00bb25px|0px|18px|0px\u00a0\u00bb padding_mobile=\u00a0\u00bboff\u00a0\u00bb column_padding_mobile=\u00a0\u00bbon\u00a0\u00bb _builder_version=\u00a0\u00bb3.22.3&Prime; background_size=\u00a0\u00bbinitial\u00a0\u00bb background_position=\u00a0\u00bbtop_left\u00a0\u00bb background_repeat=\u00a0\u00bbrepeat\u00a0\u00bb make_fullwidth=\u00a0\u00bboff\u00a0\u00bb use_custom_width=\u00a0\u00bboff\u00a0\u00bb width_unit=\u00a0\u00bboff\u00a0\u00bb custom_width_px=\u00a0\u00bb1080px\u00a0\u00bb custom_width_percent=\u00a0\u00bb80%\u00a0\u00bb][et_pb_column type=\u00a0\u00bb1_4&Prime; _builder_version=\u00a0\u00bb3.0.47&Prime;][et_pb_image src=\u00a0\u00bbhttp:\/\/www.pappu.fr\/pappuwp\/wp-content\/uploads\/2019\/07\/Logo_CIAM.png\u00a0\u00bb url=\u00a0\u00bbhttps:\/\/www.ciam-reims.com\/\u00a0\u00bb url_new_window=\u00a0\u00bbon\u00a0\u00bb align=\u00a0\u00bbcenter\u00a0\u00bb align_tablet=\u00a0\u00bbcenter\u00a0\u00bb align_last_edited=\u00a0\u00bbon|desktop\u00a0\u00bb _builder_version=\u00a0\u00bb3.24.1&Prime; width=\u00a0\u00bb60%\u00a0\u00bb max_width=\u00a0\u00bb200px\u00a0\u00bb use_border_color=\u00a0\u00bboff\u00a0\u00bb border_color=\u00a0\u00bb#ffffff\u00a0\u00bb border_style=\u00a0\u00bbsolid\u00a0\u00bb animation=\u00a0\u00bboff\u00a0\u00bb sticky=\u00a0\u00bboff\u00a0\u00bb always_center_on_mobile=\u00a0\u00bbon\u00a0\u00bb]<\/p>\n<p>\n&nbsp;<\/p>\n<p>[\/et_pb_image][\/et_pb_column][et_pb_column type=\u00a0\u00bb3_4&Prime; _builder_version=\u00a0\u00bb3.0.47&Prime;][et_pb_toggle title=\u00a0\u00bbPAPPU au CIAM \u00e0 Reims &#8211; 04 avril\u00a0\u00bb open_toggle_background_color=\u00a0\u00bbrgba(64,130,109,0.19)\u00a0\u00bb closed_toggle_background_color=\u00a0\u00bbrgba(64,130,109,0.19)\u00a0\u00bb _builder_version=\u00a0\u00bb3.24.1&Prime; title_font=\u00a0\u00bb|on|||\u00a0\u00bb title_font_size=\u00a0\u00bb14&Prime; background_size=\u00a0\u00bbinitial\u00a0\u00bb background_position=\u00a0\u00bbtop_left\u00a0\u00bb background_repeat=\u00a0\u00bbrepeat\u00a0\u00bb use_border_color=\u00a0\u00bboff\u00a0\u00bb border_color=\u00a0\u00bb#ffffff\u00a0\u00bb border_style=\u00a0\u00bbsolid\u00a0\u00bb]<\/p>\n<p>D\u00e9ploiement du logiciel et formation du<a href=\"https:\/\/www.ciam-reims.com\/\" target=\"_blank\" rel=\"noopener noreferrer\"> CIAM<\/a> (Collectif Interculturel d&rsquo;Accompagnement de Migrants) bas\u00e9 \u00e0 Reims.<\/p>\n<p>Le CIAM propose plusieurs permanences d&rsquo;acc\u00e8s aux droits: <a href=\"https:\/\/www.ciam-reims.com\/objectifs-du-ciam\/\">https:\/\/www.ciam-reims.com\/objectifs-du-ciam\/<\/a><\/p>\n<p>[\/et_pb_toggle][\/et_pb_column][\/et_pb_row][et_pb_row custom_padding=\u00a0\u00bb25px|0px|18px|0px\u00a0\u00bb padding_mobile=\u00a0\u00bboff\u00a0\u00bb column_padding_mobile=\u00a0\u00bbon\u00a0\u00bb _builder_version=\u00a0\u00bb3.22.3&Prime; background_size=\u00a0\u00bbinitial\u00a0\u00bb background_position=\u00a0\u00bbtop_left\u00a0\u00bb background_repeat=\u00a0\u00bbrepeat\u00a0\u00bb make_fullwidth=\u00a0\u00bboff\u00a0\u00bb use_custom_width=\u00a0\u00bboff\u00a0\u00bb width_unit=\u00a0\u00bboff\u00a0\u00bb custom_width_px=\u00a0\u00bb1080px\u00a0\u00bb custom_width_percent=\u00a0\u00bb80%\u00a0\u00bb][et_pb_column type=\u00a0\u00bb1_4&Prime; _builder_version=\u00a0\u00bb3.0.47&Prime;][et_pb_image src=\u00a0\u00bbhttp:\/\/www.pappu.fr\/pappuwp\/wp-content\/uploads\/2019\/01\/PAPPU_PACA.png\u00a0\u00bb url_new_window=\u00a0\u00bbon\u00a0\u00bb align=\u00a0\u00bbcenter\u00a0\u00bb align_tablet=\u00a0\u00bbcenter\u00a0\u00bb align_last_edited=\u00a0\u00bbon|desktop\u00a0\u00bb _builder_version=\u00a0\u00bb3.23&Prime; max_width=\u00a0\u00bb120px\u00a0\u00bb use_border_color=\u00a0\u00bboff\u00a0\u00bb border_color=\u00a0\u00bb#ffffff\u00a0\u00bb border_style=\u00a0\u00bbsolid\u00a0\u00bb animation=\u00a0\u00bboff\u00a0\u00bb sticky=\u00a0\u00bboff\u00a0\u00bb]<\/p>\n<p>\n&nbsp;<\/p>\n<p>[\/et_pb_image][\/et_pb_column][et_pb_column type=\u00a0\u00bb3_4&Prime; _builder_version=\u00a0\u00bb3.0.47&Prime;][et_pb_toggle title=\u00a0\u00bbPr\u00e9sentation PAPPU Hy\u00e8res \u2013 13 D\u00e9cembre\u00a0\u00bb open_toggle_background_color=\u00a0\u00bbrgba(64,130,109,0.19)\u00a0\u00bb closed_toggle_background_color=\u00a0\u00bbrgba(64,130,109,0.19)\u00a0\u00bb _builder_version=\u00a0\u00bb3.17.6&Prime; title_font=\u00a0\u00bb|on|||\u00a0\u00bb title_font_size=\u00a0\u00bb14&Prime; background_size=\u00a0\u00bbinitial\u00a0\u00bb background_position=\u00a0\u00bbtop_left\u00a0\u00bb background_repeat=\u00a0\u00bbrepeat\u00a0\u00bb use_border_color=\u00a0\u00bboff\u00a0\u00bb border_color=\u00a0\u00bb#ffffff\u00a0\u00bb border_style=\u00a0\u00bbsolid\u00a0\u00bb]<\/p>\n<p>Dans le cadre de la coordination 06, une pr\u00e9sentation de PAPPU et du module d&rsquo;acc\u00e8s \u00e0 la langue a \u00e9t\u00e9 faite dans les locaux du CIDFF 83 aux diff\u00e9rents acteurs pr\u00e9sents : CIDFF 83, Face Var, Secours Catholique, CIMADE et les Restos de Coeur.<\/p>\n<p>[\/et_pb_toggle][\/et_pb_column][\/et_pb_row][et_pb_row custom_padding=\u00a0\u00bb25px|0px|18px|0px\u00a0\u00bb padding_mobile=\u00a0\u00bboff\u00a0\u00bb column_padding_mobile=\u00a0\u00bbon\u00a0\u00bb _builder_version=\u00a0\u00bb3.22.3&Prime; background_size=\u00a0\u00bbinitial\u00a0\u00bb background_position=\u00a0\u00bbtop_left\u00a0\u00bb background_repeat=\u00a0\u00bbrepeat\u00a0\u00bb make_fullwidth=\u00a0\u00bboff\u00a0\u00bb use_custom_width=\u00a0\u00bboff\u00a0\u00bb width_unit=\u00a0\u00bboff\u00a0\u00bb custom_width_px=\u00a0\u00bb1080px\u00a0\u00bb custom_width_percent=\u00a0\u00bb80%\u00a0\u00bb][et_pb_column type=\u00a0\u00bb1_4&Prime; _builder_version=\u00a0\u00bb3.0.47&Prime;][et_pb_image src=\u00a0\u00bbhttp:\/\/www.pappu.fr\/pappuwp\/wp-content\/uploads\/2019\/01\/LogoASF_FR_vect.jpg\u00a0\u00bb url=\u00a0\u00bbhttp:\/\/www.lacimade.org\/\u00a0\u00bb url_new_window=\u00a0\u00bbon\u00a0\u00bb align=\u00a0\u00bbcenter\u00a0\u00bb align_tablet=\u00a0\u00bbcenter\u00a0\u00bb align_last_edited=\u00a0\u00bbon|desktop\u00a0\u00bb _builder_version=\u00a0\u00bb3.23&Prime; max_width=\u00a0\u00bb120px\u00a0\u00bb use_border_color=\u00a0\u00bboff\u00a0\u00bb border_color=\u00a0\u00bb#ffffff\u00a0\u00bb border_style=\u00a0\u00bbsolid\u00a0\u00bb animation=\u00a0\u00bboff\u00a0\u00bb sticky=\u00a0\u00bboff\u00a0\u00bb]<\/p>\n<p>\n&nbsp;<\/p>\n<p>[\/et_pb_image][\/et_pb_column][et_pb_column type=\u00a0\u00bb3_4&Prime; _builder_version=\u00a0\u00bb3.0.47&Prime;][et_pb_toggle title=\u00a0\u00bbRencontre Avocat Sans Fronti\u00e8re \u2013 26 novembre\u00a0\u00bb open_toggle_background_color=\u00a0\u00bbrgba(64,130,109,0.19)\u00a0\u00bb closed_toggle_background_color=\u00a0\u00bbrgba(64,130,109,0.19)\u00a0\u00bb _builder_version=\u00a0\u00bb3.17.6&Prime; title_font=\u00a0\u00bb|on|||\u00a0\u00bb title_font_size=\u00a0\u00bb14&Prime; background_size=\u00a0\u00bbinitial\u00a0\u00bb background_position=\u00a0\u00bbtop_left\u00a0\u00bb background_repeat=\u00a0\u00bbrepeat\u00a0\u00bb use_border_color=\u00a0\u00bboff\u00a0\u00bb border_color=\u00a0\u00bb#ffffff\u00a0\u00bb border_style=\u00a0\u00bbsolid\u00a0\u00bb]<\/p>\n<p>R\u00e9flexion commune \u00e0 l&rsquo;utilisation et \u00e0 l&rsquo;adaptation du logiciel PAPPU pour les besoins de l&rsquo;association <a href=\"http:\/\/avocatssansfrontieres-france.org\/\" target=\"_blank\" rel=\"noopener noreferrer\">Avocat Sans Fronti\u00e8re<\/a> notamment dans le cadre du d\u00e9veloppement du projet de mise en place d&rsquo;un centre d\u2019assistance juridique \u00e0 l&rsquo;attention de demandeurs d&rsquo;asile \u00e0 Samos en Gr\u00e8ce.<\/p>\n<p>[\/et_pb_toggle][\/et_pb_column][\/et_pb_row][et_pb_row custom_padding=\u00a0\u00bb25px|0px|18px|0px\u00a0\u00bb padding_mobile=\u00a0\u00bboff\u00a0\u00bb column_padding_mobile=\u00a0\u00bbon\u00a0\u00bb _builder_version=\u00a0\u00bb3.22.3&Prime; background_size=\u00a0\u00bbinitial\u00a0\u00bb background_position=\u00a0\u00bbtop_left\u00a0\u00bb background_repeat=\u00a0\u00bbrepeat\u00a0\u00bb make_fullwidth=\u00a0\u00bboff\u00a0\u00bb use_custom_width=\u00a0\u00bboff\u00a0\u00bb width_unit=\u00a0\u00bboff\u00a0\u00bb custom_width_px=\u00a0\u00bb1080px\u00a0\u00bb custom_width_percent=\u00a0\u00bb80%\u00a0\u00bb][et_pb_column type=\u00a0\u00bb1_4&Prime; _builder_version=\u00a0\u00bb3.0.47&Prime;][et_pb_image src=\u00a0\u00bbhttp:\/\/www.pappu.fr\/pappuwp\/wp-content\/uploads\/2017\/10\/REGIONS_NORMANDIE.png\u00a0\u00bb url_new_window=\u00a0\u00bbon\u00a0\u00bb align=\u00a0\u00bbcenter\u00a0\u00bb align_tablet=\u00a0\u00bbcenter\u00a0\u00bb align_last_edited=\u00a0\u00bbon|desktop\u00a0\u00bb _builder_version=\u00a0\u00bb3.23&Prime; max_width=\u00a0\u00bb120px\u00a0\u00bb use_border_color=\u00a0\u00bboff\u00a0\u00bb border_color=\u00a0\u00bb#ffffff\u00a0\u00bb border_style=\u00a0\u00bbsolid\u00a0\u00bb animation=\u00a0\u00bboff\u00a0\u00bb sticky=\u00a0\u00bboff\u00a0\u00bb]<\/p>\n<p>\n&nbsp;<\/p>\n<p>[\/et_pb_image][\/et_pb_column][et_pb_column type=\u00a0\u00bb3_4&Prime; _builder_version=\u00a0\u00bb3.0.47&Prime;][et_pb_toggle title=\u00a0\u00bbPr\u00e9sentation PAPPU Normandie \u2013 21 Novembre\u00a0\u00bb open_toggle_background_color=\u00a0\u00bbrgba(64,130,109,0.19)\u00a0\u00bb closed_toggle_background_color=\u00a0\u00bbrgba(64,130,109,0.19)\u00a0\u00bb _builder_version=\u00a0\u00bb3.17.6&Prime; title_font=\u00a0\u00bb|on|||\u00a0\u00bb title_font_size=\u00a0\u00bb14&Prime; background_size=\u00a0\u00bbinitial\u00a0\u00bb background_position=\u00a0\u00bbtop_left\u00a0\u00bb background_repeat=\u00a0\u00bbrepeat\u00a0\u00bb use_border_color=\u00a0\u00bboff\u00a0\u00bb border_color=\u00a0\u00bb#ffffff\u00a0\u00bb border_style=\u00a0\u00bbsolid\u00a0\u00bb]<\/p>\n<p>Dans la continuit\u00e9 de la premi\u00e8re rencontre \u00e0 la DRJSCS de Normandie le 21 novembre 2017, une seconde pr\u00e9sentation de PAPPU (avec une attention particuli\u00e8re au nouveau module d&rsquo;acc\u00e8s \u00e0 la langue) a \u00e9t\u00e9 r\u00e9alis\u00e9 \u00e0 destination des acteurs institutionnels : DRDJSCS , SGAR, OFII et par visioconf\u00e9rence les repr\u00e9sentants des DDCS des diff\u00e9rents d\u00e9partements de Normandie (14, 50, 61, 76).<\/p>\n<p>[\/et_pb_toggle][\/et_pb_column][\/et_pb_row][et_pb_row custom_padding=\u00a0\u00bb25px|0px|18px|0px\u00a0\u00bb padding_mobile=\u00a0\u00bboff\u00a0\u00bb column_padding_mobile=\u00a0\u00bbon\u00a0\u00bb _builder_version=\u00a0\u00bb3.22.3&Prime; background_size=\u00a0\u00bbinitial\u00a0\u00bb background_position=\u00a0\u00bbtop_left\u00a0\u00bb background_repeat=\u00a0\u00bbrepeat\u00a0\u00bb make_fullwidth=\u00a0\u00bboff\u00a0\u00bb use_custom_width=\u00a0\u00bboff\u00a0\u00bb width_unit=\u00a0\u00bboff\u00a0\u00bb custom_width_px=\u00a0\u00bb1080px\u00a0\u00bb custom_width_percent=\u00a0\u00bb80%\u00a0\u00bb][et_pb_column type=\u00a0\u00bb1_4&Prime; _builder_version=\u00a0\u00bb3.0.47&Prime;][et_pb_image src=\u00a0\u00bbhttp:\/\/www.pappu.fr\/pappuwp\/wp-content\/uploads\/2017\/10\/logo_cimade.jpg\u00a0\u00bb url=\u00a0\u00bbhttp:\/\/www.lacimade.org\/\u00a0\u00bb url_new_window=\u00a0\u00bbon\u00a0\u00bb align=\u00a0\u00bbcenter\u00a0\u00bb align_tablet=\u00a0\u00bbcenter\u00a0\u00bb align_last_edited=\u00a0\u00bbon|desktop\u00a0\u00bb _builder_version=\u00a0\u00bb3.23&Prime; max_width=\u00a0\u00bb200px\u00a0\u00bb use_border_color=\u00a0\u00bboff\u00a0\u00bb border_color=\u00a0\u00bb#ffffff\u00a0\u00bb border_style=\u00a0\u00bbsolid\u00a0\u00bb animation=\u00a0\u00bboff\u00a0\u00bb sticky=\u00a0\u00bboff\u00a0\u00bb always_center_on_mobile=\u00a0\u00bbon\u00a0\u00bb]<\/p>\n<p>\n&nbsp;<\/p>\n<p>[\/et_pb_image][\/et_pb_column][et_pb_column type=\u00a0\u00bb3_4&Prime; _builder_version=\u00a0\u00bb3.0.47&Prime;][et_pb_toggle title=\u00a0\u00bbR\u00e9union Cimade \u00e0 Paris \u2013 14 novembre\u00a0\u00bb open_toggle_background_color=\u00a0\u00bbrgba(64,130,109,0.19)\u00a0\u00bb closed_toggle_background_color=\u00a0\u00bbrgba(64,130,109,0.19)\u00a0\u00bb _builder_version=\u00a0\u00bb3.17.6&Prime; title_font=\u00a0\u00bb|on|||\u00a0\u00bb title_font_size=\u00a0\u00bb14&Prime; background_size=\u00a0\u00bbinitial\u00a0\u00bb background_position=\u00a0\u00bbtop_left\u00a0\u00bb background_repeat=\u00a0\u00bbrepeat\u00a0\u00bb use_border_color=\u00a0\u00bboff\u00a0\u00bb border_color=\u00a0\u00bb#ffffff\u00a0\u00bb border_style=\u00a0\u00bbsolid\u00a0\u00bb]<\/p>\n<p>Premi\u00e8re rencontre \u00e0 la CIMADE nationale \u00e0 Paris pour la pr\u00e9sentation du logiciel PAPPU et la r\u00e9flexion sur le d\u00e9ploiement du logiciel vers les CIMADE dans les r\u00e9gions.<\/p>\n<p>[\/et_pb_toggle][\/et_pb_column][\/et_pb_row][et_pb_row custom_padding=\u00a0\u00bb25px|0px|18px|0px\u00a0\u00bb padding_mobile=\u00a0\u00bboff\u00a0\u00bb column_padding_mobile=\u00a0\u00bbon\u00a0\u00bb _builder_version=\u00a0\u00bb3.22.3&Prime; background_size=\u00a0\u00bbinitial\u00a0\u00bb background_position=\u00a0\u00bbtop_left\u00a0\u00bb background_repeat=\u00a0\u00bbrepeat\u00a0\u00bb make_fullwidth=\u00a0\u00bboff\u00a0\u00bb use_custom_width=\u00a0\u00bboff\u00a0\u00bb width_unit=\u00a0\u00bboff\u00a0\u00bb custom_width_px=\u00a0\u00bb1080px\u00a0\u00bb custom_width_percent=\u00a0\u00bb80%\u00a0\u00bb][et_pb_column type=\u00a0\u00bb1_4&Prime; _builder_version=\u00a0\u00bb3.0.47&Prime;][et_pb_image src=\u00a0\u00bbhttp:\/\/www.pappu.fr\/pappuwp\/wp-content\/uploads\/2018\/11\/Logo_CIDFF13.jpg\u00a0\u00bb url=\u00a0\u00bbhttp:\/\/bouchesdurhone-phoceen.cidff.info\/\u00a0\u00bb url_new_window=\u00a0\u00bbon\u00a0\u00bb align=\u00a0\u00bbcenter\u00a0\u00bb align_tablet=\u00a0\u00bbcenter\u00a0\u00bb align_last_edited=\u00a0\u00bbon|desktop\u00a0\u00bb _builder_version=\u00a0\u00bb3.23&Prime; max_width=\u00a0\u00bb65%\u00a0\u00bb use_border_color=\u00a0\u00bboff\u00a0\u00bb border_color=\u00a0\u00bb#ffffff\u00a0\u00bb border_style=\u00a0\u00bbsolid\u00a0\u00bb animation=\u00a0\u00bboff\u00a0\u00bb sticky=\u00a0\u00bboff\u00a0\u00bb]<\/p>\n<p>\n&nbsp;<\/p>\n<p>[\/et_pb_image][\/et_pb_column][et_pb_column type=\u00a0\u00bb3_4&Prime; _builder_version=\u00a0\u00bb3.0.47&Prime;][et_pb_toggle title=\u00a0\u00bbPAPPU CIDFF Phoc\u00e9en \u2013 30 octobre\u00a0\u00bb open_toggle_background_color=\u00a0\u00bbrgba(64,130,109,0.19)\u00a0\u00bb closed_toggle_background_color=\u00a0\u00bbrgba(64,130,109,0.19)\u00a0\u00bb _builder_version=\u00a0\u00bb3.17.6&Prime; title_font=\u00a0\u00bb|on|||\u00a0\u00bb title_font_size=\u00a0\u00bb14&Prime; background_size=\u00a0\u00bbinitial\u00a0\u00bb background_position=\u00a0\u00bbtop_left\u00a0\u00bb background_repeat=\u00a0\u00bbrepeat\u00a0\u00bb link_option_url=\u00a0\u00bbhttp:\/\/bouchesdurhone-phoceen.cidff.info\/\u00a0\u00bb link_option_url_new_window=\u00a0\u00bbon\u00a0\u00bb use_border_color=\u00a0\u00bboff\u00a0\u00bb border_color=\u00a0\u00bb#ffffff\u00a0\u00bb border_style=\u00a0\u00bbsolid\u00a0\u00bb]<\/p>\n<p>Le <a href=\"http:\/\/bouchesdurhone-phoceen.cidff.info\/\" target=\"_blank\" rel=\"noopener noreferrer\">CIDFF Phoc\u00e9en<\/a> utilise PAPPU pour leurs <a href=\"http:\/\/bouchesdurhone-phoceen.cidff.info\/permanences-cidff\/p-52\" target=\"_blank\" rel=\"noopener noreferrer\">diff\u00e9rentes permanences.<\/a><\/p>\n<p>[\/et_pb_toggle][\/et_pb_column][\/et_pb_row][et_pb_row custom_padding=\u00a0\u00bb25px|0px|18px|0px\u00a0\u00bb padding_mobile=\u00a0\u00bboff\u00a0\u00bb column_padding_mobile=\u00a0\u00bbon\u00a0\u00bb _builder_version=\u00a0\u00bb3.22.3&Prime; background_size=\u00a0\u00bbinitial\u00a0\u00bb background_position=\u00a0\u00bbtop_left\u00a0\u00bb background_repeat=\u00a0\u00bbrepeat\u00a0\u00bb make_fullwidth=\u00a0\u00bboff\u00a0\u00bb use_custom_width=\u00a0\u00bboff\u00a0\u00bb width_unit=\u00a0\u00bboff\u00a0\u00bb custom_width_px=\u00a0\u00bb1080px\u00a0\u00bb custom_width_percent=\u00a0\u00bb80%\u00a0\u00bb][et_pb_column type=\u00a0\u00bb1_4&Prime; _builder_version=\u00a0\u00bb3.0.47&Prime;][et_pb_image src=\u00a0\u00bbhttp:\/\/www.pappu.fr\/pappuwp\/wp-content\/uploads\/2018\/11\/Logo_ASM.png\u00a0\u00bb url=\u00a0\u00bbhttp:\/\/asm.telcomputer.com\/\u00a0\u00bb url_new_window=\u00a0\u00bbon\u00a0\u00bb align=\u00a0\u00bbcenter\u00a0\u00bb align_tablet=\u00a0\u00bbcenter\u00a0\u00bb align_last_edited=\u00a0\u00bbon|desktop\u00a0\u00bb _builder_version=\u00a0\u00bb3.23&Prime; max_width=\u00a0\u00bb150px\u00a0\u00bb use_border_color=\u00a0\u00bboff\u00a0\u00bb border_color=\u00a0\u00bb#ffffff\u00a0\u00bb border_style=\u00a0\u00bbsolid\u00a0\u00bb animation=\u00a0\u00bboff\u00a0\u00bb sticky=\u00a0\u00bboff\u00a0\u00bb]<\/p>\n<p>\n&nbsp;<\/p>\n<p>[\/et_pb_image][\/et_pb_column][et_pb_column type=\u00a0\u00bb3_4&Prime; _builder_version=\u00a0\u00bb3.0.47&Prime;][et_pb_toggle title=\u00a0\u00bbFormation Action Solidarit\u00e9 Marseille &#8211; 15 octobre\u00a0\u00bb open_toggle_background_color=\u00a0\u00bbrgba(64,130,109,0.19)\u00a0\u00bb closed_toggle_background_color=\u00a0\u00bbrgba(64,130,109,0.19)\u00a0\u00bb _builder_version=\u00a0\u00bb3.17.6&Prime; title_font=\u00a0\u00bb|on|||\u00a0\u00bb title_font_size=\u00a0\u00bb14&Prime; background_size=\u00a0\u00bbinitial\u00a0\u00bb background_position=\u00a0\u00bbtop_left\u00a0\u00bb background_repeat=\u00a0\u00bbrepeat\u00a0\u00bb use_border_color=\u00a0\u00bboff\u00a0\u00bb border_color=\u00a0\u00bb#ffffff\u00a0\u00bb border_style=\u00a0\u00bbsolid\u00a0\u00bb]<\/p>\n<p>Formation des salari\u00e9\u00b7es d&rsquo;Action Solidarit\u00e9 Marseille suite \u00e0 la mise en place de PAPPU.<\/p>\n<p>[\/et_pb_toggle][\/et_pb_column][\/et_pb_row][et_pb_row custom_padding=\u00a0\u00bb25px|0px|18px|0px\u00a0\u00bb padding_mobile=\u00a0\u00bboff\u00a0\u00bb column_padding_mobile=\u00a0\u00bbon\u00a0\u00bb _builder_version=\u00a0\u00bb3.22.3&Prime; background_size=\u00a0\u00bbinitial\u00a0\u00bb background_position=\u00a0\u00bbtop_left\u00a0\u00bb background_repeat=\u00a0\u00bbrepeat\u00a0\u00bb make_fullwidth=\u00a0\u00bboff\u00a0\u00bb use_custom_width=\u00a0\u00bboff\u00a0\u00bb width_unit=\u00a0\u00bboff\u00a0\u00bb custom_width_px=\u00a0\u00bb1080px\u00a0\u00bb custom_width_percent=\u00a0\u00bb80%\u00a0\u00bb][et_pb_column type=\u00a0\u00bb1_4&Prime; _builder_version=\u00a0\u00bb3.0.47&Prime;][et_pb_image src=\u00a0\u00bbhttp:\/\/www.pappu.fr\/pappuwp\/wp-content\/uploads\/2018\/11\/Logo_PROMIS.png\u00a0\u00bb url=\u00a0\u00bbhttps:\/\/promis.qc.ca\/fr\/\u00a0\u00bb url_new_window=\u00a0\u00bbon\u00a0\u00bb align=\u00a0\u00bbcenter\u00a0\u00bb align_tablet=\u00a0\u00bbcenter\u00a0\u00bb align_last_edited=\u00a0\u00bbon|desktop\u00a0\u00bb _builder_version=\u00a0\u00bb3.23&Prime; max_width=\u00a0\u00bb180px\u00a0\u00bb use_border_color=\u00a0\u00bboff\u00a0\u00bb border_color=\u00a0\u00bb#ffffff\u00a0\u00bb border_style=\u00a0\u00bbsolid\u00a0\u00bb animation=\u00a0\u00bboff\u00a0\u00bb sticky=\u00a0\u00bboff\u00a0\u00bb]<\/p>\n<p>\n&nbsp;<\/p>\n<p>[\/et_pb_image][\/et_pb_column][et_pb_column type=\u00a0\u00bb3_4&Prime; _builder_version=\u00a0\u00bb3.0.47&Prime;][et_pb_toggle title=\u00a0\u00bbPr\u00e9sentation PAPPU \u00e0 PROMIS Qu\u00e9bec &#8211; 3 octobre\u00a0\u00bb open_toggle_background_color=\u00a0\u00bbrgba(64,130,109,0.19)\u00a0\u00bb closed_toggle_background_color=\u00a0\u00bbrgba(64,130,109,0.19)\u00a0\u00bb _builder_version=\u00a0\u00bb3.17.6&Prime; title_font=\u00a0\u00bb|on|||\u00a0\u00bb title_font_size=\u00a0\u00bb14&Prime; background_size=\u00a0\u00bbinitial\u00a0\u00bb background_position=\u00a0\u00bbtop_left\u00a0\u00bb background_repeat=\u00a0\u00bbrepeat\u00a0\u00bb use_border_color=\u00a0\u00bboff\u00a0\u00bb border_color=\u00a0\u00bb#ffffff\u00a0\u00bb border_style=\u00a0\u00bbsolid\u00a0\u00bb]<\/p>\n<p>Pr\u00e9sentation des diff\u00e9rents outils mis \u00e0 disposition par ESPACE dont PAPPU, suite \u00e0 la venue de la structure <a href=\"https:\/\/promis.qc.ca\/fr\/\" target=\"_blank\" rel=\"noopener noreferrer\">PROMIS<\/a> situ\u00e9e au Qu\u00e9bec.<\/p>\n<p>[\/et_pb_toggle][\/et_pb_column][\/et_pb_row][et_pb_row custom_padding=\u00a0\u00bb25px|0px|18px|0px\u00a0\u00bb padding_mobile=\u00a0\u00bboff\u00a0\u00bb column_padding_mobile=\u00a0\u00bbon\u00a0\u00bb _builder_version=\u00a0\u00bb3.22.3&Prime; background_size=\u00a0\u00bbinitial\u00a0\u00bb background_position=\u00a0\u00bbtop_left\u00a0\u00bb background_repeat=\u00a0\u00bbrepeat\u00a0\u00bb make_fullwidth=\u00a0\u00bboff\u00a0\u00bb use_custom_width=\u00a0\u00bboff\u00a0\u00bb width_unit=\u00a0\u00bboff\u00a0\u00bb custom_width_px=\u00a0\u00bb1080px\u00a0\u00bb custom_width_percent=\u00a0\u00bb80%\u00a0\u00bb][et_pb_column type=\u00a0\u00bb1_4&Prime; _builder_version=\u00a0\u00bb3.0.47&Prime;][et_pb_image src=\u00a0\u00bbhttp:\/\/www.pappu.fr\/pappuwp\/wp-content\/uploads\/2018\/11\/Logo_Face_Var.png\u00a0\u00bb url=\u00a0\u00bbhttps:\/\/face-var.org\/\u00a0\u00bb url_new_window=\u00a0\u00bbon\u00a0\u00bb align=\u00a0\u00bbcenter\u00a0\u00bb align_tablet=\u00a0\u00bbcenter\u00a0\u00bb align_last_edited=\u00a0\u00bbon|desktop\u00a0\u00bb _builder_version=\u00a0\u00bb3.23&Prime; max_width=\u00a0\u00bb65%\u00a0\u00bb use_border_color=\u00a0\u00bboff\u00a0\u00bb border_color=\u00a0\u00bb#ffffff\u00a0\u00bb border_style=\u00a0\u00bbsolid\u00a0\u00bb animation=\u00a0\u00bboff\u00a0\u00bb sticky=\u00a0\u00bboff\u00a0\u00bb]<\/p>\n<p>\n&nbsp;<\/p>\n<p>[\/et_pb_image][\/et_pb_column][et_pb_column type=\u00a0\u00bb3_4&Prime; _builder_version=\u00a0\u00bb3.0.47&Prime;][et_pb_toggle title=\u00a0\u00bbPAPPU Face Var \u2013 25 Septembre\u00a0\u00bb open_toggle_background_color=\u00a0\u00bbrgba(64,130,109,0.19)\u00a0\u00bb closed_toggle_background_color=\u00a0\u00bbrgba(64,130,109,0.19)\u00a0\u00bb _builder_version=\u00a0\u00bb3.17.6&Prime; title_font=\u00a0\u00bb|on|||\u00a0\u00bb title_font_size=\u00a0\u00bb14&Prime; background_size=\u00a0\u00bbinitial\u00a0\u00bb background_position=\u00a0\u00bbtop_left\u00a0\u00bb background_repeat=\u00a0\u00bbrepeat\u00a0\u00bb use_border_color=\u00a0\u00bboff\u00a0\u00bb border_color=\u00a0\u00bb#ffffff\u00a0\u00bb border_style=\u00a0\u00bbsolid\u00a0\u00bb]<\/p>\n<p><a href=\"https:\/\/face-var.org\/\" target=\"_blank\" rel=\"noopener noreferrer\">Face Var<\/a> utilise PAPPU suite \u00e0 l&rsquo;ouverture d&rsquo;un nouveau point d&rsquo;appui pour l&rsquo;acc\u00e8s aux droits des \u00e9trangers \u00e0 Hy\u00e8res dans le Var.<\/p>\n<p>[\/et_pb_toggle][\/et_pb_column][\/et_pb_row][et_pb_row custom_padding=\u00a0\u00bb25px|0px|18px|0px\u00a0\u00bb padding_mobile=\u00a0\u00bboff\u00a0\u00bb column_padding_mobile=\u00a0\u00bbon\u00a0\u00bb _builder_version=\u00a0\u00bb3.22.3&Prime; background_size=\u00a0\u00bbinitial\u00a0\u00bb background_position=\u00a0\u00bbtop_left\u00a0\u00bb background_repeat=\u00a0\u00bbrepeat\u00a0\u00bb make_fullwidth=\u00a0\u00bboff\u00a0\u00bb use_custom_width=\u00a0\u00bboff\u00a0\u00bb width_unit=\u00a0\u00bboff\u00a0\u00bb custom_width_px=\u00a0\u00bb1080px\u00a0\u00bb custom_width_percent=\u00a0\u00bb80%\u00a0\u00bb][et_pb_column type=\u00a0\u00bb1_4&Prime; _builder_version=\u00a0\u00bb3.0.47&Prime;][et_pb_image src=\u00a0\u00bbhttp:\/\/www.pappu.fr\/pappuwp\/wp-content\/uploads\/2018\/11\/REGION_GRAND_EST.png\u00a0\u00bb url_new_window=\u00a0\u00bbon\u00a0\u00bb align=\u00a0\u00bbcenter\u00a0\u00bb align_tablet=\u00a0\u00bbcenter\u00a0\u00bb align_last_edited=\u00a0\u00bbon|desktop\u00a0\u00bb _builder_version=\u00a0\u00bb3.23&Prime; max_width=\u00a0\u00bb120px\u00a0\u00bb use_border_color=\u00a0\u00bboff\u00a0\u00bb border_color=\u00a0\u00bb#ffffff\u00a0\u00bb border_style=\u00a0\u00bbsolid\u00a0\u00bb animation=\u00a0\u00bboff\u00a0\u00bb sticky=\u00a0\u00bboff\u00a0\u00bb]<\/p>\n<p>\n&nbsp;<\/p>\n<p>[\/et_pb_image][\/et_pb_column][et_pb_column type=\u00a0\u00bb3_4&Prime; _builder_version=\u00a0\u00bb3.0.47&Prime;][et_pb_toggle title=\u00a0\u00bbPr\u00e9sentation PAPPU Grand Est \u2013 19 et 21 Septembre\u00a0\u00bb open_toggle_background_color=\u00a0\u00bbrgba(64,130,109,0.19)\u00a0\u00bb closed_toggle_background_color=\u00a0\u00bbrgba(64,130,109,0.19)\u00a0\u00bb _builder_version=\u00a0\u00bb3.17.6&Prime; title_font=\u00a0\u00bb|on|||\u00a0\u00bb title_font_size=\u00a0\u00bb14&Prime; background_size=\u00a0\u00bbinitial\u00a0\u00bb background_position=\u00a0\u00bbtop_left\u00a0\u00bb background_repeat=\u00a0\u00bbrepeat\u00a0\u00bb use_border_color=\u00a0\u00bboff\u00a0\u00bb border_color=\u00a0\u00bb#ffffff\u00a0\u00bb border_style=\u00a0\u00bbsolid\u00a0\u00bb]<\/p>\n<p>Le 19 septembre dernier, ESPACE s\u2019est rendu dans la r\u00e9gion Grand Est \u00e0 Strasbourg pour pr\u00e9senter PAPPU et rencontrer les acteurs de terrain travaillant dans l\u2019acc\u00e8s aux droits et l&rsquo;acc\u00e8s \u00e0 la langue des \u00e9trangers.<\/p>\n<p>Une premi\u00e8re rencontre a eu lieu dans les locaux de l&rsquo;<a href=\"http:\/\/www.oriv.org\/\" target=\"_blank\" rel=\"noopener noreferrer\">ORIV<\/a> en pr\u00e9sence de l\u2019Unit\u00e9 Territoriale SUD de la ville de Strasbourg, Parole sans fronti\u00e8res, CARITAS, l&rsquo;\u00e9quipe \u00ab\u00a0M\u00e9nages \u00e0 droits incomplets\u00a0\u00bb du CD du Bas-Rhin, le CASAS, le GIP FCIP Alsace, le CCAS de la ville de Strasbourg, la CIMADE Alsace-Lorraine et l&rsquo;association Foyer Notre Dame.<\/p>\n<p>Une seconde s&rsquo;est tenue le 21 septembre dans les locaux de la DRDJSCS en visioconf\u00e9rence avec le SGARE et le DDCS des d\u00e9partements du Grand Est.<\/p>\n<p>[\/et_pb_toggle][\/et_pb_column][\/et_pb_row][et_pb_row custom_padding=\u00a0\u00bb25px|0px|18px|0px\u00a0\u00bb padding_mobile=\u00a0\u00bboff\u00a0\u00bb column_padding_mobile=\u00a0\u00bbon\u00a0\u00bb _builder_version=\u00a0\u00bb3.22.3&Prime; background_size=\u00a0\u00bbinitial\u00a0\u00bb background_position=\u00a0\u00bbtop_left\u00a0\u00bb background_repeat=\u00a0\u00bbrepeat\u00a0\u00bb make_fullwidth=\u00a0\u00bboff\u00a0\u00bb use_custom_width=\u00a0\u00bboff\u00a0\u00bb width_unit=\u00a0\u00bboff\u00a0\u00bb custom_width_px=\u00a0\u00bb1080px\u00a0\u00bb custom_width_percent=\u00a0\u00bb80%\u00a0\u00bb][et_pb_column type=\u00a0\u00bb1_4&Prime; _builder_version=\u00a0\u00bb3.0.47&Prime;][et_pb_image src=\u00a0\u00bbhttp:\/\/www.pappu.fr\/pappuwp\/wp-content\/uploads\/2018\/04\/PAPPU_Langue.jpg\u00a0\u00bb url_new_window=\u00a0\u00bbon\u00a0\u00bb align=\u00a0\u00bbcenter\u00a0\u00bb align_tablet=\u00a0\u00bbcenter\u00a0\u00bb align_last_edited=\u00a0\u00bbon|desktop\u00a0\u00bb _builder_version=\u00a0\u00bb3.23&Prime; max_width=\u00a0\u00bb80px\u00a0\u00bb use_border_color=\u00a0\u00bboff\u00a0\u00bb]<\/p>\n<p>\n&nbsp;<\/p>\n<p>[\/et_pb_image][\/et_pb_column][et_pb_column type=\u00a0\u00bb3_4&Prime; _builder_version=\u00a0\u00bb3.0.47&Prime;][et_pb_toggle title=\u00a0\u00bbSortie du module d&rsquo;acc\u00e8s \u00e0 la langue dans PAPPU \u2013 septembre 2018&Prime; open_toggle_background_color=\u00a0\u00bbrgba(64,130,109,0.19)\u00a0\u00bb closed_toggle_background_color=\u00a0\u00bbrgba(64,130,109,0.19)\u00a0\u00bb _builder_version=\u00a0\u00bb3.9&Prime; title_font=\u00a0\u00bb|on|||\u00a0\u00bb title_font_size=\u00a0\u00bb14&Prime; background_size=\u00a0\u00bbinitial\u00a0\u00bb background_position=\u00a0\u00bbtop_left\u00a0\u00bb background_repeat=\u00a0\u00bbrepeat\u00a0\u00bb use_border_color=\u00a0\u00bboff\u00a0\u00bb border_color=\u00a0\u00bb#ffffff\u00a0\u00bb border_style=\u00a0\u00bbsolid\u00a0\u00bb]<\/p>\n<p>\n<strong>Liste des derniers d\u00e9veloppements \u00ab\u00a0module langue\u00a0\u00bb<\/strong><\/p>\n<ul>\n<li>Plusieurs informations sur <strong>les langues parl\u00e9es<\/strong> lors de la premi\u00e8re visite\/rencontre de la personne seront disponibles avec choix de ou des langues famili\u00e8res (maternelles) et des autre(s) langue(s)\u00a0dans une liste d\u00e9roulante. Pour chaque choix de langue, il y aura la possibilit\u00e9 d\u2019\u00e9valuer trois niveaux\u00a0: parl\u00e9e\u00a0; lue\u00a0; \u00e9crite<\/li>\n<li>En parall\u00e8le, sera d\u00e9velopp\u00e9 dans l\u2019onglet Recherche des dossiers, la possibilit\u00e9 de faire une recherche par langue parl\u00e9e.<\/li>\n<li>D\u2019autres informations sur <strong>le parcours linguistique<\/strong> avant la prise en charge de la personne par les structures proposant des cours de fran\u00e7ais.\n<ul>\n<li>Choix dans une liste d\u00e9roulante sur mode apprentissage du fran\u00e7ais (formel, informel et non formel)<\/li>\n<li>Choix (case \u00e0 cocher oui\/non) si la personne a suivi des cours de fran\u00e7ais avant et depuis son arriv\u00e9e en France<\/li>\n<li>Nombre d\u2019heures de cours suivi avant la prise en charge<\/li>\n<\/ul>\n<\/li>\n<li>Information sur le <strong>dipl\u00f4me obtenu dans une liste d\u00e9roulante<\/strong> pouvant \u00ab\u00a0valider\u00a0\u00bb l\u2019\u00e9valuation du niveau de langue<\/li>\n<li>Une partie que nous appellerons <strong>Besoins Apprenant-es<\/strong>\u00a0:\n<ul>\n<li>Avec leur(s) disponibilit\u00e9(s)\u00a0: matin, midi, apr\u00e8s-midi, soir, semaine, weekend<\/li>\n<li>Le nombre d\u2019heures dispo. \/ semaine<\/li>\n<li>Objectifs apprenant encore en cours de construction<\/li>\n<li>Enfants scolaris\u00e9s en France<\/li>\n<\/ul>\n<\/li>\n<li>Un champ texte <strong>Remarques<\/strong>.<\/li>\n<\/ul>\n<p>&nbsp;<\/p>\n<p><strong>Liste des derniers d\u00e9veloppements \u00ab\u00a0\u00e9valuation linguistique\u00a0\u00bb<\/strong><\/p>\n<ul>\n<li>Champ pr\u00e9cisant l\u2019<strong>Action de formation <\/strong>de la structure utilisant PAPPU.<\/li>\n<li>Information sur le <strong>niveau estim\u00e9<\/strong> de fran\u00e7ais du stagiaire avec 6 choix possibles\u00a0: oral d\u00e9butant, \u00e9crit d\u00e9butant, oral interm\u00e9diaire, \u00e9crit interm\u00e9diaire, oral avanc\u00e9, \u00e9crit avanc\u00e9.<\/li>\n<li>Information sur le nombre d\u2019heures de cours pr\u00e9vues durant l\u2019action de formation.<\/li>\n<li>Champ<strong> Type d\u2019Evaluation<\/strong> cal\u00e9 sur le niveau CECRL avec une liste de trois choix\u00a0: initiale\u00a0; interm\u00e9diaire\u00a0; finale. Sur chaque \u00e9valuation, cinq crit\u00e8res seront pris en compte\u00a0: r\u00e9ception orale (\u00e9couter)\u00a0; interaction orale (prendre part \u00e0 une conversation)\u00a0; production orale (s\u2019exprimer \u00e0 l\u2019oral en continu)\u00a0; r\u00e9ception \u00e9crite (lire)\u00a0; production \u00e9crite (\u00e9crire). Avec pour chaque \u00e9valuation un niveau allant du plus bas au plus haut\u00a0: A1.1 en cours\u00a0\/ A1.1\u00a0\/ A1 en cours \/ A1 \/ A2 en cours \/ A2 \/ B1 en cours \/ B1 \/ B2 en cours \/ B2<\/li>\n<li>Information sur le <strong>Nombre d\u2019heures de cours suivies <\/strong>pour chaque action de formation<strong>.<\/strong><\/li>\n<li>Champ texte Remarques.<\/li>\n<li>Possibilit\u00e9 de g<strong>\u00e9n\u00e9rer automatiquement un Graphique de l\u2019\u00e9valuation linguistique<\/strong>.<\/li>\n<li><strong>Fiche Bilan <\/strong>(en cours d\u2019\u00e9laboration) pr\u00e9sentant un r\u00e9capitulatif des donn\u00e9es. Cette fiche reprendrait les principales donn\u00e9es du nombre d\u2019heures de cours suivies, du niveau initial de l\u2019apprenant, du niveau final, des actions de formation.<\/li>\n<\/ul>\n<p>&nbsp;<\/p>\n<p><strong>Liste des derniers d\u00e9veloppements actions de formation dans l&rsquo;annuair&rsquo;e<br \/><\/strong><\/p>\n<ul>\n<li>Un onglet<strong> <u>Actions de formation<\/u><\/strong> qui permet de recenser les diff\u00e9rentes activit\u00e9s de la dite structure. Liste des infos recens\u00e9es pour chaque action de formation linguistique\u00a0:\n<ul>\n<li><u>Intitul\u00e9 de l\u2019action<\/u><\/li>\n<li><u>Financeurs<\/u>: OFII\u00a0\/ BOP 104 \/ BOP 147 \/ Pr\u00e9fecture \/ P\u00f4le Emploi \/ R\u00e9gion \/ D\u00e9partements \/ Ville ou agglom\u00e9ration \/ Autre<\/li>\n<li><u>Co\u00fbt de l\u2019Action<\/u>: Gratuit \/ Cotisation \/ Payant<\/li>\n<li><u>Publics<\/u>: Tous publics \/ Enfants \/ Parents \/ Femmes \/ Seniors \/ Autres<\/li>\n<li><u>Contraintes des publics<\/u>: Aucune \/ Primo-arrivant \/ Titre de S\u00e9jour de + de 5 ans \/ Demandeurs d\u2019emploi\u00a0 \/ RSA \/ Titre de r\u00e9sident permanent \/ R\u00e9fugi\u00e9 \/ MIE \/ Autre.<\/li>\n<li><u>Type de cours<\/u>: Cours individuels \/ Cours collectifs \/ Autoformation \/ Atelier D\u00e9couverte \/ Autre<\/li>\n<li><u>Niveau CECRL requis<\/u>1 \/ A1 \/ A2 \/ B1\u00a0\/ B2<\/li>\n<li><u>Nom\u00a0Responsable<\/u><\/li>\n<li><u>Contact Responsable<\/u><\/li>\n<li><u>Remarques\u00a0<\/u><\/li>\n<\/ul>\n<\/li>\n<li>Possibilit\u00e9 <strong><u>d\u2019export de l\u2019action de formation<\/u> <\/strong>qui pr\u00e9sentera une sorte de \u00ab\u00a0fiche d\u00e9taill\u00e9e\u00a0\u00bb de l\u2019action linguistique.<\/li>\n<\/ul>\n<p>[\/et_pb_toggle][\/et_pb_column][\/et_pb_row][et_pb_row custom_padding=\u00a0\u00bb25px|0px|18px|0px\u00a0\u00bb padding_mobile=\u00a0\u00bboff\u00a0\u00bb column_padding_mobile=\u00a0\u00bbon\u00a0\u00bb _builder_version=\u00a0\u00bb3.22.3&Prime; background_size=\u00a0\u00bbinitial\u00a0\u00bb background_position=\u00a0\u00bbtop_left\u00a0\u00bb background_repeat=\u00a0\u00bbrepeat\u00a0\u00bb make_fullwidth=\u00a0\u00bboff\u00a0\u00bb use_custom_width=\u00a0\u00bboff\u00a0\u00bb width_unit=\u00a0\u00bboff\u00a0\u00bb custom_width_px=\u00a0\u00bb1080px\u00a0\u00bb custom_width_percent=\u00a0\u00bb80%\u00a0\u00bb][et_pb_column type=\u00a0\u00bb1_4&Prime; _builder_version=\u00a0\u00bb3.0.47&Prime;][et_pb_image src=\u00a0\u00bbhttp:\/\/www.pappu.fr\/pappuwp\/wp-content\/uploads\/2017\/04\/pappu_logo.jpg\u00a0\u00bb url_new_window=\u00a0\u00bbon\u00a0\u00bb align=\u00a0\u00bbcenter\u00a0\u00bb align_tablet=\u00a0\u00bbcenter\u00a0\u00bb align_last_edited=\u00a0\u00bbon|desktop\u00a0\u00bb _builder_version=\u00a0\u00bb3.24.1&Prime; max_width=\u00a0\u00bb180px\u00a0\u00bb use_border_color=\u00a0\u00bboff\u00a0\u00bb border_color=\u00a0\u00bb#ffffff\u00a0\u00bb border_style=\u00a0\u00bbsolid\u00a0\u00bb animation=\u00a0\u00bboff\u00a0\u00bb sticky=\u00a0\u00bboff\u00a0\u00bb always_center_on_mobile=\u00a0\u00bbon\u00a0\u00bb]<\/p>\n<p>\n&nbsp;<\/p>\n<p>[\/et_pb_image][\/et_pb_column][et_pb_column type=\u00a0\u00bb3_4&Prime; _builder_version=\u00a0\u00bb3.0.47&Prime;][et_pb_toggle title=\u00a0\u00bbNouveaux d\u00e9veloppements PAPPU \u2013 juillet 2018&Prime; open_toggle_background_color=\u00a0\u00bbrgba(64,130,109,0.19)\u00a0\u00bb closed_toggle_background_color=\u00a0\u00bbrgba(64,130,109,0.19)\u00a0\u00bb _builder_version=\u00a0\u00bb3.9&Prime; title_font=\u00a0\u00bb|on|||\u00a0\u00bb title_font_size=\u00a0\u00bb14&Prime; background_size=\u00a0\u00bbinitial\u00a0\u00bb background_position=\u00a0\u00bbtop_left\u00a0\u00bb background_repeat=\u00a0\u00bbrepeat\u00a0\u00bb use_border_color=\u00a0\u00bboff\u00a0\u00bb border_color=\u00a0\u00bb#ffffff\u00a0\u00bb border_style=\u00a0\u00bbsolid\u00a0\u00bb]<\/p>\n<p>\nListe des derniers d\u00e9veloppements &lsquo;g\u00e9n\u00e9raux&rsquo; dans l\u2019application PAPPU :<\/p>\n<ul>\n<li>Ajout d&rsquo;une case \u00e0 cocher si la personne est signataire d&rsquo;un CIR<\/li>\n<li>Ajout du n\u00b0 CIR dans un champ texte<\/li>\n<li>Possibilit\u00e9 de faire la recherche des personnes accueillies via son num\u00e9ro CIR<\/li>\n<li>Ajout d&rsquo;un menu d\u00e9roulant pour renseigner le parcours scolaire avec comme choix : non scolaris\u00e9 ; 5 ans ou moins ; 6 \u00e0 9 ans ; 9 \u00e0 12 ans ; 13 \u00e0 15 ans ; plus de 15 ans<\/li>\n<li>Ergonomie de l&rsquo;application revue<\/li>\n<\/ul>\n<p>[\/et_pb_toggle][\/et_pb_column][\/et_pb_row][et_pb_row custom_padding=\u00a0\u00bb25px|0px|18px|0px\u00a0\u00bb padding_mobile=\u00a0\u00bboff\u00a0\u00bb column_padding_mobile=\u00a0\u00bbon\u00a0\u00bb _builder_version=\u00a0\u00bb3.22.3&Prime; background_size=\u00a0\u00bbinitial\u00a0\u00bb background_position=\u00a0\u00bbtop_left\u00a0\u00bb background_repeat=\u00a0\u00bbrepeat\u00a0\u00bb make_fullwidth=\u00a0\u00bboff\u00a0\u00bb use_custom_width=\u00a0\u00bboff\u00a0\u00bb width_unit=\u00a0\u00bboff\u00a0\u00bb custom_width_px=\u00a0\u00bb1080px\u00a0\u00bb custom_width_percent=\u00a0\u00bb80%\u00a0\u00bb][et_pb_column type=\u00a0\u00bb1_4&Prime; _builder_version=\u00a0\u00bb3.0.47&Prime;][et_pb_image src=\u00a0\u00bbhttp:\/\/www.pappu.fr\/pappuwp\/wp-content\/uploads\/2017\/10\/bug-logo.png\u00a0\u00bb url_new_window=\u00a0\u00bbon\u00a0\u00bb align=\u00a0\u00bbcenter\u00a0\u00bb align_tablet=\u00a0\u00bbcenter\u00a0\u00bb align_last_edited=\u00a0\u00bbon|desktop\u00a0\u00bb _builder_version=\u00a0\u00bb3.23&Prime; max_width=\u00a0\u00bb80px\u00a0\u00bb use_border_color=\u00a0\u00bboff\u00a0\u00bb border_color=\u00a0\u00bb#ffffff\u00a0\u00bb border_style=\u00a0\u00bbsolid\u00a0\u00bb animation=\u00a0\u00bboff\u00a0\u00bb sticky=\u00a0\u00bboff\u00a0\u00bb always_center_on_mobile=\u00a0\u00bbon\u00a0\u00bb]<\/p>\n<p>\n&nbsp;<\/p>\n<p>[\/et_pb_image][\/et_pb_column][et_pb_column type=\u00a0\u00bb3_4&Prime; _builder_version=\u00a0\u00bb3.0.47&Prime;][et_pb_toggle title=\u00a0\u00bbLe BUG %22Visites sans Dossier%22 est corrig\u00e9 &#8211; 04 juillet\u00a0\u00bb open_toggle_background_color=\u00a0\u00bbrgba(64,130,109,0.19)\u00a0\u00bb closed_toggle_background_color=\u00a0\u00bbrgba(64,130,109,0.19)\u00a0\u00bb _builder_version=\u00a0\u00bb3.17.6&Prime; title_font=\u00a0\u00bb|on|||\u00a0\u00bb title_font_size=\u00a0\u00bb14&Prime; background_size=\u00a0\u00bbinitial\u00a0\u00bb background_position=\u00a0\u00bbtop_left\u00a0\u00bb background_repeat=\u00a0\u00bbrepeat\u00a0\u00bb use_border_color=\u00a0\u00bboff\u00a0\u00bb border_color=\u00a0\u00bb#ffffff\u00a0\u00bb border_style=\u00a0\u00bbsolid\u00a0\u00bb]<\/p>\n<p>\nLe BUG \u00ab\u00a0Visites sans Dossier\u00a0\u00bb vient d&rsquo;\u00eatre corrig\u00e9.<\/p>\n<p>Deux structures nous ont fait remonter un bug o\u00f9 des visites ont \u00e9t\u00e9 cr\u00e9\u00e9es sans \u00eatre li\u00e9es \u00e0 une personne. La cons\u00e9quence \u00e9tait que PAPPU dysfonctionnait et bloquait notamment sur le d\u00e9filement des scrolls verticaux.<\/p>\n<p>Ce dysfonctionnement viendrait sans doute d&rsquo;une d\u00e9synchronisation passag\u00e8re entre l&rsquo;application Java et l&rsquo;application web. Pour l&rsquo;instant la piste privil\u00e9gi\u00e9e de cette synchronisation d\u00e9faillante est l&rsquo;utilisation de l&rsquo;antivirus Bitdefender sur vos ordinateurs qui bloquerait certaines fonctionnalit\u00e9s. De toute mani\u00e8re, <strong>quelque soit l&rsquo;antivirus ou le pare-feu que vous utilisez<\/strong>, si vous constatez des probl\u00e8mes d&rsquo;acc\u00e8s \u00e0 PAPPU, <strong>pensez \u00e0 param\u00e9trer vos filtres ou autoriser l&rsquo;application<\/strong> via vos logiciels de protections.<\/p>\n<p>Si vous constatez d\u2019autres bugs, veuillez nous contacter \u00e0 <a href=\"mailto:polo@espace.asso.fr\">cette adresse<\/a>.<\/p>\n<p>[\/et_pb_toggle][\/et_pb_column][\/et_pb_row][et_pb_row custom_padding=\u00a0\u00bb25px|0px|18px|0px\u00a0\u00bb padding_mobile=\u00a0\u00bboff\u00a0\u00bb column_padding_mobile=\u00a0\u00bbon\u00a0\u00bb _builder_version=\u00a0\u00bb3.22.3&Prime; background_size=\u00a0\u00bbinitial\u00a0\u00bb background_position=\u00a0\u00bbtop_left\u00a0\u00bb background_repeat=\u00a0\u00bbrepeat\u00a0\u00bb make_fullwidth=\u00a0\u00bboff\u00a0\u00bb use_custom_width=\u00a0\u00bboff\u00a0\u00bb width_unit=\u00a0\u00bboff\u00a0\u00bb custom_width_px=\u00a0\u00bb1080px\u00a0\u00bb custom_width_percent=\u00a0\u00bb80%\u00a0\u00bb][et_pb_column type=\u00a0\u00bb1_4&Prime; _builder_version=\u00a0\u00bb3.0.47&Prime;][et_pb_image src=\u00a0\u00bbhttp:\/\/www.pappu.fr\/pappuwp\/wp-content\/uploads\/2018\/04\/PAPPU_Langue.jpg\u00a0\u00bb url_new_window=\u00a0\u00bbon\u00a0\u00bb align=\u00a0\u00bbcenter\u00a0\u00bb align_tablet=\u00a0\u00bbcenter\u00a0\u00bb align_last_edited=\u00a0\u00bbon|desktop\u00a0\u00bb _builder_version=\u00a0\u00bb3.23&Prime; max_width=\u00a0\u00bb80px\u00a0\u00bb use_border_color=\u00a0\u00bboff\u00a0\u00bb border_color=\u00a0\u00bb#ffffff\u00a0\u00bb border_style=\u00a0\u00bbsolid\u00a0\u00bb animation=\u00a0\u00bboff\u00a0\u00bb sticky=\u00a0\u00bboff\u00a0\u00bb]<\/p>\n<p>\n&nbsp;<\/p>\n<p>[\/et_pb_image][\/et_pb_column][et_pb_column type=\u00a0\u00bb3_4&Prime; _builder_version=\u00a0\u00bb3.0.47&Prime;][et_pb_toggle title=\u00a0\u00bbLancement du d\u00e9veloppement du module d&rsquo;acc\u00e8s \u00e0 la langue &#8211; juin 2018&Prime; open_toggle_background_color=\u00a0\u00bbrgba(64,130,109,0.19)\u00a0\u00bb closed_toggle_background_color=\u00a0\u00bbrgba(64,130,109,0.19)\u00a0\u00bb _builder_version=\u00a0\u00bb3.17.6&Prime; title_font=\u00a0\u00bb|on|||\u00a0\u00bb title_font_size=\u00a0\u00bb14&Prime; background_size=\u00a0\u00bbinitial\u00a0\u00bb background_position=\u00a0\u00bbtop_left\u00a0\u00bb background_repeat=\u00a0\u00bbrepeat\u00a0\u00bb use_border_color=\u00a0\u00bboff\u00a0\u00bb border_color=\u00a0\u00bb#ffffff\u00a0\u00bb border_style=\u00a0\u00bbsolid\u00a0\u00bb]<\/p>\n<p>\nLa derni\u00e8re mouture du projet d&rsquo;ajout d&rsquo;un module d&rsquo;acc\u00e8s \u00e0 la langue a PAPPU vient d&rsquo;\u00eatre termin\u00e9e. Le d\u00e9veloppement de l&rsquo;application vient de d\u00e9buter. Sortie programm\u00e9e pour Septembre prochain.<\/p>\n<p>Un nouveau tutoriel pr\u00e9sentant tous les ajouts et modifications viendra ensuite s&rsquo;ajouter \u00e0 la partie tutoriel : http:\/\/www.pappu.fr\/pappuwp\/tutoriels\/<\/p>\n<p>[\/et_pb_toggle][\/et_pb_column][\/et_pb_row][et_pb_row custom_padding=\u00a0\u00bb25px|0px|18px|0px\u00a0\u00bb padding_mobile=\u00a0\u00bboff\u00a0\u00bb column_padding_mobile=\u00a0\u00bbon\u00a0\u00bb _builder_version=\u00a0\u00bb3.22.3&Prime; background_size=\u00a0\u00bbinitial\u00a0\u00bb background_position=\u00a0\u00bbtop_left\u00a0\u00bb background_repeat=\u00a0\u00bbrepeat\u00a0\u00bb make_fullwidth=\u00a0\u00bboff\u00a0\u00bb use_custom_width=\u00a0\u00bboff\u00a0\u00bb width_unit=\u00a0\u00bboff\u00a0\u00bb custom_width_px=\u00a0\u00bb1080px\u00a0\u00bb custom_width_percent=\u00a0\u00bb80%\u00a0\u00bb][et_pb_column type=\u00a0\u00bb1_4&Prime; _builder_version=\u00a0\u00bb3.0.47&Prime;][et_pb_image src=\u00a0\u00bbhttp:\/\/www.pappu.fr\/pappuwp\/wp-content\/uploads\/2017\/10\/Logo-DGEF.jpg\u00a0\u00bb url=\u00a0\u00bbhttps:\/\/www.immigration.interieur.gouv.fr\/\u00a0\u00bb url_new_window=\u00a0\u00bbon\u00a0\u00bb align=\u00a0\u00bbcenter\u00a0\u00bb align_tablet=\u00a0\u00bbcenter\u00a0\u00bb align_last_edited=\u00a0\u00bbon|desktop\u00a0\u00bb _builder_version=\u00a0\u00bb3.23&Prime; max_width=\u00a0\u00bb45%\u00a0\u00bb use_border_color=\u00a0\u00bboff\u00a0\u00bb]<\/p>\n<p>\n&nbsp;<\/p>\n<p>[\/et_pb_image][\/et_pb_column][et_pb_column type=\u00a0\u00bb3_4&Prime; _builder_version=\u00a0\u00bb3.0.47&Prime;][et_pb_toggle title=\u00a0\u00bbR\u00e9union avec la DAAEN au Minist\u00e8re de l&rsquo;Int\u00e9rieur &#8211; 23 mai\u00a0\u00bb open_toggle_background_color=\u00a0\u00bbrgba(64,130,109,0.19)\u00a0\u00bb closed_toggle_background_color=\u00a0\u00bbrgba(64,130,109,0.19)\u00a0\u00bb _builder_version=\u00a0\u00bb3.9&Prime; title_font=\u00a0\u00bb|on|||\u00a0\u00bb title_font_size=\u00a0\u00bb14&Prime; background_size=\u00a0\u00bbinitial\u00a0\u00bb background_position=\u00a0\u00bbtop_left\u00a0\u00bb background_repeat=\u00a0\u00bbrepeat\u00a0\u00bb use_border_color=\u00a0\u00bboff\u00a0\u00bb border_color=\u00a0\u00bb#ffffff\u00a0\u00bb border_style=\u00a0\u00bbsolid\u00a0\u00bb]<\/p>\n<p>\nUne r\u00e9union de pr\u00e9sentation de PAPPU s&rsquo;est d\u00e9roul\u00e9e au Minist\u00e8re de l&rsquo;int\u00e9rieure \u00e0 Paris en pr\u00e9sence de tous les charg\u00e9-es de missions de la DAAEN le 23 mai 2018.<\/p>\n<p>[\/et_pb_toggle][\/et_pb_column][\/et_pb_row][et_pb_row custom_padding=\u00a0\u00bb25px|0px|18px|0px\u00a0\u00bb padding_mobile=\u00a0\u00bboff\u00a0\u00bb column_padding_mobile=\u00a0\u00bbon\u00a0\u00bb _builder_version=\u00a0\u00bb3.22.3&Prime; background_size=\u00a0\u00bbinitial\u00a0\u00bb background_position=\u00a0\u00bbtop_left\u00a0\u00bb background_repeat=\u00a0\u00bbrepeat\u00a0\u00bb make_fullwidth=\u00a0\u00bboff\u00a0\u00bb use_custom_width=\u00a0\u00bboff\u00a0\u00bb width_unit=\u00a0\u00bboff\u00a0\u00bb custom_width_px=\u00a0\u00bb1080px\u00a0\u00bb custom_width_percent=\u00a0\u00bb80%\u00a0\u00bb][et_pb_column type=\u00a0\u00bb1_4&Prime; _builder_version=\u00a0\u00bb3.0.47&Prime;][et_pb_image src=\u00a0\u00bbhttp:\/\/www.pappu.fr\/pappuwp\/wp-content\/uploads\/2018\/04\/PAPPU_Langue.jpg\u00a0\u00bb url=\u00a0\u00bbhttps:\/\/www.cofrimi.com\/\u00a0\u00bb url_new_window=\u00a0\u00bbon\u00a0\u00bb align=\u00a0\u00bbcenter\u00a0\u00bb align_tablet=\u00a0\u00bbcenter\u00a0\u00bb align_last_edited=\u00a0\u00bbon|desktop\u00a0\u00bb _builder_version=\u00a0\u00bb3.23&Prime; max_width=\u00a0\u00bb80px\u00a0\u00bb use_border_color=\u00a0\u00bboff\u00a0\u00bb border_color=\u00a0\u00bb#ffffff\u00a0\u00bb border_style=\u00a0\u00bbsolid\u00a0\u00bb animation=\u00a0\u00bboff\u00a0\u00bb sticky=\u00a0\u00bboff\u00a0\u00bb always_center_on_mobile=\u00a0\u00bbon\u00a0\u00bb]<\/p>\n<p>\n&nbsp;<\/p>\n<p>[\/et_pb_image][\/et_pb_column][et_pb_column type=\u00a0\u00bb3_4&Prime; _builder_version=\u00a0\u00bb3.0.47&Prime;][et_pb_toggle title=\u00a0\u00bbModule d&rsquo;acc\u00e8s \u00e0 la langue &#8211; Rencontre avec l&rsquo;association Mot \u00e0 Mot &#8211; 25 avril\u00a0\u00bb open_toggle_background_color=\u00a0\u00bbrgba(64,130,109,0.19)\u00a0\u00bb closed_toggle_background_color=\u00a0\u00bbrgba(64,130,109,0.19)\u00a0\u00bb _builder_version=\u00a0\u00bb3.0.87&Prime; title_font=\u00a0\u00bb|on|||\u00a0\u00bb title_font_size=\u00a0\u00bb14&Prime; background_size=\u00a0\u00bbinitial\u00a0\u00bb background_position=\u00a0\u00bbtop_left\u00a0\u00bb background_repeat=\u00a0\u00bbrepeat\u00a0\u00bb use_border_color=\u00a0\u00bboff\u00a0\u00bb border_color=\u00a0\u00bb#ffffff\u00a0\u00bb border_style=\u00a0\u00bbsolid\u00a0\u00bb]<\/p>\n<p>\nDans le cadre du d\u00e9veloppement du module d&rsquo;acc\u00e8s \u00e0 la langue dans PAPPU, une rencontre de travail a \u00e9t\u00e9 organis\u00e9e dans les locaux de l&rsquo;association <a href=\"http:\/\/www.associationmotamot.org\/presentation-3\/presentation-2\/\" target=\"_blank\" rel=\"noopener noreferrer\">Mot \u00e0 Mot<\/a> \u00e0 Marseille.<\/p>\n<p><em>L&rsquo;association s\u2019inscrit dans le champ de la formation linguistique pour les migrants, les allophones, ou simplement pour \u00ab\u00a0celles et ceux qui ont fait l\u2019aventure\u00a0\u00bb. Elle s\u2019adresse aussi \u00e0 celles et ceux qui souhaiteraient acqu\u00e9rir de nouvelles comp\u00e9tences \u00e9crites.<\/em><\/p>\n<p><em>L\u2019 association Mot \u00c0 Mot s\u2019int\u00e9resse au langage sous toutes ses formes et \u00e0 sa transmission aupr\u00e8s des personnes pour lesquelles la ma\u00eetrise partielle du langage peut \u00eatre un facteur d\u2019exclusion.<\/em><\/p>\n<p><em>L\u2019association propose diff\u00e9rents types d\u2019actions linguistiques dont vous trouverez les descriptifs sur ce site. Celles-ci se d\u00e9roulent, dans le cadre de partenariats, au sein de structures associatives et institutionnelles situ\u00e9es dans les 1er et\u00a0 3\u00e8me arrondissement de Marseille.<\/em><\/p>\n<p>[\/et_pb_toggle][\/et_pb_column][\/et_pb_row][et_pb_row custom_padding=\u00a0\u00bb25px|0px|18px|0px\u00a0\u00bb padding_mobile=\u00a0\u00bboff\u00a0\u00bb column_padding_mobile=\u00a0\u00bbon\u00a0\u00bb _builder_version=\u00a0\u00bb3.22.3&Prime; background_size=\u00a0\u00bbinitial\u00a0\u00bb background_position=\u00a0\u00bbtop_left\u00a0\u00bb background_repeat=\u00a0\u00bbrepeat\u00a0\u00bb make_fullwidth=\u00a0\u00bboff\u00a0\u00bb use_custom_width=\u00a0\u00bboff\u00a0\u00bb width_unit=\u00a0\u00bboff\u00a0\u00bb custom_width_px=\u00a0\u00bb1080px\u00a0\u00bb custom_width_percent=\u00a0\u00bb80%\u00a0\u00bb][et_pb_column type=\u00a0\u00bb1_4&Prime; _builder_version=\u00a0\u00bb3.0.47&Prime;][et_pb_image src=\u00a0\u00bbhttp:\/\/www.pappu.fr\/pappuwp\/wp-content\/uploads\/2017\/04\/pappu_logo.jpg\u00a0\u00bb url_new_window=\u00a0\u00bbon\u00a0\u00bb align=\u00a0\u00bbcenter\u00a0\u00bb align_tablet=\u00a0\u00bbcenter\u00a0\u00bb align_last_edited=\u00a0\u00bbon|desktop\u00a0\u00bb _builder_version=\u00a0\u00bb3.23&Prime; max_width=\u00a0\u00bb180px\u00a0\u00bb use_border_color=\u00a0\u00bboff\u00a0\u00bb border_color=\u00a0\u00bb#ffffff\u00a0\u00bb border_style=\u00a0\u00bbsolid\u00a0\u00bb animation=\u00a0\u00bboff\u00a0\u00bb sticky=\u00a0\u00bboff\u00a0\u00bb always_center_on_mobile=\u00a0\u00bbon\u00a0\u00bb]<\/p>\n<p>\n&nbsp;<\/p>\n<p>[\/et_pb_image][\/et_pb_column][et_pb_column type=\u00a0\u00bb3_4&Prime; _builder_version=\u00a0\u00bb3.0.47&Prime;][et_pb_toggle title=\u00a0\u00bbNouveaux d\u00e9veloppements PAPPU \u2013 avril 2018&Prime; open_toggle_background_color=\u00a0\u00bbrgba(64,130,109,0.19)\u00a0\u00bb closed_toggle_background_color=\u00a0\u00bbrgba(64,130,109,0.19)\u00a0\u00bb _builder_version=\u00a0\u00bb3.9&Prime; title_font=\u00a0\u00bb|on|||\u00a0\u00bb title_font_size=\u00a0\u00bb14&Prime; background_size=\u00a0\u00bbinitial\u00a0\u00bb background_position=\u00a0\u00bbtop_left\u00a0\u00bb background_repeat=\u00a0\u00bbrepeat\u00a0\u00bb use_border_color=\u00a0\u00bboff\u00a0\u00bb border_color=\u00a0\u00bb#ffffff\u00a0\u00bb border_style=\u00a0\u00bbsolid\u00a0\u00bb]<\/p>\n<p>\nListe des derniers d\u00e9veloppements &lsquo;g\u00e9n\u00e9raux&rsquo; dans l\u2019application PAPPU :<\/p>\n<ul>\n<li>Possibilit\u00e9 de <strong>partager l\u2019agenda<\/strong> des \u00ab\u00a0coll\u00e8gues\u00a0\u00bb dans l\u2019option calendrier de Mes T\u00e2ches<\/li>\n<li>Nouvelles nomenclatures sur les titres de s\u00e9jour avec actualisation et modification des <strong>Statuts des Mineurs Etrangers<\/strong> avec\u00a01\/ ME accompagn\u00e9s\u00a0; 2\/ MIE en attente d\u2019\u00e9valuation\u00a0; 3\/ MIE confi\u00e9 \u00e0 l\u2019ASE\u00a0; 4\/ ME confi\u00e9 \u00e0 un tiers par d\u00e9cision de justice (dont Kafala)\u00a0; 5\/ ME confi\u00e9s administrativement \u00e0 un tiers (art. L221-2-1 du casf)\u00a0; 6\/ MIE \u00ab\u00a0d\u00e9minoris\u00e9\u00a0\u00bb<\/li>\n<li>Ajout d\u2019un nouveau champ <strong>num\u00e9ro de dossier personnel<\/strong>. Les num\u00e9ros de dossier \u00e9taient jusqu\u2019\u00e0 pr\u00e9sent incr\u00e9ment\u00e9s automatiquement. Vous pouvez maintenant rentrer votre propre num\u00e9ro de dossier. On a aussi rajout\u00e9 ce N\u00b0 de dossier perso dans le champ Recherche pour que vous puissiez les retrouver plus facilement.<\/li>\n<li>Ajout d\u2019un <strong>champ mail<\/strong> dans l\u2019onglet INFO \u00e0 la suite de champs T\u00e9l\u00e9phone et Portable.<\/li>\n<li>Ajout d\u2019une case \u00e0 cocher pour savoir si la personne est <strong>Signataire d\u2019un CIR<\/strong>.<\/li>\n<li>Ajout en parall\u00e8le d\u2019un champ avec le<strong> N\u00b0 CIR<\/strong>. Ce num\u00e9ro a aussi \u00e9t\u00e9 rajout\u00e9 dans le champ Recherche.<\/li>\n<li>Quelques modifications de valeurs avec le rajout de <strong>\u00ab\u00a0Autre\u00a0\u00bb<\/strong> dans le champ \u00ab\u00a0Genre\u00a0\u00bb et de la valeur <strong>\u00ab\u00a0S\u00e9par\u00e9\u00a0\u00bb<\/strong> dans \u00ab\u00a0Situation matrimoniale\u00a0\u00bb.<\/li>\n<li>Simplification des <strong>noms des pays<\/strong><\/li>\n<li>Les champs <strong>Statut<\/strong> et <strong>Famille en France<\/strong> sont maintenant <strong>pr\u00e9-rempli<\/strong> avec la derni\u00e8re valeur renseign\u00e9e lors de la derni\u00e8re visite de la personne.<\/li>\n<li>Dans le champ Recherche encore une fois, rajout d&rsquo;un champ <strong>Date de la premi\u00e8re visite \u2026 au \u2026<\/strong> Ces champs fonctionnent comme Visite du \u2026 au \u2026 pour s\u00e9lectionner les personnes qui sont pass\u00e9es dans vos permanences en fonction de la date (par exemple et pour rappel Visite du 01\/01\/2017 au 31\/12\/2017 permet d\u2019afficher tous les dossiers des personnes accueillies courant de l\u2019ann\u00e9e 2017). Donc si je fais une nouvelle recherche Premi\u00e8re visite du 01\/01\/2017 au 31\/12\/2017, cela me permettra de ne s\u00e9lectionner que les nouvelles personnes accueillies courant 2017 dans ma structure.<\/li>\n<li><strong>Modification de l&rsquo;ergonomie du logiciel<\/strong> avec passage de l\u2019onglet Cadenas (o\u00f9 vous pouvez g\u00e9rer vos codes d\u2019acc\u00e8s) en haut \u00e0 droite et rajout d\u2019un onglet logo PAPPU qui permet d\u2019ouvrir directement une fen\u00eatre dans votre navigateur sur la page de connexion du site PAPPU (pour visualiser vos stats plus facilement).<\/li>\n<li><strong>Export CSV du dossier d\u2019une personne<\/strong> avec les donn\u00e9es sur les Visites, Sujets et Actions (encore en cours de d\u00e9veloppement)<\/li>\n<li>Rajout d\u2019un onglet <strong>Lexique<\/strong> (encore en cours de d\u00e9veloppement)<\/li>\n<\/ul>\n<p>Liste des derniers d\u00e9veloppements &lsquo;g\u00e9n\u00e9raux&rsquo; dans l&rsquo;interface web PAPPU :<\/p>\n<ul>\n<li>Ajout d\u2019un champ <strong>statistique par Age<\/strong> qui pr\u00e9sente en fait l\u2019ann\u00e9e de naissance (auparavant nous n\u2019avions qu\u2019une s\u00e9lection par tranche d\u2019\u00e2ge fixe que nous avons quand m\u00eame gard\u00e9). Il est donc possible maintenant de faire un tri (et donc un export) des donn\u00e9es en fonction de l\u2019ann\u00e9e de naissance des personnes accueillies<\/li>\n<li>Nouvelle statistique <strong>nombre de nouvelles personnes re\u00e7ues par ann\u00e9e<\/strong><\/li>\n<li>Nouvelle statistique <strong>signataire CIR<\/strong><\/li>\n<\/ul>\n<p>&nbsp;<\/p>\n<p>&nbsp;<\/p>\n<p>[\/et_pb_toggle][\/et_pb_column][\/et_pb_row][et_pb_row custom_padding=\u00a0\u00bb25px|0px|18px|0px\u00a0\u00bb padding_mobile=\u00a0\u00bboff\u00a0\u00bb column_padding_mobile=\u00a0\u00bbon\u00a0\u00bb _builder_version=\u00a0\u00bb3.22.3&Prime; background_size=\u00a0\u00bbinitial\u00a0\u00bb background_position=\u00a0\u00bbtop_left\u00a0\u00bb background_repeat=\u00a0\u00bbrepeat\u00a0\u00bb make_fullwidth=\u00a0\u00bboff\u00a0\u00bb use_custom_width=\u00a0\u00bboff\u00a0\u00bb width_unit=\u00a0\u00bboff\u00a0\u00bb custom_width_px=\u00a0\u00bb1080px\u00a0\u00bb custom_width_percent=\u00a0\u00bb80%\u00a0\u00bb][et_pb_column type=\u00a0\u00bb1_4&Prime; _builder_version=\u00a0\u00bb3.0.47&Prime;][et_pb_image src=\u00a0\u00bbhttp:\/\/www.pappu.fr\/pappuwp\/wp-content\/uploads\/2017\/10\/logo_pa.png\u00a0\u00bb url=\u00a0\u00bbhttp:\/\/espace.asso.fr\/paade.pdf\u00a0\u00bb url_new_window=\u00a0\u00bbon\u00a0\u00bb align=\u00a0\u00bbcenter\u00a0\u00bb align_tablet=\u00a0\u00bbcenter\u00a0\u00bb align_last_edited=\u00a0\u00bbon|desktop\u00a0\u00bb _builder_version=\u00a0\u00bb3.23&Prime; max_width=\u00a0\u00bb90px\u00a0\u00bb use_border_color=\u00a0\u00bboff\u00a0\u00bb border_color=\u00a0\u00bb#ffffff\u00a0\u00bb border_style=\u00a0\u00bbsolid\u00a0\u00bb animation=\u00a0\u00bboff\u00a0\u00bb sticky=\u00a0\u00bboff\u00a0\u00bb always_center_on_mobile=\u00a0\u00bbon\u00a0\u00bb]<\/p>\n<p>\n&nbsp;<\/p>\n<p>[\/et_pb_image][\/et_pb_column][et_pb_column type=\u00a0\u00bb3_4&Prime; _builder_version=\u00a0\u00bb3.0.47&Prime;][et_pb_toggle title=\u00a0\u00bbR\u00e9union Marseille PAADE \u2013 12 avril\u00a0\u00bb open_toggle_background_color=\u00a0\u00bbrgba(64,130,109,0.19)\u00a0\u00bb closed_toggle_background_color=\u00a0\u00bbrgba(64,130,109,0.19)\u00a0\u00bb _builder_version=\u00a0\u00bb3.0.87&Prime; title_font=\u00a0\u00bb|on|||\u00a0\u00bb title_font_size=\u00a0\u00bb14&Prime; background_size=\u00a0\u00bbinitial\u00a0\u00bb background_position=\u00a0\u00bbtop_left\u00a0\u00bb background_repeat=\u00a0\u00bbrepeat\u00a0\u00bb use_border_color=\u00a0\u00bboff\u00a0\u00bb border_color=\u00a0\u00bb#ffffff\u00a0\u00bb border_style=\u00a0\u00bbsolid\u00a0\u00bb]<\/p>\n<p>\nR\u00e9union du r\u00e9seau des Points d\u2019Appui et d\u2019Acc\u00e8s aux Droits des \u00c9trangers et pr\u00e9sentation des derniers d\u00e9veloppements de PAPPU.<\/p>\n<p>Plusieurs d\u00e9cisions suite \u00e0 cette r\u00e9union :<\/p>\n<ul>\n<li>l&rsquo;organisation d&rsquo;une formation de remise \u00e0 niveau pour les nouvelles utilisatrices de PAPPU ayant int\u00e9gr\u00e9es r\u00e9cemment le r\u00e9seau des PAADE.<\/li>\n<li>faire un point sp\u00e9cifique lors de la prochaine r\u00e9union sur l&rsquo;utilisation de l&rsquo;Annuaire<\/li>\n<li>en parall\u00e8le, mettre en ligne un tutoriel sur l&rsquo;utilisation de l&rsquo;Annuaire<\/li>\n<\/ul>\n<p>[\/et_pb_toggle][\/et_pb_column][\/et_pb_row][et_pb_row custom_padding=\u00a0\u00bb25px|0px|18px|0px\u00a0\u00bb padding_mobile=\u00a0\u00bboff\u00a0\u00bb column_padding_mobile=\u00a0\u00bbon\u00a0\u00bb _builder_version=\u00a0\u00bb3.22.3&Prime; background_size=\u00a0\u00bbinitial\u00a0\u00bb background_position=\u00a0\u00bbtop_left\u00a0\u00bb background_repeat=\u00a0\u00bbrepeat\u00a0\u00bb make_fullwidth=\u00a0\u00bboff\u00a0\u00bb use_custom_width=\u00a0\u00bboff\u00a0\u00bb width_unit=\u00a0\u00bboff\u00a0\u00bb custom_width_px=\u00a0\u00bb1080px\u00a0\u00bb custom_width_percent=\u00a0\u00bb80%\u00a0\u00bb][et_pb_column type=\u00a0\u00bb1_4&Prime; _builder_version=\u00a0\u00bb3.0.47&Prime;][et_pb_image src=\u00a0\u00bbhttp:\/\/www.pappu.fr\/pappuwp\/wp-content\/uploads\/2018\/04\/PAPPU_Langue.jpg\u00a0\u00bb url=\u00a0\u00bbhttps:\/\/www.cofrimi.com\/\u00a0\u00bb url_new_window=\u00a0\u00bbon\u00a0\u00bb align=\u00a0\u00bbcenter\u00a0\u00bb align_tablet=\u00a0\u00bbcenter\u00a0\u00bb align_last_edited=\u00a0\u00bbon|desktop\u00a0\u00bb _builder_version=\u00a0\u00bb3.23&Prime; max_width=\u00a0\u00bb80px\u00a0\u00bb use_border_color=\u00a0\u00bboff\u00a0\u00bb border_color=\u00a0\u00bb#ffffff\u00a0\u00bb border_style=\u00a0\u00bbsolid\u00a0\u00bb animation=\u00a0\u00bboff\u00a0\u00bb sticky=\u00a0\u00bboff\u00a0\u00bb always_center_on_mobile=\u00a0\u00bbon\u00a0\u00bb]<\/p>\n<p>\n&nbsp;<\/p>\n<p>[\/et_pb_image][\/et_pb_column][et_pb_column type=\u00a0\u00bb3_4&Prime; _builder_version=\u00a0\u00bb3.0.47&Prime;][et_pb_toggle title=\u00a0\u00bbModule d&rsquo;acc\u00e8s \u00e0 la langue &#8211; Rencontre avec le CRI PACA &#8211; 26 mars\u00a0\u00bb open_toggle_background_color=\u00a0\u00bbrgba(64,130,109,0.19)\u00a0\u00bb closed_toggle_background_color=\u00a0\u00bbrgba(64,130,109,0.19)\u00a0\u00bb _builder_version=\u00a0\u00bb3.0.87&Prime; title_font=\u00a0\u00bb|on|||\u00a0\u00bb title_font_size=\u00a0\u00bb14&Prime; background_size=\u00a0\u00bbinitial\u00a0\u00bb background_position=\u00a0\u00bbtop_left\u00a0\u00bb background_repeat=\u00a0\u00bbrepeat\u00a0\u00bb use_border_color=\u00a0\u00bboff\u00a0\u00bb border_color=\u00a0\u00bb#ffffff\u00a0\u00bb border_style=\u00a0\u00bbsolid\u00a0\u00bb]<\/p>\n<p>\nDans le cadre du d\u00e9veloppement du module d&rsquo;acc\u00e8s \u00e0 la langue dans PAPPU, une rencontre de travail a \u00e9t\u00e9 organis\u00e9e dans les locaux du <a href=\"https:\/\/www.illettrisme.org\/\" target=\"_blank\" rel=\"noopener noreferrer\">CRI PACA<\/a> le 26 mars dernier.<\/p>\n<p>[\/et_pb_toggle][\/et_pb_column][\/et_pb_row][et_pb_row custom_padding=\u00a0\u00bb25px|0px|18px|0px\u00a0\u00bb padding_mobile=\u00a0\u00bboff\u00a0\u00bb column_padding_mobile=\u00a0\u00bbon\u00a0\u00bb _builder_version=\u00a0\u00bb3.22.3&Prime; background_size=\u00a0\u00bbinitial\u00a0\u00bb background_position=\u00a0\u00bbtop_left\u00a0\u00bb background_repeat=\u00a0\u00bbrepeat\u00a0\u00bb make_fullwidth=\u00a0\u00bboff\u00a0\u00bb use_custom_width=\u00a0\u00bboff\u00a0\u00bb width_unit=\u00a0\u00bboff\u00a0\u00bb custom_width_px=\u00a0\u00bb1080px\u00a0\u00bb custom_width_percent=\u00a0\u00bb80%\u00a0\u00bb][et_pb_column type=\u00a0\u00bb1_4&Prime; _builder_version=\u00a0\u00bb3.0.47&Prime;][et_pb_image src=\u00a0\u00bbhttp:\/\/www.pappu.fr\/pappuwp\/wp-content\/uploads\/2017\/10\/REGIONS_OCCITANIE.png\u00a0\u00bb url=\u00a0\u00bbhttps:\/\/www.cofrimi.com\/\u00a0\u00bb url_new_window=\u00a0\u00bbon\u00a0\u00bb align=\u00a0\u00bbcenter\u00a0\u00bb align_tablet=\u00a0\u00bbcenter\u00a0\u00bb align_last_edited=\u00a0\u00bbon|desktop\u00a0\u00bb _builder_version=\u00a0\u00bb3.23&Prime; max_width=\u00a0\u00bb120px\u00a0\u00bb use_border_color=\u00a0\u00bboff\u00a0\u00bb border_color=\u00a0\u00bb#ffffff\u00a0\u00bb border_style=\u00a0\u00bbsolid\u00a0\u00bb animation=\u00a0\u00bboff\u00a0\u00bb sticky=\u00a0\u00bboff\u00a0\u00bb always_center_on_mobile=\u00a0\u00bbon\u00a0\u00bb]<\/p>\n<p>\n&nbsp;<\/p>\n<p>[\/et_pb_image][\/et_pb_column][et_pb_column type=\u00a0\u00bb3_4&Prime; _builder_version=\u00a0\u00bb3.0.47&Prime;][et_pb_toggle title=\u00a0\u00bbNouvelle rencontre en Occitanie &#8211; 21 mars\u00a0\u00bb open_toggle_background_color=\u00a0\u00bbrgba(64,130,109,0.19)\u00a0\u00bb closed_toggle_background_color=\u00a0\u00bbrgba(64,130,109,0.19)\u00a0\u00bb _builder_version=\u00a0\u00bb3.0.87&Prime; title_font=\u00a0\u00bb|on|||\u00a0\u00bb title_font_size=\u00a0\u00bb14&Prime; background_size=\u00a0\u00bbinitial\u00a0\u00bb background_position=\u00a0\u00bbtop_left\u00a0\u00bb background_repeat=\u00a0\u00bbrepeat\u00a0\u00bb use_border_color=\u00a0\u00bboff\u00a0\u00bb border_color=\u00a0\u00bb#ffffff\u00a0\u00bb border_style=\u00a0\u00bbsolid\u00a0\u00bb]<\/p>\n<p>\nUne nouvelle rencontre s&rsquo;est tenue \u00e0 Toulouse dans les locaux du <a href=\"https:\/\/www.cofrimi.com\/\" target=\"_blank\" rel=\"noopener noreferrer\">COFRIMI<\/a> pour faire un retour d&rsquo;utilisation de PAPPU par les PAO (Points d&rsquo;Acc\u00e8s et d&rsquo;Orientation).<\/p>\n<p>Une seconde r\u00e9union s&rsquo;est d\u00e9roul\u00e9e dans la journ\u00e9e dans les locaux de la DRDJSCS Occitanie en pr\u00e9sence de l&rsquo;association <a href=\"http:\/\/www.ressources-territoires.com\/\" target=\"_blank\" rel=\"noopener noreferrer\">Ressources et Territoires<\/a> pour faire un point travail sur le d\u00e9veloppement du module d&rsquo;acc\u00e8s \u00e0 la langue dans PAPPU.<\/p>\n<p>[\/et_pb_toggle][\/et_pb_column][\/et_pb_row][et_pb_row custom_padding=\u00a0\u00bb25px|0px|18px|0px\u00a0\u00bb padding_mobile=\u00a0\u00bboff\u00a0\u00bb column_padding_mobile=\u00a0\u00bbon\u00a0\u00bb _builder_version=\u00a0\u00bb3.22.3&Prime; background_size=\u00a0\u00bbinitial\u00a0\u00bb background_position=\u00a0\u00bbtop_left\u00a0\u00bb background_repeat=\u00a0\u00bbrepeat\u00a0\u00bb make_fullwidth=\u00a0\u00bboff\u00a0\u00bb use_custom_width=\u00a0\u00bboff\u00a0\u00bb width_unit=\u00a0\u00bboff\u00a0\u00bb custom_width_px=\u00a0\u00bb1080px\u00a0\u00bb custom_width_percent=\u00a0\u00bb80%\u00a0\u00bb][et_pb_column type=\u00a0\u00bb1_4&Prime; _builder_version=\u00a0\u00bb3.0.47&Prime;][et_pb_image src=\u00a0\u00bbhttp:\/\/www.pappu.fr\/pappuwp\/wp-content\/uploads\/2018\/04\/logo_ASUD.jpg\u00a0\u00bb url=\u00a0\u00bbhttps:\/\/www.cofrimi.com\/\u00a0\u00bb url_new_window=\u00a0\u00bbon\u00a0\u00bb align=\u00a0\u00bbcenter\u00a0\u00bb align_tablet=\u00a0\u00bbcenter\u00a0\u00bb align_last_edited=\u00a0\u00bbon|desktop\u00a0\u00bb _builder_version=\u00a0\u00bb3.23&Prime; max_width=\u00a0\u00bb80px\u00a0\u00bb use_border_color=\u00a0\u00bboff\u00a0\u00bb border_color=\u00a0\u00bb#ffffff\u00a0\u00bb border_style=\u00a0\u00bbsolid\u00a0\u00bb animation=\u00a0\u00bboff\u00a0\u00bb sticky=\u00a0\u00bboff\u00a0\u00bb always_center_on_mobile=\u00a0\u00bbon\u00a0\u00bb]<\/p>\n<p>\n&nbsp;<\/p>\n<p>[\/et_pb_image][\/et_pb_column][et_pb_column type=\u00a0\u00bb3_4&Prime; _builder_version=\u00a0\u00bb3.0.47&Prime;][et_pb_toggle title=\u00a0\u00bbFormation PAPPU ASUD Marseille &#8211; 05 mars\u00a0\u00bb open_toggle_background_color=\u00a0\u00bbrgba(64,130,109,0.19)\u00a0\u00bb closed_toggle_background_color=\u00a0\u00bbrgba(64,130,109,0.19)\u00a0\u00bb _builder_version=\u00a0\u00bb3.0.87&Prime; title_font=\u00a0\u00bb|on|||\u00a0\u00bb title_font_size=\u00a0\u00bb14&Prime; background_size=\u00a0\u00bbinitial\u00a0\u00bb background_position=\u00a0\u00bbtop_left\u00a0\u00bb background_repeat=\u00a0\u00bbrepeat\u00a0\u00bb use_border_color=\u00a0\u00bboff\u00a0\u00bb border_color=\u00a0\u00bb#ffffff\u00a0\u00bb border_style=\u00a0\u00bbsolid\u00a0\u00bb]<\/p>\n<p>\nSession de formation \u00e0 PAPPU de l&rsquo;\u00e9quipe de la branche marseillaise d&rsquo;ASUD dans le cadre du d\u00e9veloppement de leurs nouvelles activit\u00e9s.<\/p>\n<p>Pour rappel,<em> l\u2019association ASUD a \u00e9t\u00e9 cr\u00e9\u00e9e en 1992 en r\u00e9action \u00e0 l\u2019\u00e9pid\u00e9mie du virus du Sida qui s\u2019est propag\u00e9e massivement au sein de la communaut\u00e9 des usagers de drogues injecteurs sur Marseille. L\u2019association repr\u00e9sente alors le premier groupe d\u2019auto-support d\u2019usagers de drogues en France ne revendiquant pas l\u2019abstinence, conscient de devoir agir pour ne pas voir mourir leurs pairs du VIH. ASUD \u0153uvre pour la R\u00e9duction Des Risques, la promotion de la Sant\u00e9 et la Citoyennet\u00e9 des personnes. L\u2019association s\u2019est construite gr\u00e2ce \u00e0 la co-mobilisation des usagers pour venir en aide et soutenir d\u2019autres usagers, selon le principe d\u2019entraide. Depuis 2006, ASUD a l\u2019agr\u00e9ment CAARUD (Centre d\u2019Accueil et d\u2019Accompagnement \u00e0 la RDR des Usagers de Drogues) et devient alors un \u00e9tablissement m\u00e9dico-social <\/em>(cf. site ASUD).<\/p>\n<p>&nbsp;<\/p>\n<p>[\/et_pb_toggle][\/et_pb_column][\/et_pb_row][et_pb_row custom_padding=\u00a0\u00bb25px|0px|18px|0px\u00a0\u00bb padding_mobile=\u00a0\u00bboff\u00a0\u00bb column_padding_mobile=\u00a0\u00bbon\u00a0\u00bb _builder_version=\u00a0\u00bb3.22.3&Prime; background_size=\u00a0\u00bbinitial\u00a0\u00bb background_position=\u00a0\u00bbtop_left\u00a0\u00bb background_repeat=\u00a0\u00bbrepeat\u00a0\u00bb make_fullwidth=\u00a0\u00bboff\u00a0\u00bb use_custom_width=\u00a0\u00bboff\u00a0\u00bb width_unit=\u00a0\u00bboff\u00a0\u00bb custom_width_px=\u00a0\u00bb1080px\u00a0\u00bb custom_width_percent=\u00a0\u00bb80%\u00a0\u00bb][et_pb_column type=\u00a0\u00bb1_4&Prime; _builder_version=\u00a0\u00bb3.0.47&Prime;][et_pb_image src=\u00a0\u00bbhttp:\/\/www.pappu.fr\/pappuwp\/wp-content\/uploads\/2018\/04\/PAPPU_Langue.jpg\u00a0\u00bb url=\u00a0\u00bbhttps:\/\/www.cofrimi.com\/\u00a0\u00bb url_new_window=\u00a0\u00bbon\u00a0\u00bb align=\u00a0\u00bbcenter\u00a0\u00bb align_tablet=\u00a0\u00bbcenter\u00a0\u00bb align_last_edited=\u00a0\u00bbon|desktop\u00a0\u00bb _builder_version=\u00a0\u00bb3.23&Prime; max_width=\u00a0\u00bb80px\u00a0\u00bb use_border_color=\u00a0\u00bboff\u00a0\u00bb border_color=\u00a0\u00bb#ffffff\u00a0\u00bb border_style=\u00a0\u00bbsolid\u00a0\u00bb animation=\u00a0\u00bboff\u00a0\u00bb sticky=\u00a0\u00bboff\u00a0\u00bb always_center_on_mobile=\u00a0\u00bbon\u00a0\u00bb]<\/p>\n<p>\n&nbsp;<\/p>\n<p>[\/et_pb_image][\/et_pb_column][et_pb_column type=\u00a0\u00bb3_4&Prime; _builder_version=\u00a0\u00bb3.0.47&Prime;][et_pb_toggle title=\u00a0\u00bbNouveau module d&rsquo;acc\u00e8s \u00e0 la langue dans PAPPU &#8211; 01 f\u00e9vrier\u00a0\u00bb open_toggle_background_color=\u00a0\u00bbrgba(64,130,109,0.19)\u00a0\u00bb closed_toggle_background_color=\u00a0\u00bbrgba(64,130,109,0.19)\u00a0\u00bb _builder_version=\u00a0\u00bb3.0.87&Prime; title_font=\u00a0\u00bb|on|||\u00a0\u00bb title_font_size=\u00a0\u00bb14&Prime; background_size=\u00a0\u00bbinitial\u00a0\u00bb background_position=\u00a0\u00bbtop_left\u00a0\u00bb background_repeat=\u00a0\u00bbrepeat\u00a0\u00bb use_border_color=\u00a0\u00bboff\u00a0\u00bb border_color=\u00a0\u00bb#ffffff\u00a0\u00bb border_style=\u00a0\u00bbsolid\u00a0\u00bb]<\/p>\n<p>\nLe financement <strong>DAEEN<\/strong> pour le d\u00e9veloppement d&rsquo;un <strong>module d&rsquo;acc\u00e8s \u00e0 la langue<\/strong> dans PAPPU a \u00e9t\u00e9 valid\u00e9.<\/p>\n<p>Le logiciel PAPPU, con\u00e7u initialement pour les acteurs de l\u2019acc\u00e8s aux droits des \u00e9trangers, a \u00e9volu\u00e9 pour pouvoir \u00eatre utilis\u00e9 par la plupart des structures accueillant des publics \u00e9trangers, qu\u2019ils soient r\u00e9sidents de longue date, primo-arrivants, demandeurs d\u2019asile ou r\u00e9fugi\u00e9s.<\/p>\n<p>Un certain nombre de ces structures proposent aux \u00e9trangers primo-arrivants des <strong>ateliers sociolinguistiques (ASL) sur l\u2019apprentissage de la langue ou sur la citoyennet\u00e9<\/strong>. Cependant, ils ne peuvent utiliser PAPPU dans sa configuration actuelle comme outil de suivi et d\u2019\u00e9valuation de leur activit\u00e9.<\/p>\n<p>Le travail men\u00e9 en 2017 a \u00e9t\u00e9 de r\u00e9fl\u00e9chir \u00e0 la mise en place technique pour l\u2019ajout d\u2019un nouveau module d\u2019acc\u00e8s \u00e0 la langue dans l\u2019application PAPPU.<\/p>\n<p>Une phase de rencontre des acteurs du territoire proposant des ateliers linguistiques est pr\u00e9vu durant les prochains mois afin de proposer un module s&rsquo;adaptant au plus pr\u00e8s de leurs attentes. Plus d&rsquo;informations dans les semaines \u00e0 venir.<\/p>\n<p>Ce nouveau module devrait \u00eatre termin\u00e9 pour d\u00e9but d&rsquo;\u00e9t\u00e9 2018.<\/p>\n<p>[\/et_pb_toggle][\/et_pb_column][\/et_pb_row][et_pb_row custom_padding=\u00a0\u00bb25px|0px|18px|0px\u00a0\u00bb padding_mobile=\u00a0\u00bboff\u00a0\u00bb column_padding_mobile=\u00a0\u00bbon\u00a0\u00bb _builder_version=\u00a0\u00bb3.22.3&Prime; background_size=\u00a0\u00bbinitial\u00a0\u00bb background_position=\u00a0\u00bbtop_left\u00a0\u00bb background_repeat=\u00a0\u00bbrepeat\u00a0\u00bb make_fullwidth=\u00a0\u00bboff\u00a0\u00bb use_custom_width=\u00a0\u00bboff\u00a0\u00bb width_unit=\u00a0\u00bboff\u00a0\u00bb custom_width_px=\u00a0\u00bb1080px\u00a0\u00bb custom_width_percent=\u00a0\u00bb80%\u00a0\u00bb][et_pb_column type=\u00a0\u00bb1_4&Prime; _builder_version=\u00a0\u00bb3.0.47&Prime;][et_pb_image src=\u00a0\u00bbhttp:\/\/www.pappu.fr\/pappuwp\/wp-content\/uploads\/2017\/10\/bug-logo.png\u00a0\u00bb url_new_window=\u00a0\u00bbon\u00a0\u00bb align=\u00a0\u00bbcenter\u00a0\u00bb align_tablet=\u00a0\u00bbcenter\u00a0\u00bb align_last_edited=\u00a0\u00bbon|desktop\u00a0\u00bb _builder_version=\u00a0\u00bb3.23&Prime; max_width=\u00a0\u00bb80px\u00a0\u00bb use_border_color=\u00a0\u00bboff\u00a0\u00bb border_color=\u00a0\u00bb#ffffff\u00a0\u00bb border_style=\u00a0\u00bbsolid\u00a0\u00bb animation=\u00a0\u00bboff\u00a0\u00bb sticky=\u00a0\u00bboff\u00a0\u00bb always_center_on_mobile=\u00a0\u00bbon\u00a0\u00bb]<\/p>\n<p>\n&nbsp;<\/p>\n<p>[\/et_pb_image][\/et_pb_column][et_pb_column type=\u00a0\u00bb3_4&Prime; _builder_version=\u00a0\u00bb3.0.47&Prime;][et_pb_toggle title=\u00a0\u00bbLe BUG des stats %22Hotline%22 est corrig\u00e9 &#8211; 24 Janvier\u00a0\u00bb open_toggle_background_color=\u00a0\u00bbrgba(64,130,109,0.19)\u00a0\u00bb closed_toggle_background_color=\u00a0\u00bbrgba(64,130,109,0.19)\u00a0\u00bb _builder_version=\u00a0\u00bb3.0.87&Prime; title_font=\u00a0\u00bb|on|||\u00a0\u00bb title_font_size=\u00a0\u00bb14&Prime; background_size=\u00a0\u00bbinitial\u00a0\u00bb background_position=\u00a0\u00bbtop_left\u00a0\u00bb background_repeat=\u00a0\u00bbrepeat\u00a0\u00bb use_border_color=\u00a0\u00bboff\u00a0\u00bb border_color=\u00a0\u00bb#ffffff\u00a0\u00bb border_style=\u00a0\u00bbsolid\u00a0\u00bb]<\/p>\n<p>\nL&rsquo;acc\u00e8s aux statistiques de la \u00ab\u00a0Hotline\u00a0\u00bb pour \u00e9valuer l\u2019activit\u00e9 d\u2019information et d\u2019expertise apport\u00e9es aux structures partenaires, en renseignant les sujets abord\u00e9s et les actions r\u00e9alis\u00e9es, est de nouveau disponible.<\/p>\n<p>Si vous constatez d&rsquo;autres bugs, veuillez nous contacter \u00e0 <a href=\"mailto:polo@espace.asso.fr\">cette adresse<\/a>.<\/p>\n<p>[\/et_pb_toggle][\/et_pb_column][\/et_pb_row][et_pb_row custom_padding=\u00a0\u00bb25px|0px|18px|0px\u00a0\u00bb padding_mobile=\u00a0\u00bboff\u00a0\u00bb column_padding_mobile=\u00a0\u00bbon\u00a0\u00bb _builder_version=\u00a0\u00bb3.22.3&Prime; background_size=\u00a0\u00bbinitial\u00a0\u00bb background_position=\u00a0\u00bbtop_left\u00a0\u00bb background_repeat=\u00a0\u00bbrepeat\u00a0\u00bb make_fullwidth=\u00a0\u00bboff\u00a0\u00bb use_custom_width=\u00a0\u00bboff\u00a0\u00bb width_unit=\u00a0\u00bboff\u00a0\u00bb custom_width_px=\u00a0\u00bb1080px\u00a0\u00bb custom_width_percent=\u00a0\u00bb80%\u00a0\u00bb][et_pb_column type=\u00a0\u00bb1_4&Prime; _builder_version=\u00a0\u00bb3.0.47&Prime;][et_pb_image src=\u00a0\u00bbhttp:\/\/www.pappu.fr\/pappuwp\/wp-content\/uploads\/2018\/04\/liste_logo.png\u00a0\u00bb url_new_window=\u00a0\u00bbon\u00a0\u00bb align=\u00a0\u00bbcenter\u00a0\u00bb align_tablet=\u00a0\u00bbcenter\u00a0\u00bb align_last_edited=\u00a0\u00bbon|desktop\u00a0\u00bb _builder_version=\u00a0\u00bb3.23&Prime; max_width=\u00a0\u00bb70px\u00a0\u00bb use_border_color=\u00a0\u00bboff\u00a0\u00bb border_color=\u00a0\u00bb#ffffff\u00a0\u00bb border_style=\u00a0\u00bbsolid\u00a0\u00bb animation=\u00a0\u00bboff\u00a0\u00bb sticky=\u00a0\u00bboff\u00a0\u00bb always_center_on_mobile=\u00a0\u00bbon\u00a0\u00bb]<\/p>\n<p>\n&nbsp;<\/p>\n<p>[\/et_pb_image][\/et_pb_column][et_pb_column type=\u00a0\u00bb3_4&Prime; _builder_version=\u00a0\u00bb3.0.47&Prime;][et_pb_toggle title=\u00a0\u00bbPAPPU, on en a parl\u00e9 en 2017&Prime; open_toggle_background_color=\u00a0\u00bbrgba(64,130,109,0.19)\u00a0\u00bb closed_toggle_background_color=\u00a0\u00bbrgba(64,130,109,0.19)\u00a0\u00bb _builder_version=\u00a0\u00bb3.0.87&Prime; title_font=\u00a0\u00bb|on|||\u00a0\u00bb title_font_size=\u00a0\u00bb14&Prime; background_size=\u00a0\u00bbinitial\u00a0\u00bb background_position=\u00a0\u00bbtop_left\u00a0\u00bb background_repeat=\u00a0\u00bbrepeat\u00a0\u00bb use_border_color=\u00a0\u00bboff\u00a0\u00bb border_color=\u00a0\u00bb#ffffff\u00a0\u00bb border_style=\u00a0\u00bbsolid\u00a0\u00bb]<\/p>\n<p>\nPlusieurs temps d\u2019\u00e9changes et de pr\u00e9sentation de nos outils dont PAPPU ont \u00e9t\u00e9 r\u00e9alis\u00e9s en r\u00e9gion PACA au cours de l&rsquo;ann\u00e9e 2017 :<\/p>\n<ul>\n<li>Lors d\u2019une intervention \u00e0 un Comit\u00e9 de pilotage regroupant les charg\u00e9s de mission \u00ab\u00a0Int\u00e9gration\u00a0\u00bb des DDCS, organis\u00e9 par la DRDJSCS le 3 f\u00e9vrier 2017\u00a0;<\/li>\n<li>Lors d\u2019une formation mise en place par <a href=\"http:\/\/ancrages.org\/\" target=\"_blank\" rel=\"noopener noreferrer\">Ancrages<\/a> \u00e0 Marseille \u00ab\u00a0Alt\u00e9rit\u00e9s, au croisement de nos repr\u00e9sentations \u00bb le 08 mars 2017\u00a0;<\/li>\n<li>Lors d\u2019une rencontre avec la <a href=\"https:\/\/www.lacimade.org\/\" target=\"_blank\" rel=\"noopener noreferrer\">Cimade<\/a> PACA souhaitant mieux connaitre l\u2019outil PAPPU avant de l\u2019utiliser\u00a0;<\/li>\n<li>Lors d\u2019une rencontre dans les Alpes-de-Haute-Provence aupr\u00e8s des acteurs mobilis\u00e9s sur la question de l\u2019accueil des \u00e9trangers le 19 septembre 2017\u00a0;<\/li>\n<li>Lors de la venue \u00e0 Marseille d\u2019un charg\u00e9 de mission de la DAAEN le 14 novembre 2017\u00a0;<\/li>\n<li>Lors d\u2019une intervention aupr\u00e8s des b\u00e9n\u00e9voles de l\u2019<a href=\"http:\/\/www.encre-bleue.com\/\" target=\"_blank\" rel=\"noopener noreferrer\">Encre Bleue<\/a> \u00e0 Marseille, le 23 novembre 2017\u00a0;<\/li>\n<li>Lors d\u2019une rencontre \u00e0 ESPACE avec les centres de ressources de la R\u00e9gion et la DRDJSCS le 13 d\u00e9cembre 2017.<\/li>\n<\/ul>\n<p>[\/et_pb_toggle][\/et_pb_column][\/et_pb_row][et_pb_row custom_padding=\u00a0\u00bb25px|0px|18px|0px\u00a0\u00bb padding_mobile=\u00a0\u00bboff\u00a0\u00bb column_padding_mobile=\u00a0\u00bbon\u00a0\u00bb _builder_version=\u00a0\u00bb3.22.3&Prime; background_size=\u00a0\u00bbinitial\u00a0\u00bb background_position=\u00a0\u00bbtop_left\u00a0\u00bb background_repeat=\u00a0\u00bbrepeat\u00a0\u00bb make_fullwidth=\u00a0\u00bboff\u00a0\u00bb use_custom_width=\u00a0\u00bboff\u00a0\u00bb width_unit=\u00a0\u00bboff\u00a0\u00bb custom_width_px=\u00a0\u00bb1080px\u00a0\u00bb custom_width_percent=\u00a0\u00bb80%\u00a0\u00bb][et_pb_column type=\u00a0\u00bb1_4&Prime; _builder_version=\u00a0\u00bb3.0.47&Prime;][et_pb_image src=\u00a0\u00bbhttp:\/\/www.pappu.fr\/pappuwp\/wp-content\/uploads\/2017\/10\/REGIONS_HAUTS_FRANCE.png\u00a0\u00bb url_new_window=\u00a0\u00bbon\u00a0\u00bb align=\u00a0\u00bbcenter\u00a0\u00bb align_tablet=\u00a0\u00bbcenter\u00a0\u00bb align_last_edited=\u00a0\u00bbon|desktop\u00a0\u00bb _builder_version=\u00a0\u00bb3.23&Prime; max_width=\u00a0\u00bb120px\u00a0\u00bb use_border_color=\u00a0\u00bboff\u00a0\u00bb border_color=\u00a0\u00bb#ffffff\u00a0\u00bb border_style=\u00a0\u00bbsolid\u00a0\u00bb animation=\u00a0\u00bboff\u00a0\u00bb sticky=\u00a0\u00bboff\u00a0\u00bb always_center_on_mobile=\u00a0\u00bbon\u00a0\u00bb]<\/p>\n<p>\n&nbsp;<\/p>\n<p>[\/et_pb_image][\/et_pb_column][et_pb_column type=\u00a0\u00bb3_4&Prime; _builder_version=\u00a0\u00bb3.0.47&Prime;][et_pb_toggle title=\u00a0\u00bbRencontre avec la DRDJSCS des Hauts de France &#8211; 01 D\u00e9cembre\u00a0\u00bb open_toggle_background_color=\u00a0\u00bbrgba(64,130,109,0.19)\u00a0\u00bb closed_toggle_background_color=\u00a0\u00bbrgba(64,130,109,0.19)\u00a0\u00bb _builder_version=\u00a0\u00bb3.0.87&Prime; title_font=\u00a0\u00bb|on|||\u00a0\u00bb title_font_size=\u00a0\u00bb14&Prime; background_size=\u00a0\u00bbinitial\u00a0\u00bb background_position=\u00a0\u00bbtop_left\u00a0\u00bb background_repeat=\u00a0\u00bbrepeat\u00a0\u00bb use_border_color=\u00a0\u00bboff\u00a0\u00bb border_color=\u00a0\u00bb#ffffff\u00a0\u00bb border_style=\u00a0\u00bbsolid\u00a0\u00bb]<\/p>\n<p>\nUn rencontre a eu lieu avec le charg\u00e9 de mission \u00ab\u00a0Int\u00e9gration\u00a0\u00bb de la DRDJSCS \u00e0 Lille. A l\u2019issu de cette premi\u00e8re rencontre de pr\u00e9sentation de nos outils, ce dernier nous a signifi\u00e9 tout l\u2019int\u00e9r\u00eat qu\u2019il portait \u00e0 notre action et son projet d\u2019organiser une rencontre partenariale associant les acteurs en d\u00e9but d\u2019ann\u00e9e 2018.<\/p>\n<p>[\/et_pb_toggle][\/et_pb_column][\/et_pb_row][et_pb_row custom_padding=\u00a0\u00bb25px|0px|18px|0px\u00a0\u00bb padding_mobile=\u00a0\u00bboff\u00a0\u00bb column_padding_mobile=\u00a0\u00bbon\u00a0\u00bb _builder_version=\u00a0\u00bb3.22.3&Prime; background_size=\u00a0\u00bbinitial\u00a0\u00bb background_position=\u00a0\u00bbtop_left\u00a0\u00bb background_repeat=\u00a0\u00bbrepeat\u00a0\u00bb make_fullwidth=\u00a0\u00bboff\u00a0\u00bb use_custom_width=\u00a0\u00bboff\u00a0\u00bb width_unit=\u00a0\u00bboff\u00a0\u00bb custom_width_px=\u00a0\u00bb1080px\u00a0\u00bb custom_width_percent=\u00a0\u00bb80%\u00a0\u00bb][et_pb_column type=\u00a0\u00bb1_4&Prime; _builder_version=\u00a0\u00bb3.0.47&Prime;][et_pb_image src=\u00a0\u00bbhttp:\/\/www.pappu.fr\/pappuwp\/wp-content\/uploads\/2017\/10\/REGIONS_NORMANDIE.png\u00a0\u00bb url_new_window=\u00a0\u00bbon\u00a0\u00bb align=\u00a0\u00bbcenter\u00a0\u00bb align_tablet=\u00a0\u00bbcenter\u00a0\u00bb align_last_edited=\u00a0\u00bbon|desktop\u00a0\u00bb _builder_version=\u00a0\u00bb3.23&Prime; max_width=\u00a0\u00bb120px\u00a0\u00bb use_border_color=\u00a0\u00bboff\u00a0\u00bb border_color=\u00a0\u00bb#ffffff\u00a0\u00bb border_style=\u00a0\u00bbsolid\u00a0\u00bb animation=\u00a0\u00bboff\u00a0\u00bb sticky=\u00a0\u00bboff\u00a0\u00bb always_center_on_mobile=\u00a0\u00bbon\u00a0\u00bb]<\/p>\n<p>\n&nbsp;<\/p>\n<p>[\/et_pb_image][\/et_pb_column][et_pb_column type=\u00a0\u00bb3_4&Prime; _builder_version=\u00a0\u00bb3.0.47&Prime;][et_pb_toggle title=\u00a0\u00bbRencontre avec les acteurs de Normandie &#8211; 29 Novembre\u00a0\u00bb open_toggle_background_color=\u00a0\u00bbrgba(64,130,109,0.19)\u00a0\u00bb closed_toggle_background_color=\u00a0\u00bbrgba(64,130,109,0.19)\u00a0\u00bb _builder_version=\u00a0\u00bb3.0.87&Prime; title_font=\u00a0\u00bb|on|||\u00a0\u00bb title_font_size=\u00a0\u00bb14&Prime; background_size=\u00a0\u00bbinitial\u00a0\u00bb background_position=\u00a0\u00bbtop_left\u00a0\u00bb background_repeat=\u00a0\u00bbrepeat\u00a0\u00bb use_border_color=\u00a0\u00bboff\u00a0\u00bb border_color=\u00a0\u00bb#ffffff\u00a0\u00bb border_style=\u00a0\u00bbsolid\u00a0\u00bb]<\/p>\n<p>\nESPACE a r\u00e9alis\u00e9 une premi\u00e8re pr\u00e9sentation du logiciel PAPPU et du r\u00e9pertoire en ligne dans un cadre ouvert \u00e0 la DRDJSCS, aux directions territoriales de l&rsquo;OFII, \u00e9largi aux d\u00e9l\u00e9gu\u00e9s des pr\u00e9fets ainsi qu&rsquo;aux structures qui ont exp\u00e9riment\u00e9 dans le cadre du financement du BOP 104 des plateformes d&rsquo;accueil et d&rsquo;orientation des migrants primo-arrivants :<\/p>\n<ul>\n<li>Accueil Services d\u2019\u00c9vreux<\/li>\n<li>Emploi Service de Rouen<\/li>\n<li>\u00c9ducation &amp; Formation de Rouen<\/li>\n<\/ul>\n<p>[\/et_pb_toggle][\/et_pb_column][\/et_pb_row][et_pb_row custom_padding=\u00a0\u00bb25px|0px|18px|0px\u00a0\u00bb padding_mobile=\u00a0\u00bboff\u00a0\u00bb column_padding_mobile=\u00a0\u00bbon\u00a0\u00bb _builder_version=\u00a0\u00bb3.22.3&Prime; background_size=\u00a0\u00bbinitial\u00a0\u00bb background_position=\u00a0\u00bbtop_left\u00a0\u00bb background_repeat=\u00a0\u00bbrepeat\u00a0\u00bb make_fullwidth=\u00a0\u00bboff\u00a0\u00bb use_custom_width=\u00a0\u00bboff\u00a0\u00bb width_unit=\u00a0\u00bboff\u00a0\u00bb custom_width_px=\u00a0\u00bb1080px\u00a0\u00bb custom_width_percent=\u00a0\u00bb80%\u00a0\u00bb][et_pb_column type=\u00a0\u00bb1_4&Prime; _builder_version=\u00a0\u00bb3.0.47&Prime;][et_pb_image src=\u00a0\u00bbhttp:\/\/www.pappu.fr\/pappuwp\/wp-content\/uploads\/2017\/10\/bug-logo.png\u00a0\u00bb url_new_window=\u00a0\u00bbon\u00a0\u00bb align=\u00a0\u00bbcenter\u00a0\u00bb align_tablet=\u00a0\u00bbcenter\u00a0\u00bb align_last_edited=\u00a0\u00bbon|desktop\u00a0\u00bb _builder_version=\u00a0\u00bb3.23&Prime; max_width=\u00a0\u00bb80px\u00a0\u00bb use_border_color=\u00a0\u00bboff\u00a0\u00bb border_color=\u00a0\u00bb#ffffff\u00a0\u00bb border_style=\u00a0\u00bbsolid\u00a0\u00bb animation=\u00a0\u00bboff\u00a0\u00bb sticky=\u00a0\u00bboff\u00a0\u00bb always_center_on_mobile=\u00a0\u00bbon\u00a0\u00bb]<\/p>\n<p>\n&nbsp;<\/p>\n<p>[\/et_pb_image][\/et_pb_column][et_pb_column type=\u00a0\u00bb3_4&Prime; _builder_version=\u00a0\u00bb3.0.47&Prime;][et_pb_toggle title=\u00a0\u00bbLe BUG des %22Sujets Abord\u00e9s%22 est r\u00e9solu &#8211; 9 Novembre\u00a0\u00bb open_toggle_background_color=\u00a0\u00bbrgba(64,130,109,0.19)\u00a0\u00bb closed_toggle_background_color=\u00a0\u00bbrgba(64,130,109,0.19)\u00a0\u00bb _builder_version=\u00a0\u00bb3.0.87&Prime; title_font=\u00a0\u00bb|on|||\u00a0\u00bb title_font_size=\u00a0\u00bb14&Prime; background_size=\u00a0\u00bbinitial\u00a0\u00bb background_position=\u00a0\u00bbtop_left\u00a0\u00bb background_repeat=\u00a0\u00bbrepeat\u00a0\u00bb use_border_color=\u00a0\u00bboff\u00a0\u00bb border_color=\u00a0\u00bb#ffffff\u00a0\u00bb border_style=\u00a0\u00bbsolid\u00a0\u00bb]<\/p>\n<p>\nDe nombreux utilisateurs nous ont fait part de retours de bugs suite \u00e0 l&rsquo;ajout de nouvelles th\u00e9matiques dans les Sujets Abord\u00e9s dans l&rsquo;application PAPPU, certains champs \u00e9tant automatiquement d\u00e9plac\u00e9s dans d&rsquo;autres th\u00e9matiques. Cette erreur est enfin r\u00e9solue.<\/p>\n<p>Si vous constatez d&rsquo;autres bugs, veuillez nous contacter \u00e0 <a href=\"mailto:polo@espace.asso.fr\">cette adresse<\/a>.<\/p>\n<p>Voici la liste des choix disponibles (en attendant le rajout du module sant\u00e9) :<\/p>\n<p>&nbsp;<\/p>\n<pre>A - DROIT DES \u00c9TRANGERS  \r\n  A - Acquisition nationalit\u00e9  \r\n  A - Aide au retour\r\n  A - Autorisation travail\r\n  A - Contrat Accueil Int\u00e9gration (CAI)\r\n  A - Document Circulation Etranger Mineur (DCEM \/ Titre Identit\u00e9 R\u00e9publicaine TIR)\r\n  A - Nationalit\u00e9 (CNF)\r\n  A - Regroupement familial\r\n  A - Titre S\u00e9jour : 10 ans\r\n  A - Titre S\u00e9jour : travailleurs saisonniers\r\n  A - Titre S\u00e9jour : travailleurs autres\r\n  A - Titre S\u00e9jour VPF\r\n  A - Titre S\u00e9jour VPF : autres\r\n  A - Titre S\u00e9jour : membre de famille d'un ressortissant europ\u00e9en (Pays tiers)\r\n  A - Titre S\u00e9jour : autres\r\n  A - Visa\r\n  A - Visa pr\u00e9fectoral retour\r\n  A - Autres\r\n  A - S\u00e9jour (europ\u00e9en-nes)\r\n\r\nB - DROIT INTERNATIONAL PRIVE - DROIT DE LA FAMILLE\r\n  B - Divorce\r\n  B - Mariage\r\n  B - Recueil l\u00e9gal \/ Kafala\r\n  B - Autres\r\n  B - Filiation\r\n  B - Adoption\r\n  B - Autorit\u00e9 Parentale\r\n  B - R\u00e9pudiation\r\n  B - Exequatur \/ Reconnaissance\r\n\r\nC - DROIT INTERNATIONAL PRIVE - STATUT INDIVIDUEL\r\n  C - Nom\r\n  C - Nationalit\u00e9\r\n  C - Domicile\r\n  C - Autres\r\n\r\nD - DROITS SOCIAUX LIES AU STATUT DES \u00c9TRANGERS\r\n  D - Acc\u00e8s aux soins\r\n  D - Prestations familiales \/ sociales\r\n  D - Autres\r\n\r\nE - DROIT COMMUN \/ ACCOMPAGNEMENT VERS LES SERVICES PUBLICS\r\n  E - Ancien combattant\r\n  E - Ch\u00f4mage\r\n  E - Emploi\r\n  E - Handicap\r\n  E - Imp\u00f4t\r\n  E - Logement\r\n  E - Prestations familiales \/ sociales\r\n  E - Retraite\r\n  E - Scolarisation\r\n  E - Droit du travail\r\n  E - Droit p\u00e9nal\r\n  E - \u00c9change de permis de conduire\r\n  E - Succession\r\n  E - Violences\r\n  E - Formation\r\n  E - Discrimination\r\n  E - Droit des contrats et des consommateurs\r\n  E - Droit des personnes, de la famille\r\n  E - Autres\r\n\r\nF - DROIT D'ASILE\r\n  F - Acc\u00e8s aux soins\r\n  F - Accompagnement socio-administratif\r\n  F - Aide au retour\r\n  F - Allocation pour Demandeur d'Asile (ADA)\r\n  F - Domiciliation\r\n  F - \u00c9tat Civil\r\n  F - Formation\r\n  F - H\u00e9bergement\r\n  F - Octroi d'aides d'urgence\r\n  F - Ouverture de droits \u00e0 l'assurance maladie\r\n  F - Ouverture de droits \u00e0 l'AME\r\n  F - Ouverture d'un compte postal\r\n  F - Pr\u00e9paration \u00e0 un entretien \u00e0 l'OFPRA\r\n  F - Proc\u00e9dure de r\u00e9examen de la demande d'asile\r\n  F - Proc\u00e9dure Dublin\r\n  F - Rapprochement familial\r\n  F - Recours devant la CNDA\r\n  F - Scolarisation\r\n  F - Autres\r\n\r\n<\/pre>\n<p>[\/et_pb_toggle][\/et_pb_column][\/et_pb_row][et_pb_row custom_padding=\u00a0\u00bb25px|0px|18px|0px\u00a0\u00bb padding_mobile=\u00a0\u00bboff\u00a0\u00bb column_padding_mobile=\u00a0\u00bbon\u00a0\u00bb _builder_version=\u00a0\u00bb3.22.3&Prime; background_size=\u00a0\u00bbinitial\u00a0\u00bb background_position=\u00a0\u00bbtop_left\u00a0\u00bb background_repeat=\u00a0\u00bbrepeat\u00a0\u00bb make_fullwidth=\u00a0\u00bboff\u00a0\u00bb use_custom_width=\u00a0\u00bboff\u00a0\u00bb width_unit=\u00a0\u00bboff\u00a0\u00bb custom_width_px=\u00a0\u00bb1080px\u00a0\u00bb custom_width_percent=\u00a0\u00bb80%\u00a0\u00bb][et_pb_column type=\u00a0\u00bb1_4&Prime; _builder_version=\u00a0\u00bb3.0.47&Prime;][et_pb_image src=\u00a0\u00bbhttp:\/\/www.pappu.fr\/pappuwp\/wp-content\/uploads\/2017\/04\/pappu_logo.jpg\u00a0\u00bb url_new_window=\u00a0\u00bbon\u00a0\u00bb align=\u00a0\u00bbcenter\u00a0\u00bb align_tablet=\u00a0\u00bbcenter\u00a0\u00bb align_last_edited=\u00a0\u00bbon|desktop\u00a0\u00bb _builder_version=\u00a0\u00bb3.23&Prime; max_width=\u00a0\u00bb180px\u00a0\u00bb use_border_color=\u00a0\u00bboff\u00a0\u00bb border_color=\u00a0\u00bb#ffffff\u00a0\u00bb border_style=\u00a0\u00bbsolid\u00a0\u00bb animation=\u00a0\u00bboff\u00a0\u00bb sticky=\u00a0\u00bboff\u00a0\u00bb always_center_on_mobile=\u00a0\u00bbon\u00a0\u00bb]<\/p>\n<p>\n&nbsp;<\/p>\n<p>[\/et_pb_image][\/et_pb_column][et_pb_column type=\u00a0\u00bb3_4&Prime; _builder_version=\u00a0\u00bb3.0.47&Prime;][et_pb_toggle title=\u00a0\u00bbNouvelles nomenclatures sur les Titres de S\u00e9jour &#8211; 31 Octobre\u00a0\u00bb open_toggle_background_color=\u00a0\u00bbrgba(64,130,109,0.19)\u00a0\u00bb closed_toggle_background_color=\u00a0\u00bbrgba(64,130,109,0.19)\u00a0\u00bb _builder_version=\u00a0\u00bb3.0.87&Prime; title_font=\u00a0\u00bb|on|||\u00a0\u00bb title_font_size=\u00a0\u00bb14&Prime; background_size=\u00a0\u00bbinitial\u00a0\u00bb background_position=\u00a0\u00bbtop_left\u00a0\u00bb background_repeat=\u00a0\u00bbrepeat\u00a0\u00bb use_border_color=\u00a0\u00bboff\u00a0\u00bb border_color=\u00a0\u00bb#ffffff\u00a0\u00bb border_style=\u00a0\u00bbsolid\u00a0\u00bb]<\/p>\n<p>\nAvec les nouvelles cartes de s\u00e9jour pluriannuelles, nous avons fait \u00e9voluer la nomenclature des titres de s\u00e9jour disponibles. Cette mise \u00e0 jour est visible lors du choix du Statut dans l&rsquo;onglet Visites d&rsquo;un dossier.<\/p>\n<p>Pour info, voici la nouvelle liste des Statuts des personnes :<\/p>\n<pre>Carte d'identit\u00e9 fran\u00e7aise\r\nCarte d'identit\u00e9 d'un \u00e9tat membre de l'UE\r\n\r\nTITRE PROVISOIRE\r\n  Autres<\/pre>\n<pre>CARTES DE S\u00c9JOUR TEMPORAIRES (CST) OU VLSTS\r\n  CST vie priv\u00e9e et familiale\r\n  CST salari\u00e9s, temporaires et pro. lib\u00e9rales\r\n  CST \u00e9tudiants\r\n  CST visiteur\r\n  Carte mention travailleurs saisonniers\r\n  CST stagiaire\r\n  Autres cartes de s\u00e9jour\r\n\r\nCARTES DE S\u00c9JOUR PLURIANNUELLES\r\n  Carte pluri. vie priv\u00e9e et familiale\r\n  Carte pluri. salari\u00e9s et pro lib\u00e9rales\r\n  Carte pluri. \u00e9tudiant\r\n  Carte pluri. stagiaire ICT\r\n  Carte passeport talent\r\n\r\nCARTES DE S\u00c9JOUR DE 10 ANS\r\n  Carte de r\u00e9sident sans mention (hors r\u00e9fugi\u00e9)\r\n  Carte de s\u00e9jour - Citoyen europ\u00e9en\r\n  Carte de r\u00e9sident retrait\u00e9\r\n  Carte de r\u00e9sident r\u00e9fugi\u00e9\r\n  Carte r\u00e9sident longue dur\u00e9e UE\r\n  Carte de r\u00e9sident permanent\r\n\r\nCARTES DE S\u00c9JOUR CITOYEN UE\/EEE\/SUISSE D\u00c9LIVR\u00c9ES PAR L\u2019\u00c9TAT FRAN\u00c7AIS\r\n  Carte de s\u00e9jour - membre de famille citoyen UE (-5 ans)\r\n  Carte de s\u00e9jour permanent (10 ans)\r\n\r\nMINEURS \u00c9TRANGERS\r\n  ME accompagn\u00e9s\r\n  MIE avant \u00e9valuation\r\n  MIE confi\u00e9 \u00e0 l'ASE\r\n  ME confi\u00e9 \u00e0 un tiers par d\u00e9cision de justice (dont Kafala)\r\n  ME confi\u00e9 administrativement \u00e0 un tiers (art. L221-2-1 du casf)\r\n  MIE \u00e9valuation en cours\r\n\r\nAUTRES SITUATIONS\r\n  CST scientifique (ancienne CST)\r\n  Sous Visa\r\n  Sous R\u00e9c\u00e9piss\u00e9\r\n  Autorisation provisoire de s\u00e9jour (APS)\r\n  Convocation\r\n  Autres<\/pre>\n<p>[\/et_pb_toggle][\/et_pb_column][\/et_pb_row][et_pb_row custom_padding=\u00a0\u00bb25px|0px|18px|0px\u00a0\u00bb padding_mobile=\u00a0\u00bboff\u00a0\u00bb column_padding_mobile=\u00a0\u00bbon\u00a0\u00bb _builder_version=\u00a0\u00bb3.22.3&Prime; background_size=\u00a0\u00bbinitial\u00a0\u00bb background_position=\u00a0\u00bbtop_left\u00a0\u00bb background_repeat=\u00a0\u00bbrepeat\u00a0\u00bb make_fullwidth=\u00a0\u00bboff\u00a0\u00bb use_custom_width=\u00a0\u00bboff\u00a0\u00bb width_unit=\u00a0\u00bboff\u00a0\u00bb custom_width_px=\u00a0\u00bb1080px\u00a0\u00bb custom_width_percent=\u00a0\u00bb80%\u00a0\u00bb][et_pb_column type=\u00a0\u00bb1_4&Prime; _builder_version=\u00a0\u00bb3.0.47&Prime;][et_pb_image src=\u00a0\u00bbhttp:\/\/www.pappu.fr\/pappuwp\/wp-content\/uploads\/2017\/10\/logo-COPA-transp.png\u00a0\u00bb url=\u00a0\u00bbhttp:\/\/espace.asso.fr\/plaquette-var.pdf\u00a0\u00bb url_new_window=\u00a0\u00bbon\u00a0\u00bb align=\u00a0\u00bbcenter\u00a0\u00bb align_tablet=\u00a0\u00bbcenter\u00a0\u00bb align_last_edited=\u00a0\u00bbon|desktop\u00a0\u00bb _builder_version=\u00a0\u00bb3.23&Prime; max_width=\u00a0\u00bb180px\u00a0\u00bb use_border_color=\u00a0\u00bboff\u00a0\u00bb border_color=\u00a0\u00bb#ffffff\u00a0\u00bb border_style=\u00a0\u00bbsolid\u00a0\u00bb animation=\u00a0\u00bboff\u00a0\u00bb sticky=\u00a0\u00bboff\u00a0\u00bb always_center_on_mobile=\u00a0\u00bbon\u00a0\u00bb]<\/p>\n<p>\n&nbsp;<\/p>\n<p>[\/et_pb_image][\/et_pb_column][et_pb_column type=\u00a0\u00bb3_4&Prime; _builder_version=\u00a0\u00bb3.0.47&Prime;][et_pb_toggle title=\u00a0\u00bbR\u00e9union Toulon COPA 83 \u2013 17 Octobre\u00a0\u00bb open_toggle_background_color=\u00a0\u00bbrgba(64,130,109,0.19)\u00a0\u00bb closed_toggle_background_color=\u00a0\u00bbrgba(64,130,109,0.19)\u00a0\u00bb _builder_version=\u00a0\u00bb3.0.87&Prime; title_font=\u00a0\u00bb|on|||\u00a0\u00bb title_font_size=\u00a0\u00bb14&Prime; background_size=\u00a0\u00bbinitial\u00a0\u00bb background_position=\u00a0\u00bbtop_left\u00a0\u00bb background_repeat=\u00a0\u00bbrepeat\u00a0\u00bb use_border_color=\u00a0\u00bboff\u00a0\u00bb border_color=\u00a0\u00bb#ffffff\u00a0\u00bb border_style=\u00a0\u00bbsolid\u00a0\u00bb]<\/p>\n<p>\nR\u00e9unions de r\u00e9seau de la Coordination pour l\u2019orientation des Primo-Arrivants du Var et pr\u00e9sentation des derni\u00e8res actualit\u00e9s de PAPPU.<\/p>\n<p>[\/et_pb_toggle][\/et_pb_column][\/et_pb_row][et_pb_row custom_padding=\u00a0\u00bb25px|0px|18px|0px\u00a0\u00bb padding_mobile=\u00a0\u00bboff\u00a0\u00bb column_padding_mobile=\u00a0\u00bbon\u00a0\u00bb _builder_version=\u00a0\u00bb3.22.3&Prime; background_size=\u00a0\u00bbinitial\u00a0\u00bb background_position=\u00a0\u00bbtop_left\u00a0\u00bb background_repeat=\u00a0\u00bbrepeat\u00a0\u00bb make_fullwidth=\u00a0\u00bboff\u00a0\u00bb use_custom_width=\u00a0\u00bboff\u00a0\u00bb width_unit=\u00a0\u00bboff\u00a0\u00bb custom_width_px=\u00a0\u00bb1080px\u00a0\u00bb custom_width_percent=\u00a0\u00bb80%\u00a0\u00bb][et_pb_column type=\u00a0\u00bb1_4&Prime; _builder_version=\u00a0\u00bb3.0.47&Prime;][et_pb_image src=\u00a0\u00bbhttp:\/\/www.pappu.fr\/pappuwp\/wp-content\/uploads\/2017\/10\/logo_cimade.jpg\u00a0\u00bb url=\u00a0\u00bbhttp:\/\/www.lacimade.org\/\u00a0\u00bb url_new_window=\u00a0\u00bbon\u00a0\u00bb align=\u00a0\u00bbcenter\u00a0\u00bb align_tablet=\u00a0\u00bbcenter\u00a0\u00bb align_last_edited=\u00a0\u00bbon|desktop\u00a0\u00bb _builder_version=\u00a0\u00bb3.23&Prime; max_width=\u00a0\u00bb200px\u00a0\u00bb use_border_color=\u00a0\u00bboff\u00a0\u00bb border_color=\u00a0\u00bb#ffffff\u00a0\u00bb border_style=\u00a0\u00bbsolid\u00a0\u00bb animation=\u00a0\u00bboff\u00a0\u00bb sticky=\u00a0\u00bboff\u00a0\u00bb always_center_on_mobile=\u00a0\u00bbon\u00a0\u00bb]<\/p>\n<p>\n&nbsp;<\/p>\n<p>[\/et_pb_image][\/et_pb_column][et_pb_column type=\u00a0\u00bb3_4&Prime; _builder_version=\u00a0\u00bb3.0.47&Prime;][et_pb_toggle title=\u00a0\u00bbFormation Cimade Aix-en-Provence \u2013 5 Octobre\u00a0\u00bb open_toggle_background_color=\u00a0\u00bbrgba(64,130,109,0.19)\u00a0\u00bb closed_toggle_background_color=\u00a0\u00bbrgba(64,130,109,0.19)\u00a0\u00bb _builder_version=\u00a0\u00bb3.0.87&Prime; title_font=\u00a0\u00bb|on|||\u00a0\u00bb title_font_size=\u00a0\u00bb14&Prime; background_size=\u00a0\u00bbinitial\u00a0\u00bb background_position=\u00a0\u00bbtop_left\u00a0\u00bb background_repeat=\u00a0\u00bbrepeat\u00a0\u00bb use_border_color=\u00a0\u00bboff\u00a0\u00bb border_color=\u00a0\u00bb#ffffff\u00a0\u00bb border_style=\u00a0\u00bbsolid\u00a0\u00bb]<\/p>\n<p>\nFormation des b\u00e9n\u00e9voles de la CIMADE \u00e0 Aix-en-Provence.<\/p>\n<p>[\/et_pb_toggle][\/et_pb_column][\/et_pb_row][et_pb_row custom_padding=\u00a0\u00bb25px|0px|18px|0px\u00a0\u00bb padding_mobile=\u00a0\u00bboff\u00a0\u00bb column_padding_mobile=\u00a0\u00bbon\u00a0\u00bb _builder_version=\u00a0\u00bb3.22.3&Prime; background_size=\u00a0\u00bbinitial\u00a0\u00bb background_position=\u00a0\u00bbtop_left\u00a0\u00bb background_repeat=\u00a0\u00bbrepeat\u00a0\u00bb make_fullwidth=\u00a0\u00bboff\u00a0\u00bb use_custom_width=\u00a0\u00bboff\u00a0\u00bb width_unit=\u00a0\u00bboff\u00a0\u00bb custom_width_px=\u00a0\u00bb1080px\u00a0\u00bb custom_width_percent=\u00a0\u00bb80%\u00a0\u00bb][et_pb_column type=\u00a0\u00bb1_4&Prime; _builder_version=\u00a0\u00bb3.0.47&Prime;][et_pb_image src=\u00a0\u00bbhttp:\/\/www.pappu.fr\/pappuwp\/wp-content\/uploads\/2017\/10\/logo_pa.png\u00a0\u00bb url=\u00a0\u00bbhttp:\/\/espace.asso.fr\/paade.pdf\u00a0\u00bb url_new_window=\u00a0\u00bbon\u00a0\u00bb align=\u00a0\u00bbcenter\u00a0\u00bb align_tablet=\u00a0\u00bbcenter\u00a0\u00bb align_last_edited=\u00a0\u00bbon|desktop\u00a0\u00bb _builder_version=\u00a0\u00bb3.23&Prime; max_width=\u00a0\u00bb90px\u00a0\u00bb use_border_color=\u00a0\u00bboff\u00a0\u00bb border_color=\u00a0\u00bb#ffffff\u00a0\u00bb border_style=\u00a0\u00bbsolid\u00a0\u00bb animation=\u00a0\u00bboff\u00a0\u00bb sticky=\u00a0\u00bboff\u00a0\u00bb always_center_on_mobile=\u00a0\u00bbon\u00a0\u00bb]<\/p>\n<p>\n&nbsp;<\/p>\n<p>[\/et_pb_image][\/et_pb_column][et_pb_column type=\u00a0\u00bb3_4&Prime; _builder_version=\u00a0\u00bb3.0.47&Prime;][et_pb_toggle title=\u00a0\u00bbR\u00e9union Marseille PAADE \u2013 28 Septembre\u00a0\u00bb open_toggle_background_color=\u00a0\u00bbrgba(64,130,109,0.19)\u00a0\u00bb closed_toggle_background_color=\u00a0\u00bbrgba(64,130,109,0.19)\u00a0\u00bb _builder_version=\u00a0\u00bb3.0.87&Prime; title_font=\u00a0\u00bb|on|||\u00a0\u00bb title_font_size=\u00a0\u00bb14&Prime; background_size=\u00a0\u00bbinitial\u00a0\u00bb background_position=\u00a0\u00bbtop_left\u00a0\u00bb background_repeat=\u00a0\u00bbrepeat\u00a0\u00bb use_border_color=\u00a0\u00bboff\u00a0\u00bb border_color=\u00a0\u00bb#ffffff\u00a0\u00bb border_style=\u00a0\u00bbsolid\u00a0\u00bb]<\/p>\n<p>\nR\u00e9union du r\u00e9seau des Points d\u2019Appui et d\u2019Acc\u00e8s aux Droits des \u00c9trangers et pr\u00e9sentation des derni\u00e8res actualit\u00e9s de PAPPU.<\/p>\n<p>[\/et_pb_toggle][\/et_pb_column][\/et_pb_row][et_pb_row custom_padding=\u00a0\u00bb25px|0px|18px|0px\u00a0\u00bb padding_mobile=\u00a0\u00bboff\u00a0\u00bb column_padding_mobile=\u00a0\u00bbon\u00a0\u00bb _builder_version=\u00a0\u00bb3.22.3&Prime; background_size=\u00a0\u00bbinitial\u00a0\u00bb background_position=\u00a0\u00bbtop_left\u00a0\u00bb background_repeat=\u00a0\u00bbrepeat\u00a0\u00bb make_fullwidth=\u00a0\u00bboff\u00a0\u00bb use_custom_width=\u00a0\u00bboff\u00a0\u00bb width_unit=\u00a0\u00bboff\u00a0\u00bb custom_width_px=\u00a0\u00bb1080px\u00a0\u00bb custom_width_percent=\u00a0\u00bb80%\u00a0\u00bb][et_pb_column type=\u00a0\u00bb1_4&Prime; _builder_version=\u00a0\u00bb3.0.47&Prime;][et_pb_image src=\u00a0\u00bbhttp:\/\/www.pappu.fr\/pappuwp\/wp-content\/uploads\/2017\/10\/REGIONS_OCCITANIE.png\u00a0\u00bb url=\u00a0\u00bbhttps:\/\/www.cofrimi.com\/\u00a0\u00bb url_new_window=\u00a0\u00bbon\u00a0\u00bb align=\u00a0\u00bbcenter\u00a0\u00bb align_tablet=\u00a0\u00bbcenter\u00a0\u00bb align_last_edited=\u00a0\u00bbon|desktop\u00a0\u00bb _builder_version=\u00a0\u00bb3.23&Prime; max_width=\u00a0\u00bb120px\u00a0\u00bb use_border_color=\u00a0\u00bboff\u00a0\u00bb border_color=\u00a0\u00bb#ffffff\u00a0\u00bb border_style=\u00a0\u00bbsolid\u00a0\u00bb animation=\u00a0\u00bboff\u00a0\u00bb sticky=\u00a0\u00bboff\u00a0\u00bb always_center_on_mobile=\u00a0\u00bbon\u00a0\u00bb]<\/p>\n<p>\n&nbsp;<\/p>\n<p>[\/et_pb_image][\/et_pb_column][et_pb_column type=\u00a0\u00bb3_4&Prime; _builder_version=\u00a0\u00bb3.0.47&Prime;][et_pb_toggle title=\u00a0\u00bbPAPPU s\u2019exporte en OCCITANIE \u2013 25 et 26 Septembre\u00a0\u00bb open_toggle_background_color=\u00a0\u00bbrgba(64,130,109,0.19)\u00a0\u00bb closed_toggle_background_color=\u00a0\u00bbrgba(64,130,109,0.19)\u00a0\u00bb _builder_version=\u00a0\u00bb3.0.87&Prime; title_font=\u00a0\u00bb|on|||\u00a0\u00bb title_font_size=\u00a0\u00bb14&Prime; background_size=\u00a0\u00bbinitial\u00a0\u00bb background_position=\u00a0\u00bbtop_left\u00a0\u00bb background_repeat=\u00a0\u00bbrepeat\u00a0\u00bb use_border_color=\u00a0\u00bboff\u00a0\u00bb border_color=\u00a0\u00bb#ffffff\u00a0\u00bb border_style=\u00a0\u00bbsolid\u00a0\u00bb]<\/p>\n<p>\nLe 25 et 26 septembre dernier, ESPACE s\u2019est rendu dans la r\u00e9gion d\u2019Occitanie pour rencontrer la DRDJSCS et former de nouvelles structures travaillant dans l\u2019acc\u00e8s aux droits des \u00e9trangers.<\/p>\n<p>Le <a href=\"https:\/\/www.cofrimi.com\/\" target=\"_blank\" rel=\"noopener noreferrer\">COFRIMI<\/a>,\u00a0 jouera le r\u00f4le de t\u00eate de r\u00e9seau et accompagnera les utilisateurs de PAPPU en Occitanie.<\/p>\n<p>Liste des structures form\u00e9es : Association Diversit\u00e9s \/ CIDFF 12 \/ Avenir \/ L\u2019\u00c9cole et Nous \/ CIDFF 31 \/ REGAR \/ Portes Ouvertes \/ Ensemble \/ CIDFF 82 \/ Moissac Animation Jeunes<\/p>\n<p>[\/et_pb_toggle][\/et_pb_column][\/et_pb_row][et_pb_row custom_padding=\u00a0\u00bb25px|0px|18px|0px\u00a0\u00bb padding_mobile=\u00a0\u00bboff\u00a0\u00bb column_padding_mobile=\u00a0\u00bbon\u00a0\u00bb _builder_version=\u00a0\u00bb3.22.3&Prime; background_size=\u00a0\u00bbinitial\u00a0\u00bb background_position=\u00a0\u00bbtop_left\u00a0\u00bb background_repeat=\u00a0\u00bbrepeat\u00a0\u00bb make_fullwidth=\u00a0\u00bboff\u00a0\u00bb use_custom_width=\u00a0\u00bboff\u00a0\u00bb width_unit=\u00a0\u00bboff\u00a0\u00bb custom_width_px=\u00a0\u00bb1080px\u00a0\u00bb custom_width_percent=\u00a0\u00bb80%\u00a0\u00bb][et_pb_column type=\u00a0\u00bb1_4&Prime; _builder_version=\u00a0\u00bb3.0.47&Prime;][et_pb_image src=\u00a0\u00bbhttp:\/\/www.pappu.fr\/pappuwp\/wp-content\/uploads\/2017\/04\/pappu_logo.jpg\u00a0\u00bb url_new_window=\u00a0\u00bbon\u00a0\u00bb align=\u00a0\u00bbcenter\u00a0\u00bb align_tablet=\u00a0\u00bbcenter\u00a0\u00bb align_last_edited=\u00a0\u00bbon|desktop\u00a0\u00bb _builder_version=\u00a0\u00bb3.23&Prime; max_width=\u00a0\u00bb180px\u00a0\u00bb use_border_color=\u00a0\u00bboff\u00a0\u00bb border_color=\u00a0\u00bb#ffffff\u00a0\u00bb border_style=\u00a0\u00bbsolid\u00a0\u00bb animation=\u00a0\u00bboff\u00a0\u00bb sticky=\u00a0\u00bboff\u00a0\u00bb always_center_on_mobile=\u00a0\u00bbon\u00a0\u00bb]<\/p>\n<p>\n&nbsp;<\/p>\n<p>[\/et_pb_image][\/et_pb_column][et_pb_column type=\u00a0\u00bb3_4&Prime; _builder_version=\u00a0\u00bb3.0.47&Prime;][et_pb_toggle title=\u00a0\u00bbNouveaux d\u00e9veloppements PAPPU \u2013 Septembre 2017&Prime; open_toggle_background_color=\u00a0\u00bbrgba(64,130,109,0.19)\u00a0\u00bb closed_toggle_background_color=\u00a0\u00bbrgba(64,130,109,0.19)\u00a0\u00bb _builder_version=\u00a0\u00bb3.0.87&Prime; title_font=\u00a0\u00bb|on|||\u00a0\u00bb title_font_size=\u00a0\u00bb14&Prime; background_size=\u00a0\u00bbinitial\u00a0\u00bb background_position=\u00a0\u00bbtop_left\u00a0\u00bb background_repeat=\u00a0\u00bbrepeat\u00a0\u00bb use_border_color=\u00a0\u00bboff\u00a0\u00bb border_color=\u00a0\u00bb#ffffff\u00a0\u00bb border_style=\u00a0\u00bbsolid\u00a0\u00bb]<\/p>\n<p>\nListe des derniers d\u00e9veloppements de l\u2019application PAPPU :<\/p>\n<ul>\n<li>ajout de la date de modification et de la date de cr\u00e9ation dans la liste des dossiers<\/li>\n<li>retrait de statistiques de l\u2019application java. Les statistiques ne sont maintenant visualisables que depuis l\u2019interface administrateur de la structure sur www.pappu.fr<\/li>\n<li>retrait du choix PAPPU Solo du formulaire du site pour ne se concentrer que sur le d\u00e9veloppement de PAPPU R\u00e9seau.<\/li>\n<li>de nouvelles statistiques pour BOP int\u00e9gration : 1) Ayant b\u00e9n\u00e9fici\u00e9 d\u2019une ouverture effective de droits ; 2) Ayant b\u00e9n\u00e9fici\u00e9 d\u2019un parcours de soins de sant\u00e9 et\/ou psychologiques ; 3) Ayant b\u00e9n\u00e9fici\u00e9 de mesures d\u2019acc\u00e8s aux droits relatifs \u00e0 la sant\u00e9 ; 4) Ayant b\u00e9n\u00e9fici\u00e9 de conseils et d\u2019une assistance dans le domaine du logement<\/li>\n<li>modification de l\u2019intitul\u00e9 \u00ab\u00a0R\u00e9orient\u00e9 par\u00a0\u00bb pour \u00ab\u00a0Orient\u00e9 par\u00a0\u00bb<\/li>\n<li>mise \u00e0 jour des noms de villes et rajout des DOM TOM<\/li>\n<li>d\u00e9cocher par d\u00e9faut \u00ab\u00a0les miens\u00a0\u00bb dans la liste des dossiers<\/li>\n<\/ul>\n<p>&nbsp;<\/p>\n<p>[\/et_pb_toggle][\/et_pb_column][\/et_pb_row][et_pb_row custom_padding=\u00a0\u00bb25px|0px|18px|0px\u00a0\u00bb padding_mobile=\u00a0\u00bboff\u00a0\u00bb column_padding_mobile=\u00a0\u00bbon\u00a0\u00bb _builder_version=\u00a0\u00bb3.22.3&Prime; background_size=\u00a0\u00bbinitial\u00a0\u00bb background_position=\u00a0\u00bbtop_left\u00a0\u00bb background_repeat=\u00a0\u00bbrepeat\u00a0\u00bb make_fullwidth=\u00a0\u00bboff\u00a0\u00bb use_custom_width=\u00a0\u00bboff\u00a0\u00bb width_unit=\u00a0\u00bboff\u00a0\u00bb custom_width_px=\u00a0\u00bb1080px\u00a0\u00bb custom_width_percent=\u00a0\u00bb80%\u00a0\u00bb][et_pb_column type=\u00a0\u00bb1_4&Prime; _builder_version=\u00a0\u00bb3.0.47&Prime;][et_pb_image src=\u00a0\u00bbhttp:\/\/www.pappu.fr\/pappuwp\/wp-content\/uploads\/2017\/10\/Logo_Repertoire_BD.jpg\u00a0\u00bb url=\u00a0\u00bbhttp:\/\/accueil-etrangers.org\/\u00a0\u00bb url_new_window=\u00a0\u00bbon\u00a0\u00bb align=\u00a0\u00bbcenter\u00a0\u00bb align_tablet=\u00a0\u00bbcenter\u00a0\u00bb align_last_edited=\u00a0\u00bbon|desktop\u00a0\u00bb _builder_version=\u00a0\u00bb3.23&Prime; max_width=\u00a0\u00bb180px\u00a0\u00bb use_border_color=\u00a0\u00bboff\u00a0\u00bb border_color=\u00a0\u00bb#ffffff\u00a0\u00bb border_style=\u00a0\u00bbsolid\u00a0\u00bb animation=\u00a0\u00bboff\u00a0\u00bb sticky=\u00a0\u00bboff\u00a0\u00bb always_center_on_mobile=\u00a0\u00bbon\u00a0\u00bb]<\/p>\n<p>\n&nbsp;<\/p>\n<p>[\/et_pb_image][\/et_pb_column][et_pb_column type=\u00a0\u00bb3_4&Prime; _builder_version=\u00a0\u00bb3.0.47&Prime;][et_pb_toggle title=\u00a0\u00bbNouveaux d\u00e9veloppements R\u00e9pertoire \u2013 Septembre 2017&Prime; open_toggle_background_color=\u00a0\u00bbrgba(64,130,109,0.19)\u00a0\u00bb closed_toggle_background_color=\u00a0\u00bbrgba(64,130,109,0.19)\u00a0\u00bb _builder_version=\u00a0\u00bb3.0.87&Prime; title_font=\u00a0\u00bb|on|||\u00a0\u00bb title_font_size=\u00a0\u00bb14&Prime; background_size=\u00a0\u00bbinitial\u00a0\u00bb background_position=\u00a0\u00bbtop_left\u00a0\u00bb background_repeat=\u00a0\u00bbrepeat\u00a0\u00bb use_border_color=\u00a0\u00bboff\u00a0\u00bb border_color=\u00a0\u00bb#ffffff\u00a0\u00bb border_style=\u00a0\u00bbsolid\u00a0\u00bb]<\/p>\n<p>\nListe des derniers d\u00e9veloppements pour le R\u00e9pertoire d&rsquo;acc\u00e8s aux droits des \u00e9trangers et \u00e0 la langue fran\u00e7aise :<\/p>\n<ul>\n<li>ajout des limites des arrondissements de Marseille pour une meilleure lisibilit\u00e9<\/li>\n<li>diff\u00e9renciation par couleur des marqueurs et des arrondissements \u00e0 Marseille.<\/li>\n<li>ajout du plan lors du passage en mode impression<\/li>\n<li>modification de la vue et des donn\u00e9es pr\u00e9sent\u00e9es pour la partie d&rsquo;acc\u00e8s \u00e0 la langue<\/li>\n<\/ul>\n<p>[\/et_pb_toggle][\/et_pb_column][\/et_pb_row][et_pb_row custom_padding=\u00a0\u00bb25px|0px|18px|0px\u00a0\u00bb padding_mobile=\u00a0\u00bboff\u00a0\u00bb column_padding_mobile=\u00a0\u00bbon\u00a0\u00bb _builder_version=\u00a0\u00bb3.22.3&Prime; background_size=\u00a0\u00bbinitial\u00a0\u00bb background_position=\u00a0\u00bbtop_left\u00a0\u00bb background_repeat=\u00a0\u00bbrepeat\u00a0\u00bb make_fullwidth=\u00a0\u00bboff\u00a0\u00bb use_custom_width=\u00a0\u00bboff\u00a0\u00bb width_unit=\u00a0\u00bboff\u00a0\u00bb custom_width_px=\u00a0\u00bb1080px\u00a0\u00bb custom_width_percent=\u00a0\u00bb80%\u00a0\u00bb][et_pb_column type=\u00a0\u00bb1_4&Prime; _builder_version=\u00a0\u00bb3.0.47&Prime;][et_pb_image src=\u00a0\u00bbhttp:\/\/www.pappu.fr\/pappuwp\/wp-content\/uploads\/2017\/04\/pappu_logo.jpg\u00a0\u00bb url_new_window=\u00a0\u00bbon\u00a0\u00bb align=\u00a0\u00bbcenter\u00a0\u00bb align_tablet=\u00a0\u00bbcenter\u00a0\u00bb align_last_edited=\u00a0\u00bbon|desktop\u00a0\u00bb _builder_version=\u00a0\u00bb3.23&Prime; max_width=\u00a0\u00bb180px\u00a0\u00bb use_border_color=\u00a0\u00bboff\u00a0\u00bb border_color=\u00a0\u00bb#ffffff\u00a0\u00bb border_style=\u00a0\u00bbsolid\u00a0\u00bb animation=\u00a0\u00bboff\u00a0\u00bb sticky=\u00a0\u00bboff\u00a0\u00bb always_center_on_mobile=\u00a0\u00bbon\u00a0\u00bb]<\/p>\n<p>\n&nbsp;<\/p>\n<p>[\/et_pb_image][\/et_pb_column][et_pb_column type=\u00a0\u00bb3_4&Prime; _builder_version=\u00a0\u00bb3.0.47&Prime;][et_pb_toggle title=\u00a0\u00bbNouvelles nomenclatures PAPPU \u2013 Juillet 2017&Prime; open_toggle_background_color=\u00a0\u00bbrgba(64,130,109,0.19)\u00a0\u00bb closed_toggle_background_color=\u00a0\u00bbrgba(64,130,109,0.19)\u00a0\u00bb _builder_version=\u00a0\u00bb3.0.87&Prime; title_font=\u00a0\u00bb|on|||\u00a0\u00bb title_font_size=\u00a0\u00bb14&Prime; background_size=\u00a0\u00bbinitial\u00a0\u00bb background_position=\u00a0\u00bbtop_left\u00a0\u00bb background_repeat=\u00a0\u00bbrepeat\u00a0\u00bb use_border_color=\u00a0\u00bboff\u00a0\u00bb border_color=\u00a0\u00bb#ffffff\u00a0\u00bb border_style=\u00a0\u00bbsolid\u00a0\u00bb]<\/p>\n<p>\n\u00c9volution de certaines nomenclatures sous PAPPU :<\/p>\n<ol>\n<li>D\u00e9veloppement de la th\u00e9matique Droit d&rsquo;Asile dans les Sujets Abord\u00e9s<\/li>\n<li>Structuration de la th\u00e9matique Droit International Priv\u00e9 en 2 entit\u00e9s : DIP Droit de la famille et DIP Statut individuel<\/li>\n<li>Rajout de nombreuses structures dans les champs d&rsquo;orientation (Plateforme Asile, OFPRA, Point d&rsquo;acc\u00e8s aux droits des \u00e9trangers, Structures d&rsquo;apprentissages de la langue fran\u00e7aise, SOS Femmes, AVAD, Association Caritative, Universit\u00e9s, PMI, ADDAP, D\u00e9fenseur des droits<\/li>\n<li>Simplification des noms des pays<\/li>\n<\/ol>\n<p>&nbsp;<\/p>\n<p>[\/et_pb_toggle][\/et_pb_column][\/et_pb_row][et_pb_row custom_padding=\u00a0\u00bb25px|0px|18px|0px\u00a0\u00bb padding_mobile=\u00a0\u00bboff\u00a0\u00bb column_padding_mobile=\u00a0\u00bbon\u00a0\u00bb _builder_version=\u00a0\u00bb3.22.3&Prime; background_size=\u00a0\u00bbinitial\u00a0\u00bb background_position=\u00a0\u00bbtop_left\u00a0\u00bb background_repeat=\u00a0\u00bbrepeat\u00a0\u00bb make_fullwidth=\u00a0\u00bboff\u00a0\u00bb use_custom_width=\u00a0\u00bboff\u00a0\u00bb width_unit=\u00a0\u00bboff\u00a0\u00bb custom_width_px=\u00a0\u00bb1080px\u00a0\u00bb custom_width_percent=\u00a0\u00bb80%\u00a0\u00bb][et_pb_column type=\u00a0\u00bb1_4&Prime; _builder_version=\u00a0\u00bb3.0.47&Prime;][et_pb_image src=\u00a0\u00bbhttp:\/\/www.pappu.fr\/pappuwp\/wp-content\/uploads\/2016\/12\/bulles_3_transparent.png\u00a0\u00bb url=\u00a0\u00bbhttp:\/\/www.pappu.fr\u00a0\u00bb url_new_window=\u00a0\u00bbon\u00a0\u00bb align=\u00a0\u00bbcenter\u00a0\u00bb align_tablet=\u00a0\u00bbcenter\u00a0\u00bb align_last_edited=\u00a0\u00bbon|desktop\u00a0\u00bb _builder_version=\u00a0\u00bb3.23&Prime; max_width=\u00a0\u00bb175px\u00a0\u00bb use_border_color=\u00a0\u00bboff\u00a0\u00bb border_color=\u00a0\u00bb#ffffff\u00a0\u00bb border_style=\u00a0\u00bbsolid\u00a0\u00bb animation=\u00a0\u00bboff\u00a0\u00bb sticky=\u00a0\u00bboff\u00a0\u00bb always_center_on_mobile=\u00a0\u00bbon\u00a0\u00bb]<\/p>\n<p>\n&nbsp;<\/p>\n<p>[\/et_pb_image][\/et_pb_column][et_pb_column type=\u00a0\u00bb3_4&Prime; _builder_version=\u00a0\u00bb3.0.47&Prime;][et_pb_toggle title=\u00a0\u00bbNouveau site internet PAPPU &#8211; Juin 2017&Prime; open_toggle_background_color=\u00a0\u00bbrgba(64,130,109,0.19)\u00a0\u00bb closed_toggle_background_color=\u00a0\u00bbrgba(64,130,109,0.19)\u00a0\u00bb _builder_version=\u00a0\u00bb3.0.87&Prime; title_font=\u00a0\u00bb|on|||\u00a0\u00bb title_font_size=\u00a0\u00bb14&Prime; background_size=\u00a0\u00bbinitial\u00a0\u00bb background_position=\u00a0\u00bbtop_left\u00a0\u00bb background_repeat=\u00a0\u00bbrepeat\u00a0\u00bb use_border_color=\u00a0\u00bboff\u00a0\u00bb border_color=\u00a0\u00bb#ffffff\u00a0\u00bb border_style=\u00a0\u00bbsolid\u00a0\u00bb]<\/p>\n<p>\nLe nouveau site internet de PAPPU est en ligne. Refonte compl\u00e8te de l&rsquo;ancien site qui \u00e9tait sous SPIP avec la mise en place de nombreuses informations suppl\u00e9mentaires. Pour plus d&rsquo;infos : <a href=\"http:\/\/www.pappu.fr\" target=\"_blank\" rel=\"noopener noreferrer\">www.pappu.fr<\/a>.<\/p>\n<p>&nbsp;<\/p>\n<p>[\/et_pb_toggle][\/et_pb_column][\/et_pb_row][et_pb_row custom_padding=\u00a0\u00bb25px|0px|18px|0px\u00a0\u00bb padding_mobile=\u00a0\u00bboff\u00a0\u00bb column_padding_mobile=\u00a0\u00bbon\u00a0\u00bb _builder_version=\u00a0\u00bb3.22.3&Prime; background_size=\u00a0\u00bbinitial\u00a0\u00bb background_position=\u00a0\u00bbtop_left\u00a0\u00bb background_repeat=\u00a0\u00bbrepeat\u00a0\u00bb make_fullwidth=\u00a0\u00bboff\u00a0\u00bb use_custom_width=\u00a0\u00bboff\u00a0\u00bb width_unit=\u00a0\u00bboff\u00a0\u00bb custom_width_px=\u00a0\u00bb1080px\u00a0\u00bb custom_width_percent=\u00a0\u00bb80%\u00a0\u00bb][et_pb_column type=\u00a0\u00bb1_4&Prime; _builder_version=\u00a0\u00bb3.0.47&Prime;][et_pb_image src=\u00a0\u00bbhttp:\/\/www.pappu.fr\/pappuwp\/wp-content\/uploads\/2017\/10\/Logo-DGEF.jpg\u00a0\u00bb url=\u00a0\u00bbhttps:\/\/www.immigration.interieur.gouv.fr\/\u00a0\u00bb url_new_window=\u00a0\u00bbon\u00a0\u00bb align=\u00a0\u00bbcenter\u00a0\u00bb align_tablet=\u00a0\u00bbcenter\u00a0\u00bb align_last_edited=\u00a0\u00bbon|desktop\u00a0\u00bb _builder_version=\u00a0\u00bb3.23&Prime; max_width=\u00a0\u00bb100px\u00a0\u00bb use_border_color=\u00a0\u00bboff\u00a0\u00bb border_color=\u00a0\u00bb#ffffff\u00a0\u00bb border_style=\u00a0\u00bbsolid\u00a0\u00bb animation=\u00a0\u00bboff\u00a0\u00bb sticky=\u00a0\u00bboff\u00a0\u00bb always_center_on_mobile=\u00a0\u00bbon\u00a0\u00bb]<\/p>\n<p>\n&nbsp;<\/p>\n<p>[\/et_pb_image][\/et_pb_column][et_pb_column type=\u00a0\u00bb3_4&Prime; _builder_version=\u00a0\u00bb3.0.47&Prime;][et_pb_toggle title=\u00a0\u00bbPAPPU dans la newsletter de la DGEF &#8211; Mai 2017&Prime; open_toggle_background_color=\u00a0\u00bbrgba(64,130,109,0.19)\u00a0\u00bb closed_toggle_background_color=\u00a0\u00bbrgba(64,130,109,0.19)\u00a0\u00bb _builder_version=\u00a0\u00bb3.0.87&Prime; title_font=\u00a0\u00bb|on|||\u00a0\u00bb title_font_size=\u00a0\u00bb14&Prime; background_size=\u00a0\u00bbinitial\u00a0\u00bb background_position=\u00a0\u00bbtop_left\u00a0\u00bb background_repeat=\u00a0\u00bbrepeat\u00a0\u00bb use_border_color=\u00a0\u00bboff\u00a0\u00bb border_color=\u00a0\u00bb#ffffff\u00a0\u00bb border_style=\u00a0\u00bbsolid\u00a0\u00bb]<\/p>\n<p>\nPetit point sur l&rsquo;outil PAPPU dans le num\u00e9ro 44 de la cyberlettre de la DGEF.<\/p>\n<p>Pour consulter l&rsquo;article : <a href=\"http:\/\/www.pappu.fr\/pappuwp\/wp-content\/files\/PAPPU_Cyberlettre_DGEF.pdf\" target=\"_blank\" rel=\"noopener noreferrer\">PAPPU &#8211; Le logiciel innovant de gestion de l&rsquo;accueil des \u00e9trangers<\/a><\/p>\n<p>&nbsp;<\/p>\n<p>[\/et_pb_toggle][\/et_pb_column][\/et_pb_row][\/et_pb_section]<\/p>\n","protected":false},"excerpt":{"rendered":"<p>Actualit\u00e9s &nbsp; Pour rappel, le gros chantier de cette seconde partie d&rsquo;ann\u00e9e est d&rsquo;adapter le logiciel PAPPU a une utilisation via un navigateur web et ce dans le but d&rsquo;am\u00e9liorer l&rsquo;utilisation, l&rsquo;ergonomie et la prise en main du logiciel. Cela permettra aussi de s\u2019affranchir de la phase d\u2019installation &lsquo;en dure&rsquo; sur l&rsquo;ordinateur permettant ainsi d&rsquo;\u00e9viter [&hellip;]<\/p>\n","protected":false},"author":1,"featured_media":0,"parent":0,"menu_order":0,"comment_status":"closed","ping_status":"closed","template":"","meta":{"_et_pb_use_builder":"on","_et_pb_old_content":"","_et_gb_content_width":"","footnotes":""},"class_list":["post-623","page","type-page","status-publish","hentry"],"_links":{"self":[{"href":"https:\/\/www.pappu.fr\/pappuwp\/wp-json\/wp\/v2\/pages\/623","targetHints":{"allow":["GET"]}}],"collection":[{"href":"https:\/\/www.pappu.fr\/pappuwp\/wp-json\/wp\/v2\/pages"}],"about":[{"href":"https:\/\/www.pappu.fr\/pappuwp\/wp-json\/wp\/v2\/types\/page"}],"author":[{"embeddable":true,"href":"https:\/\/www.pappu.fr\/pappuwp\/wp-json\/wp\/v2\/users\/1"}],"replies":[{"embeddable":true,"href":"https:\/\/www.pappu.fr\/pappuwp\/wp-json\/wp\/v2\/comments?post=623"}],"version-history":[{"count":192,"href":"https:\/\/www.pappu.fr\/pappuwp\/wp-json\/wp\/v2\/pages\/623\/revisions"}],"predecessor-version":[{"id":1113,"href":"https:\/\/www.pappu.fr\/pappuwp\/wp-json\/wp\/v2\/pages\/623\/revisions\/1113"}],"wp:attachment":[{"href":"https:\/\/www.pappu.fr\/pappuwp\/wp-json\/wp\/v2\/media?parent=623"}],"curies":[{"name":"wp","href":"https:\/\/api.w.org\/{rel}","templated":true}]}}